{"id":6062,"date":"2016-06-23T13:21:47","date_gmt":"2016-06-23T12:21:47","guid":{"rendered":"https:\/\/www.accord-langues.com\/accord-dates-and-prices\/"},"modified":"2025-09-11T12:56:45","modified_gmt":"2025-09-11T11:56:45","slug":"datas-e-precos-da-accord","status":"publish","type":"page","link":"https:\/\/www.accord-langues.com\/pt-br\/datas-e-precos-da-accord\/","title":{"rendered":"Datas e pre\u00e7os da ACCORD"},"content":{"rendered":"<div class=\"wpb-content-wrapper\"><p>[vc_row full_width=&#8221;stretch_row&#8221; content_placement=&#8221;middle&#8221; css=&#8221;.vc_custom_1509009556865{background-image: url(https:\/\/www.accord-langues.com\/wp-content\/uploads\/2016\/10\/adult-course.jpg?id=348) !important;background-position: center !important;background-repeat: no-repeat !important;background-size: cover !important;}&#8221; el_class=&#8221;header-image&#8221;][vc_column width=&#8221;2\/3&#8243; offset=&#8221;vc_col-sm-offset-2&#8243;][vc_column_text]<\/p>\n<h1><strong>Datas e pre\u00e7os da ACCORD<\/strong><\/h1>\n<p><strong>Estude e aprenda franc\u00eas na ACCORD em Fran\u00e7a<\/strong>[\/vc_column_text][\/vc_column][\/vc_row][vc_row][vc_column][vc_column_text]<\/p>\n<h3><span style=\"color: #ff6600;\">Baixe um documento \/ Download<\/span><\/h3>\n<p>Para fazer o download das datas e pre\u00e7os, clique no documento que deseja consultar.[\/vc_column_text][vc_separator][\/vc_column][\/vc_row][vc_row full_width=&#8221;stretch_row&#8221; css=&#8221;.vc_custom_1524563317594{padding-bottom: 40px !important;}&#8221;][vc_column][vc_row_inner][vc_column_inner][vc_column_text css=&#8221;&#8221;]<\/p>\n<h3>ACCORD Paris<\/h3>\n<p><strong>Estude e <a href=\"https:\/\/www.accord-langues.com\/pt-br\/cursos-de-frances-na-accord-paris-em-francia\/\" target=\"_blank\" rel=\"noopener\">aprenda franc\u00eas na ACCORD em Fran\u00e7a<\/a><\/strong><\/p>\n<p><a href=\"https:\/\/www.accord-langues.com\/wp-content\/uploads\/2024\/08\/ACCORD-Paris-2025-Dates-Prices.pdf\" target=\"_blank\" rel=\"noopener\"><strong>Datas e Pre\u00e7os e Alojamento 2025<\/strong><\/a> (documento em ingl\u00eas)<br \/>\n<a href=\"https:\/\/www.accord-langues.com\/wp-content\/uploads\/2024\/08\/Booking-Form-2025.pdf\" target=\"_blank\" rel=\"noopener\"><strong>Formul\u00e1rio de inscri\u00e7\u00e3o 2025<\/strong><\/a> (documento em ingl\u00eas)<\/p>\n<p><a href=\"https:\/\/www.accord-langues.com\/wp-content\/uploads\/2025\/07\/2026-Dates-Prices-v.2.pdf\" target=\"_blank\" rel=\"noopener\"><strong>Datas e Pre\u00e7os e Alojamento 2026<\/strong><\/a>\u00a0(documento em ingl\u00eas)<br \/>\n<a href=\"https:\/\/www.accord-langues.com\/wp-content\/uploads\/2025\/06\/2026-Booking-Form.pdf\" target=\"_blank\" rel=\"noopener\"><strong>Formul\u00e1rio de inscri\u00e7\u00e3o 2026<\/strong><\/a>\u00a0(documento em ingl\u00eas)<\/p>\n<div id='gallery-1' class='gallery galleryid-6062 gallery-columns-1 gallery-size-large'><figure class='gallery-item'>\n\t\t\t<div class='gallery-icon landscape'>\n\t\t\t\t<a href='https:\/\/www.accord-langues.com\/wp-content\/uploads\/2023\/03\/ACCORD-Tour-Eiffel-29-1.jpg'><img decoding=\"async\" width=\"640\" height=\"427\" src=\"https:\/\/www.accord-langues.com\/wp-content\/uploads\/2023\/03\/ACCORD-Tour-Eiffel-29-1-1024x683.jpg\" class=\"attachment-large size-large\" alt=\"Estude e aprenda franc\u00eas na ACCORD em Fran\u00e7a\" srcset=\"https:\/\/www.accord-langues.com\/wp-content\/uploads\/2023\/03\/ACCORD-Tour-Eiffel-29-1-1024x683.jpg 1024w, https:\/\/www.accord-langues.com\/wp-content\/uploads\/2023\/03\/ACCORD-Tour-Eiffel-29-1-300x200.jpg 300w, https:\/\/www.accord-langues.com\/wp-content\/uploads\/2023\/03\/ACCORD-Tour-Eiffel-29-1-768x512.jpg 768w, https:\/\/www.accord-langues.com\/wp-content\/uploads\/2023\/03\/ACCORD-Tour-Eiffel-29-1-1536x1024.jpg 1536w, https:\/\/www.accord-langues.com\/wp-content\/uploads\/2023\/03\/ACCORD-Tour-Eiffel-29-1.jpg 1600w\" sizes=\"(max-width: 640px) 100vw, 640px\" title=\"Estude e aprenda franc\u00eas na ACCORD em Fran\u00e7a\" \/><\/a>\n\t\t\t<\/div><\/figure>\n\t\t<\/div>\n\n<p>[\/vc_column_text][\/vc_column_inner][\/vc_row_inner][vc_separator][vc_row_inner][vc_column_inner][vc_column_text css=&#8221;&#8221;]<\/p>\n<h3><a href=\"https:\/\/www.accord-iss.com\/\" target=\"_blank\" rel=\"noopener noreferrer\">PSG Academy UK summer camps<\/a><\/h3>\n<p><strong>Download:<\/strong><\/p>\n<p><strong><a href=\"https:\/\/www.paris-move.com\/wp-content\/uploads\/2025\/09\/RESIDENTIAL-SOCCER-CAMP-2026.pdf\" target=\"_blank\" rel=\"noopener\">Brochure of the PSG Academy UK summer camps<\/a><\/strong><\/p>\n<p><strong><a href=\"https:\/\/www.paris-move.com\/wp-content\/uploads\/2025\/09\/RESIDENTIAL-SOCCER-CAMP-2026.pdf\" target=\"_blank\" rel=\"noopener\">2026 Dates &amp; Prices of the RHS<\/a>\u00a0(Royal Hospital School) summer camp<\/strong><\/p>\n<p><strong><a href=\"https:\/\/www.paris-move.com\/wp-content\/uploads\/2025\/09\/Rossall-Dates-Prices-Summer-2026.pdf.pdf\" target=\"_blank\" rel=\"noopener\">2026 Dates &amp; Prices of the Rossall summer camp<\/a><\/strong><\/p>\n<p>Contact:\u00a0<a class=\"oxMbJNUmKXxmzAnSYiWfNzvRkeFXMmwFzFDU \" tabindex=\"0\" href=\"mailto:info@psgacademyuk.com\" target=\"_self\" data-test-app-aware-link=\"\">info@psgacademyuk.com<\/a><\/p>\n<p><strong><a href=\"https:\/\/www.psgacademyuk.com\/\" target=\"_blank\" rel=\"noopener\">Website<\/a><\/strong><\/p>\n<div id='gallery-2' class='gallery galleryid-6062 gallery-columns-1 gallery-size-large'><figure class='gallery-item'>\n\t\t\t<div class='gallery-icon landscape'>\n\t\t\t\t<a href='https:\/\/www.accord-langues.com\/wp-content\/uploads\/2022\/12\/IMG_6014-001.jpg'><img decoding=\"async\" width=\"640\" height=\"361\" src=\"https:\/\/www.accord-langues.com\/wp-content\/uploads\/2022\/12\/IMG_6014-001-1024x577.jpg\" class=\"attachment-large size-large\" alt=\"ACCORD ISS - PSG Academy England\" srcset=\"https:\/\/www.accord-langues.com\/wp-content\/uploads\/2022\/12\/IMG_6014-001-1024x577.jpg 1024w, https:\/\/www.accord-langues.com\/wp-content\/uploads\/2022\/12\/IMG_6014-001-300x169.jpg 300w, https:\/\/www.accord-langues.com\/wp-content\/uploads\/2022\/12\/IMG_6014-001-768x433.jpg 768w, https:\/\/www.accord-langues.com\/wp-content\/uploads\/2022\/12\/IMG_6014-001.jpg 1200w\" sizes=\"(max-width: 640px) 100vw, 640px\" title=\"ACCORD ISS - PSG Academy England\" \/><\/a>\n\t\t\t<\/div><\/figure>\n\t\t<\/div>\n\n<p>[\/vc_column_text][\/vc_column_inner][\/vc_row_inner][vc_separator][\/vc_column][\/vc_row][vc_row full_width=&#8221;stretch_row&#8221; css=&#8221;.vc_custom_1471605768894{padding-top: 20px !important;background-color: #f0f0f0 !important;}&#8221; el_id=&#8221;homepage-boxes&#8221;][vc_column][\/vc_column][\/vc_row]<\/p>\n<\/div>","protected":false},"excerpt":{"rendered":"<p>[vc_row full_width=&#8221;stretch_row&#8221; content_placement=&#8221;middle&#8221; css=&#8221;.vc_custom_1509009556865{background-image: url(https:\/\/www.accord-langues.com\/wp-content\/uploads\/2016\/10\/adult-course.jpg?id=348) !important;background-position: center !important;background-repeat: no-repeat !important;background-size: cover !important;}&#8221; el_class=&#8221;header-image&#8221;][vc_column width=&#8221;2\/3&#8243; offset=&#8221;vc_col-sm-offset-2&#8243;][vc_column_text] Datas e pre\u00e7os da ACCORD Estude e aprenda franc\u00eas na ACCORD em Fran\u00e7a[\/vc_column_text][\/vc_column][\/vc_row][vc_row][vc_column][vc_column_text] Baixe um documento \/ Download Para fazer o download das datas e pre\u00e7os, clique no documento que deseja consultar.[\/vc_column_text][vc_separator][\/vc_column][\/vc_row][vc_row full_width=&#8221;stretch_row&#8221; css=&#8221;.vc_custom_1524563317594{padding-bottom: 40px !important;}&#8221;][vc_column][vc_row_inner][vc_column_inner][vc_column_text css=&#8221;&#8221;] ACCORD Paris Estude [&hellip;]<\/p>\n","protected":false},"author":10,"featured_media":0,"parent":0,"menu_order":0,"comment_status":"closed","ping_status":"closed","template":"","meta":{"_acf_changed":false,"footnotes":""},"class_list":["post-6062","page","type-page","status-publish","hentry"],"acf":[],"yoast_head":"<!-- This site is optimized with the Yoast SEO Premium plugin v27.5 (Yoast SEO v27.5) - https:\/\/yoast.com\/product\/yoast-seo-premium-wordpress\/ -->\n<title>Datas e pre\u00e7os da ACCORD Paris - Cursos de franc\u00eas na Fran\u00e7a<\/title>\n<meta name=\"description\" content=\"Todas as datas e pre\u00e7os da ACCORD escola de franc\u00eas em Paris e programas para adolescentes na ACCORD ISS e PSG football-soccer summer camps.\" \/>\n<meta name=\"robots\" content=\"index, follow, max-snippet:-1, max-image-preview:large, max-video-preview:-1\" \/>\n<link rel=\"canonical\" href=\"https:\/\/www.accord-langues.com\/pt-br\/datas-e-precos-da-accord\/\" \/>\n<meta property=\"og:locale\" content=\"pt_BR\" \/>\n<meta property=\"og:type\" content=\"article\" \/>\n<meta property=\"og:title\" content=\"Datas e pre\u00e7os da ACCORD\" \/>\n<meta property=\"og:description\" content=\"Todas as datas e pre\u00e7os da ACCORD escola de franc\u00eas em Paris e programas para adolescentes na ACCORD ISS e PSG football-soccer summer camps.\" \/>\n<meta property=\"og:url\" content=\"https:\/\/www.accord-langues.com\/pt-br\/datas-e-precos-da-accord\/\" \/>\n<meta property=\"og:site_name\" content=\"Accord Paris\" \/>\n<meta property=\"article:publisher\" content=\"https:\/\/www.facebook.com\/accordecoledelangues\" \/>\n<meta property=\"article:modified_time\" content=\"2025-09-11T11:56:45+00:00\" \/>\n<meta property=\"og:image\" content=\"https:\/\/www.accord-langues.com\/wp-content\/uploads\/2024\/02\/ACCORD-French-Language-School-in-Paris-low-res.jpg\" \/>\n\t<meta property=\"og:image:width\" content=\"1200\" \/>\n\t<meta property=\"og:image:height\" content=\"867\" \/>\n\t<meta property=\"og:image:type\" content=\"image\/jpeg\" \/>\n<meta name=\"twitter:card\" content=\"summary_large_image\" \/>\n<meta name=\"twitter:label1\" content=\"Est. tempo de leitura\" \/>\n\t<meta name=\"twitter:data1\" content=\"1 minuto\" \/>\n<script type=\"application\/ld+json\" class=\"yoast-schema-graph\">{\"@context\":\"https:\\\/\\\/schema.org\",\"@graph\":[{\"@type\":\"WebPage\",\"@id\":\"https:\\\/\\\/www.accord-langues.com\\\/pt-br\\\/datas-e-precos-da-accord\\\/\",\"url\":\"https:\\\/\\\/www.accord-langues.com\\\/pt-br\\\/datas-e-precos-da-accord\\\/\",\"name\":\"Datas e pre\u00e7os da ACCORD Paris - Cursos de franc\u00eas na Fran\u00e7a\",\"isPartOf\":{\"@id\":\"https:\\\/\\\/www.accord-langues.com\\\/pt-br\\\/#website\"},\"datePublished\":\"2016-06-23T12:21:47+00:00\",\"dateModified\":\"2025-09-11T11:56:45+00:00\",\"description\":\"Todas as datas e pre\u00e7os da ACCORD escola de franc\u00eas em Paris e programas para adolescentes na ACCORD ISS e PSG football-soccer summer camps.\",\"inLanguage\":\"pt-BR\",\"potentialAction\":[{\"@type\":\"ReadAction\",\"target\":[\"https:\\\/\\\/www.accord-langues.com\\\/pt-br\\\/datas-e-precos-da-accord\\\/\"]}]},{\"@type\":\"WebSite\",\"@id\":\"https:\\\/\\\/www.accord-langues.com\\\/pt-br\\\/#website\",\"url\":\"https:\\\/\\\/www.accord-langues.com\\\/pt-br\\\/\",\"name\":\"Accord Paris\",\"description\":\"Learn French in France\",\"publisher\":{\"@id\":\"https:\\\/\\\/www.accord-langues.com\\\/pt-br\\\/#organization\"},\"potentialAction\":[{\"@type\":\"SearchAction\",\"target\":{\"@type\":\"EntryPoint\",\"urlTemplate\":\"https:\\\/\\\/www.accord-langues.com\\\/pt-br\\\/?s={search_term_string}\"},\"query-input\":{\"@type\":\"PropertyValueSpecification\",\"valueRequired\":true,\"valueName\":\"search_term_string\"}}],\"inLanguage\":\"pt-BR\"},{\"@type\":\"Organization\",\"@id\":\"https:\\\/\\\/www.accord-langues.com\\\/pt-br\\\/#organization\",\"name\":\"ACCORD Tour Eiffel\",\"alternateName\":\"Learn French in Paris\",\"url\":\"https:\\\/\\\/www.accord-langues.com\\\/pt-br\\\/\",\"logo\":{\"@type\":\"ImageObject\",\"inLanguage\":\"pt-BR\",\"@id\":\"https:\\\/\\\/www.accord-langues.com\\\/pt-br\\\/#\\\/schema\\\/logo\\\/image\\\/\",\"url\":\"https:\\\/\\\/www.accord-langues.com\\\/wp-content\\\/uploads\\\/2016\\\/06\\\/Logo.png\",\"contentUrl\":\"https:\\\/\\\/www.accord-langues.com\\\/wp-content\\\/uploads\\\/2016\\\/06\\\/Logo.png\",\"width\":290,\"height\":70,\"caption\":\"ACCORD Tour Eiffel\"},\"image\":{\"@id\":\"https:\\\/\\\/www.accord-langues.com\\\/pt-br\\\/#\\\/schema\\\/logo\\\/image\\\/\"},\"sameAs\":[\"https:\\\/\\\/www.facebook.com\\\/accordecoledelangues\",\"https:\\\/\\\/www.linkedin.com\\\/groups\\\/4542133\\\/\"],\"description\":\"ACCORD French Language School is one of the leading schools in France for teaching French to foreign students and offering high quality French language courses in Paris. The ACCORD language school is located in the heart of Paris, nearby the Eiffel Tower. The ACCORD school is open all year round and welcomes students from all over the world from the age of 16 in its French language courses. ACCORD school is accredited by the official \u201cQualit\u00e9 FLE\u201d label and is member of CAMPUS FRANCE, SOUFFLE and Atout France. ACCORD is official exam center for the TCF IRN, TCF TP, TCF Qu\u00e9bec and TCF Canada.\",\"email\":\"info@accord-langues.com\",\"telephone\":\"+33155335233\",\"legalName\":\"FORUM ACCORD\",\"foundingDate\":\"1990-02-23\",\"numberOfEmployees\":{\"@type\":\"QuantitativeValue\",\"minValue\":\"11\",\"maxValue\":\"50\"}}]}<\/script>\n<!-- \/ Yoast SEO Premium plugin. -->","yoast_head_json":{"title":"Datas e pre\u00e7os da ACCORD Paris - Cursos de franc\u00eas na Fran\u00e7a","description":"Todas as datas e pre\u00e7os da ACCORD escola de franc\u00eas em Paris e programas para adolescentes na ACCORD ISS e PSG football-soccer summer camps.","robots":{"index":"index","follow":"follow","max-snippet":"max-snippet:-1","max-image-preview":"max-image-preview:large","max-video-preview":"max-video-preview:-1"},"canonical":"https:\/\/www.accord-langues.com\/pt-br\/datas-e-precos-da-accord\/","og_locale":"pt_BR","og_type":"article","og_title":"Datas e pre\u00e7os da ACCORD","og_description":"Todas as datas e pre\u00e7os da ACCORD escola de franc\u00eas em Paris e programas para adolescentes na ACCORD ISS e PSG football-soccer summer camps.","og_url":"https:\/\/www.accord-langues.com\/pt-br\/datas-e-precos-da-accord\/","og_site_name":"Accord Paris","article_publisher":"https:\/\/www.facebook.com\/accordecoledelangues","article_modified_time":"2025-09-11T11:56:45+00:00","og_image":[{"width":1200,"height":867,"url":"https:\/\/www.accord-langues.com\/wp-content\/uploads\/2024\/02\/ACCORD-French-Language-School-in-Paris-low-res.jpg","type":"image\/jpeg"}],"twitter_card":"summary_large_image","twitter_misc":{"Est. tempo de leitura":"1 minuto"},"schema":{"@context":"https:\/\/schema.org","@graph":[{"@type":"WebPage","@id":"https:\/\/www.accord-langues.com\/pt-br\/datas-e-precos-da-accord\/","url":"https:\/\/www.accord-langues.com\/pt-br\/datas-e-precos-da-accord\/","name":"Datas e pre\u00e7os da ACCORD Paris - Cursos de franc\u00eas na Fran\u00e7a","isPartOf":{"@id":"https:\/\/www.accord-langues.com\/pt-br\/#website"},"datePublished":"2016-06-23T12:21:47+00:00","dateModified":"2025-09-11T11:56:45+00:00","description":"Todas as datas e pre\u00e7os da ACCORD escola de franc\u00eas em Paris e programas para adolescentes na ACCORD ISS e PSG football-soccer summer camps.","inLanguage":"pt-BR","potentialAction":[{"@type":"ReadAction","target":["https:\/\/www.accord-langues.com\/pt-br\/datas-e-precos-da-accord\/"]}]},{"@type":"WebSite","@id":"https:\/\/www.accord-langues.com\/pt-br\/#website","url":"https:\/\/www.accord-langues.com\/pt-br\/","name":"Accord Paris","description":"Learn French in France","publisher":{"@id":"https:\/\/www.accord-langues.com\/pt-br\/#organization"},"potentialAction":[{"@type":"SearchAction","target":{"@type":"EntryPoint","urlTemplate":"https:\/\/www.accord-langues.com\/pt-br\/?s={search_term_string}"},"query-input":{"@type":"PropertyValueSpecification","valueRequired":true,"valueName":"search_term_string"}}],"inLanguage":"pt-BR"},{"@type":"Organization","@id":"https:\/\/www.accord-langues.com\/pt-br\/#organization","name":"ACCORD Tour Eiffel","alternateName":"Learn French in Paris","url":"https:\/\/www.accord-langues.com\/pt-br\/","logo":{"@type":"ImageObject","inLanguage":"pt-BR","@id":"https:\/\/www.accord-langues.com\/pt-br\/#\/schema\/logo\/image\/","url":"https:\/\/www.accord-langues.com\/wp-content\/uploads\/2016\/06\/Logo.png","contentUrl":"https:\/\/www.accord-langues.com\/wp-content\/uploads\/2016\/06\/Logo.png","width":290,"height":70,"caption":"ACCORD Tour Eiffel"},"image":{"@id":"https:\/\/www.accord-langues.com\/pt-br\/#\/schema\/logo\/image\/"},"sameAs":["https:\/\/www.facebook.com\/accordecoledelangues","https:\/\/www.linkedin.com\/groups\/4542133\/"],"description":"ACCORD French Language School is one of the leading schools in France for teaching French to foreign students and offering high quality French language courses in Paris. The ACCORD language school is located in the heart of Paris, nearby the Eiffel Tower. The ACCORD school is open all year round and welcomes students from all over the world from the age of 16 in its French language courses. ACCORD school is accredited by the official \u201cQualit\u00e9 FLE\u201d label and is member of CAMPUS FRANCE, SOUFFLE and Atout France. ACCORD is official exam center for the TCF IRN, TCF TP, TCF Qu\u00e9bec and TCF Canada.","email":"info@accord-langues.com","telephone":"+33155335233","legalName":"FORUM ACCORD","foundingDate":"1990-02-23","numberOfEmployees":{"@type":"QuantitativeValue","minValue":"11","maxValue":"50"}}]}},"_links":{"self":[{"href":"https:\/\/www.accord-langues.com\/pt-br\/wp-json\/wp\/v2\/pages\/6062","targetHints":{"allow":["GET"]}}],"collection":[{"href":"https:\/\/www.accord-langues.com\/pt-br\/wp-json\/wp\/v2\/pages"}],"about":[{"href":"https:\/\/www.accord-langues.com\/pt-br\/wp-json\/wp\/v2\/types\/page"}],"author":[{"embeddable":true,"href":"https:\/\/www.accord-langues.com\/pt-br\/wp-json\/wp\/v2\/users\/10"}],"replies":[{"embeddable":true,"href":"https:\/\/www.accord-langues.com\/pt-br\/wp-json\/wp\/v2\/comments?post=6062"}],"version-history":[{"count":0,"href":"https:\/\/www.accord-langues.com\/pt-br\/wp-json\/wp\/v2\/pages\/6062\/revisions"}],"wp:attachment":[{"href":"https:\/\/www.accord-langues.com\/pt-br\/wp-json\/wp\/v2\/media?parent=6062"}],"curies":[{"name":"wp","href":"https:\/\/api.w.org\/{rel}","templated":true}]}}