{"id":26107,"date":"2018-07-23T11:55:32","date_gmt":"2018-07-23T10:55:32","guid":{"rendered":"https:\/\/www.accord-langues.com\/accord-paris-magazine\/"},"modified":"2026-04-14T12:31:58","modified_gmt":"2026-04-14T11:31:58","slug":"blog-revista","status":"publish","type":"page","link":"https:\/\/www.accord-langues.com\/pt-br\/blog-revista\/","title":{"rendered":"Blog-Revista"},"content":{"rendered":"<div class=\"wpb-content-wrapper\" id=\"wpb-content-root\"><p>[vc_row full_width=&#8221;stretch_row&#8221; content_placement=&#8221;middle&#8221; css=&#8221;.vc_custom_1532680905001{background-image: url(https:\/\/www.accord-langues.com\/wp-content\/uploads\/2018\/07\/Grands-Boulevards-top.jpg?id=1752) !important;background-position: center !important;background-repeat: no-repeat !important;background-size: cover !important;}&#8221; el_class=&#8221;header-image&#8221;][vc_column width=&#8221;2\/3&#8243; offset=&#8221;vc_col-sm-offset-2&#8243;][vc_column_text css=&#8221;&#8221;]<\/p>\n<h1 style=\"text-align: center;\">Blog-Revista<\/h1>\n<p style=\"text-align: center;\"><strong>Cursos de franc\u00eas em Paris &#8211; Estude franc\u00eas na Fran\u00e7a<\/strong><\/p>\n<p>[\/vc_column_text][\/vc_column][\/vc_row][vc_row][vc_column][vc_column_text]\t\r\n\t\t\t<div class=\"blog\">\r\n\t\t<div class=\"RFPostList\">\r\n\t\t\t\t\t\t\t\t\t\t<div class=\"RFPostList__item col-sm-3\">\r\n\t\t\t\t\t<div class=\"RFPostList__inner\">\r\n\r\n\t\t\t\t\t\t\t\t\t\t\t\t\t<div class=\"RFPostList__image\">\r\n\t\t\t\t\t\t\t\t<a href=\"https:\/\/www.accord-langues.com\/pt-br\/por-que-a-bandeira-francesa-e-azul-branca-e-vermelha\/\"><img decoding=\"async\" width=\"350\" height=\"350\" src=\"https:\/\/www.accord-langues.com\/wp-content\/uploads\/2026\/08\/invitro-flag-3210468_1280-350x350.jpg\" class=\"img-responsive wp-post-image\" alt=\"Why Is the French Flag Blue, White, and Red?\" srcset=\"https:\/\/www.accord-langues.com\/wp-content\/uploads\/2026\/08\/invitro-flag-3210468_1280-350x350.jpg 350w, https:\/\/www.accord-langues.com\/wp-content\/uploads\/2026\/08\/invitro-flag-3210468_1280-150x150.jpg 150w\" sizes=\"(max-width: 350px) 100vw, 350px\" title=\"invitro-flag-3210468_1280\" \/><\/a>\r\n\t\t\t\t\t\t\t<\/div>\r\n\t\t\t\t\t\t\r\n\t\t\t\t\t\t<div class=\"RFPostList__title\">\r\n\t\t\t\t\t\t\t<a href=\"https:\/\/www.accord-langues.com\/pt-br\/por-que-a-bandeira-francesa-e-azul-branca-e-vermelha\/\" class=\"h3-like\" style=\"display: block;margin-bottom:10px;\">Por que a bandeira francesa \u00e9 azul, branca e vermelha?<\/a>\r\n\t\t\t\t\t\t<\/div>\r\n\r\n\t\t\t\t\t\t<div class=\"RFPostList__excerpt\">\r\n\t\t\t\t\t\t\t<p>Descubra por que a bandeira francesa \u00e9 azul, branca e vermelha, o que cada cor simboliza, sua hist\u00f3ria revolucion\u00e1ria e quais outros pa\u00edses usam as mesmas cores.<\/p>\n\t\t\t\t\t\t<\/div>\r\n\r\n\t\t\t\t\t\t<div class=\"RFPostList__read-more\">\r\n\t\t\t\t\t\t\t<a class=\"btn btn-primary transparent\" href=\"https:\/\/www.accord-langues.com\/pt-br\/por-que-a-bandeira-francesa-e-azul-branca-e-vermelha\/\">Saiba mais<\/a>\r\n\t\t\t\t\t\t<\/div>\r\n\t\t\t\t\t<\/div>\r\n\t\t\t\t<\/div>\r\n\t\t\t\t\t\t\t\t\t\t\t\t\r\n\t\t\t\t\t\t\t<div class=\"RFPostList__item col-sm-3\">\r\n\t\t\t\t\t<div class=\"RFPostList__inner\">\r\n\r\n\t\t\t\t\t\t\t\t\t\t\t\t\t<div class=\"RFPostList__image\">\r\n\t\t\t\t\t\t\t\t<a href=\"https:\/\/www.accord-langues.com\/pt-br\/compreensao-oral-em-frances\/\"><img decoding=\"async\" width=\"350\" height=\"350\" src=\"https:\/\/www.accord-langues.com\/wp-content\/uploads\/2026\/08\/French-listening-comprehension-French-course-C-350x350.jpg\" class=\"img-responsive wp-post-image\" alt=\"French listening comprehension\" srcset=\"https:\/\/www.accord-langues.com\/wp-content\/uploads\/2026\/08\/French-listening-comprehension-French-course-C-350x350.jpg 350w, https:\/\/www.accord-langues.com\/wp-content\/uploads\/2026\/08\/French-listening-comprehension-French-course-C-150x150.jpg 150w\" sizes=\"(max-width: 350px) 100vw, 350px\" title=\"French listening comprehension - French course C\" \/><\/a>\r\n\t\t\t\t\t\t\t<\/div>\r\n\t\t\t\t\t\t\r\n\t\t\t\t\t\t<div class=\"RFPostList__title\">\r\n\t\t\t\t\t\t\t<a href=\"https:\/\/www.accord-langues.com\/pt-br\/compreensao-oral-em-frances\/\" class=\"h3-like\" style=\"display: block;margin-bottom:10px;\">Compreens\u00e3o oral em franc\u00eas<\/a>\r\n\t\t\t\t\t\t<\/div>\r\n\r\n\t\t\t\t\t\t<div class=\"RFPostList__excerpt\">\r\n\t\t\t\t\t\t\t<p>Melhore sua compreens\u00e3o oral em franc\u00eas com os cursos intensivos da ACCORD Paris. Pr\u00e1tica real e progresso vis\u00edvel j\u00e1 nas primeiras semanas.<\/p>\n\t\t\t\t\t\t<\/div>\r\n\r\n\t\t\t\t\t\t<div class=\"RFPostList__read-more\">\r\n\t\t\t\t\t\t\t<a class=\"btn btn-primary transparent\" href=\"https:\/\/www.accord-langues.com\/pt-br\/compreensao-oral-em-frances\/\">Saiba mais<\/a>\r\n\t\t\t\t\t\t<\/div>\r\n\t\t\t\t\t<\/div>\r\n\t\t\t\t<\/div>\r\n\t\t\t\t\t\t\t\t\t\t\t\t\r\n\t\t\t\t\t\t\t<div class=\"RFPostList__item col-sm-3\">\r\n\t\t\t\t\t<div class=\"RFPostList__inner\">\r\n\r\n\t\t\t\t\t\t\t\t\t\t\t\t\t<div class=\"RFPostList__image\">\r\n\t\t\t\t\t\t\t\t<a href=\"https:\/\/www.accord-langues.com\/pt-br\/o-que-fazer-em-paris-em-setembro\/\"><img decoding=\"async\" width=\"350\" height=\"350\" src=\"https:\/\/www.accord-langues.com\/wp-content\/uploads\/2026\/08\/new-4-350x350.jpg\" class=\"img-responsive wp-post-image\" alt=\"Sprachschule ACCORD Paris\" srcset=\"https:\/\/www.accord-langues.com\/wp-content\/uploads\/2026\/08\/new-4-350x350.jpg 350w, https:\/\/www.accord-langues.com\/wp-content\/uploads\/2026\/08\/new-4-150x150.jpg 150w\" sizes=\"(max-width: 350px) 100vw, 350px\" title=\"new (4)\" \/><\/a>\r\n\t\t\t\t\t\t\t<\/div>\r\n\t\t\t\t\t\t\r\n\t\t\t\t\t\t<div class=\"RFPostList__title\">\r\n\t\t\t\t\t\t\t<a href=\"https:\/\/www.accord-langues.com\/pt-br\/o-que-fazer-em-paris-em-setembro\/\" class=\"h3-like\" style=\"display: block;margin-bottom:10px;\">O que fazer em Paris em setembro?<\/a>\r\n\t\t\t\t\t\t<\/div>\r\n\r\n\t\t\t\t\t\t<div class=\"RFPostList__excerpt\">\r\n\t\t\t\t\t\t\t<p>Da Paris Fashion Week aos Dias Europeus do Patrim\u00f4nio: descubra nosso guia dos melhores eventos, exposi\u00e7\u00f5es e shows em Paris em setembro de 2026.<\/p>\n\t\t\t\t\t\t<\/div>\r\n\r\n\t\t\t\t\t\t<div class=\"RFPostList__read-more\">\r\n\t\t\t\t\t\t\t<a class=\"btn btn-primary transparent\" href=\"https:\/\/www.accord-langues.com\/pt-br\/o-que-fazer-em-paris-em-setembro\/\">Saiba mais<\/a>\r\n\t\t\t\t\t\t<\/div>\r\n\t\t\t\t\t<\/div>\r\n\t\t\t\t<\/div>\r\n\t\t\t\t\t\t\t\t\t\t\t\t\r\n\t\t\t\t\t\t\t<div class=\"RFPostList__item col-sm-3\">\r\n\t\t\t\t\t<div class=\"RFPostList__inner\">\r\n\r\n\t\t\t\t\t\t\t\t\t\t\t\t\t<div class=\"RFPostList__image\">\r\n\t\t\t\t\t\t\t\t<a href=\"https:\/\/www.accord-langues.com\/pt-br\/melhores-jardins-paris-estudantes-accord\/\"><img decoding=\"async\" width=\"350\" height=\"350\" src=\"https:\/\/www.accord-langues.com\/wp-content\/uploads\/2026\/08\/Jardins-de-Paris-1-350x350.jpg\" class=\"img-responsive wp-post-image\" alt=\"Jardins des Tuileries\" srcset=\"https:\/\/www.accord-langues.com\/wp-content\/uploads\/2026\/08\/Jardins-de-Paris-1-350x350.jpg 350w, https:\/\/www.accord-langues.com\/wp-content\/uploads\/2026\/08\/Jardins-de-Paris-1-150x150.jpg 150w\" sizes=\"(max-width: 350px) 100vw, 350px\" title=\"Jardins de Paris (1)\" \/><\/a>\r\n\t\t\t\t\t\t\t<\/div>\r\n\t\t\t\t\t\t\r\n\t\t\t\t\t\t<div class=\"RFPostList__title\">\r\n\t\t\t\t\t\t\t<a href=\"https:\/\/www.accord-langues.com\/pt-br\/melhores-jardins-paris-estudantes-accord\/\" class=\"h3-like\" style=\"display: block;margin-bottom:10px;\">Os jardins de Paris: a sele\u00e7\u00e3o dos estudantes da ACCORD<\/a>\r\n\t\t\t\t\t\t<\/div>\r\n\r\n\t\t\t\t\t\t<div class=\"RFPostList__excerpt\">\r\n\t\t\t\t\t\t\t<p>Tuileries, Palais Royal, Jardin des Plantes, Luxemburgo, Champs-\u00c9lys\u00e9es&#8230; Descubra os jardins mais bonitos de Paris, escolhidos pelos estudantes da ACCORD Paris.<\/p>\n\t\t\t\t\t\t<\/div>\r\n\r\n\t\t\t\t\t\t<div class=\"RFPostList__read-more\">\r\n\t\t\t\t\t\t\t<a class=\"btn btn-primary transparent\" href=\"https:\/\/www.accord-langues.com\/pt-br\/melhores-jardins-paris-estudantes-accord\/\">Saiba mais<\/a>\r\n\t\t\t\t\t\t<\/div>\r\n\t\t\t\t\t<\/div>\r\n\t\t\t\t<\/div>\r\n\t\t\t\t\t\t\t\t\t\t\t\t<div class=\"clearfix\"><\/div>\r\n\t\t\t\t\t\t\t\t\r\n\t\t\t\t\t\t\t<div class=\"RFPostList__item col-sm-3\">\r\n\t\t\t\t\t<div class=\"RFPostList__inner\">\r\n\r\n\t\t\t\t\t\t\t\t\t\t\t\t\t<div class=\"RFPostList__image\">\r\n\t\t\t\t\t\t\t\t<a href=\"https:\/\/www.accord-langues.com\/pt-br\/visto-estudante-franca-guia-accord-paris\/\"><img decoding=\"async\" width=\"350\" height=\"350\" src=\"https:\/\/www.accord-langues.com\/wp-content\/uploads\/2026\/08\/ACCORD-French-Language-School-Paris.jpg-002-350x350.webp\" class=\"img-responsive wp-post-image\" alt=\"\" srcset=\"https:\/\/www.accord-langues.com\/wp-content\/uploads\/2026\/08\/ACCORD-French-Language-School-Paris.jpg-002-350x350.webp 350w, https:\/\/www.accord-langues.com\/wp-content\/uploads\/2026\/08\/ACCORD-French-Language-School-Paris.jpg-002-150x150.webp 150w\" sizes=\"(max-width: 350px) 100vw, 350px\" title=\"ACCORD-French-Language-School-Paris.jpg-002\" \/><\/a>\r\n\t\t\t\t\t\t\t<\/div>\r\n\t\t\t\t\t\t\r\n\t\t\t\t\t\t<div class=\"RFPostList__title\">\r\n\t\t\t\t\t\t\t<a href=\"https:\/\/www.accord-langues.com\/pt-br\/visto-estudante-franca-guia-accord-paris\/\" class=\"h3-like\" style=\"display: block;margin-bottom:10px;\">Visto de estudante para a Fran\u00e7a: tudo o que voc\u00ea precisa saber<\/a>\r\n\t\t\t\t\t\t<\/div>\r\n\r\n\t\t\t\t\t\t<div class=\"RFPostList__excerpt\">\r\n\t\t\t\t\t\t\t<p>Precisa de visto para estudar franc\u00eas em Paris? Descubra qual visto se aplica ao seu caso, como a ACCORD Paris pode ajudar e todas as etapas do processo.<\/p>\n\t\t\t\t\t\t<\/div>\r\n\r\n\t\t\t\t\t\t<div class=\"RFPostList__read-more\">\r\n\t\t\t\t\t\t\t<a class=\"btn btn-primary transparent\" href=\"https:\/\/www.accord-langues.com\/pt-br\/visto-estudante-franca-guia-accord-paris\/\">Saiba mais<\/a>\r\n\t\t\t\t\t\t<\/div>\r\n\t\t\t\t\t<\/div>\r\n\t\t\t\t<\/div>\r\n\t\t\t\t\t\t\t\t\t\t\t\t\r\n\t\t\t\t\t\t\t<div class=\"RFPostList__item col-sm-3\">\r\n\t\t\t\t\t<div class=\"RFPostList__inner\">\r\n\r\n\t\t\t\t\t\t\t\t\t\t\t\t\t<div class=\"RFPostList__image\">\r\n\t\t\t\t\t\t\t\t<a href=\"https:\/\/www.accord-langues.com\/pt-br\/o-vocabulario-do-cafe-na-franca\/\"><img decoding=\"async\" width=\"350\" height=\"350\" src=\"https:\/\/www.accord-langues.com\/wp-content\/uploads\/2026\/08\/franz26-ai-generated-8223836_1280-350x350.jpg\" class=\"img-responsive wp-post-image\" alt=\"Le vocabulaire du caf\u00e9 en France\" srcset=\"https:\/\/www.accord-langues.com\/wp-content\/uploads\/2026\/08\/franz26-ai-generated-8223836_1280-350x350.jpg 350w, https:\/\/www.accord-langues.com\/wp-content\/uploads\/2026\/08\/franz26-ai-generated-8223836_1280-150x150.jpg 150w\" sizes=\"(max-width: 350px) 100vw, 350px\" title=\"franz26-ai-generated-8223836_1280\" \/><\/a>\r\n\t\t\t\t\t\t\t<\/div>\r\n\t\t\t\t\t\t\r\n\t\t\t\t\t\t<div class=\"RFPostList__title\">\r\n\t\t\t\t\t\t\t<a href=\"https:\/\/www.accord-langues.com\/pt-br\/o-vocabulario-do-cafe-na-franca\/\" class=\"h3-like\" style=\"display: block;margin-bottom:10px;\">O vocabul\u00e1rio do caf\u00e9 na Fran\u00e7a<\/a>\r\n\t\t\t\t\t\t<\/div>\r\n\r\n\t\t\t\t\t\t<div class=\"RFPostList__excerpt\">\r\n\t\t\t\t\t\t\t<p>Espresso, noisette, caf\u00e9 allong\u00e9, cr\u00e8me&#8230; Descubra como pedir seu caf\u00e9 como um parisiense nos bistr\u00f4s da Fran\u00e7a, e onde sabore\u00e1-lo em Paris.<\/p>\n\t\t\t\t\t\t<\/div>\r\n\r\n\t\t\t\t\t\t<div class=\"RFPostList__read-more\">\r\n\t\t\t\t\t\t\t<a class=\"btn btn-primary transparent\" href=\"https:\/\/www.accord-langues.com\/pt-br\/o-vocabulario-do-cafe-na-franca\/\">Saiba mais<\/a>\r\n\t\t\t\t\t\t<\/div>\r\n\t\t\t\t\t<\/div>\r\n\t\t\t\t<\/div>\r\n\t\t\t\t\t\t\t\t\t\t\t\t\r\n\t\t\t\t\t\t\t<div class=\"RFPostList__item col-sm-3\">\r\n\t\t\t\t\t<div class=\"RFPostList__inner\">\r\n\r\n\t\t\t\t\t\t\t\t\t\t\t\t\t<div class=\"RFPostList__image\">\r\n\t\t\t\t\t\t\t\t<a href=\"https:\/\/www.accord-langues.com\/pt-br\/vocabulario-pao-frances-guia-boulangerie\/\"><img decoding=\"async\" width=\"350\" height=\"350\" src=\"https:\/\/www.accord-langues.com\/wp-content\/uploads\/2026\/08\/jackmac34-bread-1761197_1280-350x350.jpg\" class=\"img-responsive wp-post-image\" alt=\"French Bread Vocabulary: Your Guide to the Boulangerie\" srcset=\"https:\/\/www.accord-langues.com\/wp-content\/uploads\/2026\/08\/jackmac34-bread-1761197_1280-350x350.jpg 350w, https:\/\/www.accord-langues.com\/wp-content\/uploads\/2026\/08\/jackmac34-bread-1761197_1280-150x150.jpg 150w\" sizes=\"(max-width: 350px) 100vw, 350px\" title=\"jackmac34-bread-1761197_1280\" \/><\/a>\r\n\t\t\t\t\t\t\t<\/div>\r\n\t\t\t\t\t\t\r\n\t\t\t\t\t\t<div class=\"RFPostList__title\">\r\n\t\t\t\t\t\t\t<a href=\"https:\/\/www.accord-langues.com\/pt-br\/vocabulario-pao-frances-guia-boulangerie\/\" class=\"h3-like\" style=\"display: block;margin-bottom:10px;\">Vocabul\u00e1rio do p\u00e3o franc\u00eas: seu guia da boulangerie em Paris<\/a>\r\n\t\t\t\t\t\t<\/div>\r\n\r\n\t\t\t\t\t\t<div class=\"RFPostList__excerpt\">\r\n\t\t\t\t\t\t\t<p>Aprenda o vocabul\u00e1rio essencial do p\u00e3o franc\u00eas, da baguete ao pain de seigle, e descubra por que estudar franc\u00eas em Paris tamb\u00e9m significa dominar a boulangerie.<\/p>\n\t\t\t\t\t\t<\/div>\r\n\r\n\t\t\t\t\t\t<div class=\"RFPostList__read-more\">\r\n\t\t\t\t\t\t\t<a class=\"btn btn-primary transparent\" href=\"https:\/\/www.accord-langues.com\/pt-br\/vocabulario-pao-frances-guia-boulangerie\/\">Saiba mais<\/a>\r\n\t\t\t\t\t\t<\/div>\r\n\t\t\t\t\t<\/div>\r\n\t\t\t\t<\/div>\r\n\t\t\t\t\t\t\t\t\t\t\t\t\r\n\t\t\t\t\t\t\t<div class=\"RFPostList__item col-sm-3\">\r\n\t\t\t\t\t<div class=\"RFPostList__inner\">\r\n\r\n\t\t\t\t\t\t\t\t\t\t\t\t\t<div class=\"RFPostList__image\">\r\n\t\t\t\t\t\t\t\t<a href=\"https:\/\/www.accord-langues.com\/pt-br\/melhor-curso-frances-paris-accord-tour-eiffel\/\"><img decoding=\"async\" width=\"350\" height=\"350\" src=\"https:\/\/www.accord-langues.com\/wp-content\/uploads\/2024\/05\/Me-at-Tour-Eiffel-001-350x350.jpg\" class=\"img-responsive wp-post-image\" alt=\"Programme d&#039;exp\u00e9rience professionnelle chez ACCORD\" srcset=\"https:\/\/www.accord-langues.com\/wp-content\/uploads\/2024\/05\/Me-at-Tour-Eiffel-001-350x350.jpg 350w, https:\/\/www.accord-langues.com\/wp-content\/uploads\/2024\/05\/Me-at-Tour-Eiffel-001-150x150.jpg 150w\" sizes=\"(max-width: 350px) 100vw, 350px\" title=\"Me at Tour Eiffel-001\" \/><\/a>\r\n\t\t\t\t\t\t\t<\/div>\r\n\t\t\t\t\t\t\r\n\t\t\t\t\t\t<div class=\"RFPostList__title\">\r\n\t\t\t\t\t\t\t<a href=\"https:\/\/www.accord-langues.com\/pt-br\/melhor-curso-frances-paris-accord-tour-eiffel\/\" class=\"h3-like\" style=\"display: block;margin-bottom:10px;\">Melhor curso de franc\u00eas em Paris | Escola ACCORD Tour Eiffel<\/a>\r\n\t\t\t\t\t\t<\/div>\r\n\r\n\t\t\t\t\t\t<div class=\"RFPostList__excerpt\">\r\n\t\t\t\t\t\t\t<p>Conhe\u00e7a o melhor curso de franc\u00eas em Paris na ACCORD Tour Eiffel, uma escola de idiomas de alta qualidade perto da Torre Eiffel, com mais de 35 anos de experi\u00eancia.<\/p>\n\t\t\t\t\t\t<\/div>\r\n\r\n\t\t\t\t\t\t<div class=\"RFPostList__read-more\">\r\n\t\t\t\t\t\t\t<a class=\"btn btn-primary transparent\" href=\"https:\/\/www.accord-langues.com\/pt-br\/melhor-curso-frances-paris-accord-tour-eiffel\/\">Saiba mais<\/a>\r\n\t\t\t\t\t\t<\/div>\r\n\t\t\t\t\t<\/div>\r\n\t\t\t\t<\/div>\r\n\t\t\t\t\t\t\t\t\t\t\t\t<div class=\"clearfix\"><\/div>\r\n\t\t\t\t\t\t\t\t\r\n\t\t\t\t\t\t\t<div class=\"RFPostList__item col-sm-3\">\r\n\t\t\t\t\t<div class=\"RFPostList__inner\">\r\n\r\n\t\t\t\t\t\t\t\t\t\t\t\t\t<div class=\"RFPostList__image\">\r\n\t\t\t\t\t\t\t\t<a href=\"https:\/\/www.accord-langues.com\/pt-br\/masculino-ou-feminino-genero-frances\/\"><img decoding=\"async\" width=\"350\" height=\"350\" src=\"https:\/\/www.accord-langues.com\/wp-content\/uploads\/2026\/08\/French-Masculine-or-feminine_-Tips-for-guessing-the-gender-1-350x350.jpg\" class=\"img-responsive wp-post-image\" alt=\"\" srcset=\"https:\/\/www.accord-langues.com\/wp-content\/uploads\/2026\/08\/French-Masculine-or-feminine_-Tips-for-guessing-the-gender-1-350x350.jpg 350w, https:\/\/www.accord-langues.com\/wp-content\/uploads\/2026\/08\/French-Masculine-or-feminine_-Tips-for-guessing-the-gender-1-150x150.jpg 150w\" sizes=\"(max-width: 350px) 100vw, 350px\" title=\"French-Masculine-or-feminine_-Tips-for-guessing-the-gender\" \/><\/a>\r\n\t\t\t\t\t\t\t<\/div>\r\n\t\t\t\t\t\t\r\n\t\t\t\t\t\t<div class=\"RFPostList__title\">\r\n\t\t\t\t\t\t\t<a href=\"https:\/\/www.accord-langues.com\/pt-br\/masculino-ou-feminino-genero-frances\/\" class=\"h3-like\" style=\"display: block;margin-bottom:10px;\">Masculino ou feminino? Dicas para adivinhar o g\u00eanero em franc\u00eas<\/a>\r\n\t\t\t\t\t\t<\/div>\r\n\r\n\t\t\t\t\t\t<div class=\"RFPostList__excerpt\">\r\n\t\t\t\t\t\t\t<p>Aprenda a adivinhar o g\u00eanero em franc\u00eas: as termina\u00e7\u00f5es mais confi\u00e1veis, as exce\u00e7\u00f5es cl\u00e1ssicas e as categorias de palavras que voc\u00ea precisa conhecer.<\/p>\n\t\t\t\t\t\t<\/div>\r\n\r\n\t\t\t\t\t\t<div class=\"RFPostList__read-more\">\r\n\t\t\t\t\t\t\t<a class=\"btn btn-primary transparent\" href=\"https:\/\/www.accord-langues.com\/pt-br\/masculino-ou-feminino-genero-frances\/\">Saiba mais<\/a>\r\n\t\t\t\t\t\t<\/div>\r\n\t\t\t\t\t<\/div>\r\n\t\t\t\t<\/div>\r\n\t\t\t\t\t\t\t\t\t\t\t\t\r\n\t\t\t\t\t\t\t<div class=\"RFPostList__item col-sm-3\">\r\n\t\t\t\t\t<div class=\"RFPostList__inner\">\r\n\r\n\t\t\t\t\t\t\t\t\t\t\t\t\t<div class=\"RFPostList__image\">\r\n\t\t\t\t\t\t\t\t<a href=\"https:\/\/www.accord-langues.com\/pt-br\/merci-de-rien-frances-significado-nuances\/\"><img decoding=\"async\" width=\"350\" height=\"350\" src=\"https:\/\/www.accord-langues.com\/wp-content\/uploads\/2026\/08\/merci-de-rien-350x350.jpg\" class=\"img-responsive wp-post-image\" alt=\"H\u00f6flichkeit in Frankreich\" srcset=\"https:\/\/www.accord-langues.com\/wp-content\/uploads\/2026\/08\/merci-de-rien-350x350.jpg 350w, https:\/\/www.accord-langues.com\/wp-content\/uploads\/2026\/08\/merci-de-rien-150x150.jpg 150w\" sizes=\"(max-width: 350px) 100vw, 350px\" title=\"merci-de-rien\" \/><\/a>\r\n\t\t\t\t\t\t\t<\/div>\r\n\t\t\t\t\t\t\r\n\t\t\t\t\t\t<div class=\"RFPostList__title\">\r\n\t\t\t\t\t\t\t<a href=\"https:\/\/www.accord-langues.com\/pt-br\/merci-de-rien-frances-significado-nuances\/\" class=\"h3-like\" style=\"display: block;margin-bottom:10px;\">Merci e de rien em franc\u00eas: entendendo as nuances<\/a>\r\n\t\t\t\t\t\t<\/div>\r\n\r\n\t\t\t\t\t\t<div class=\"RFPostList__excerpt\">\r\n\t\t\t\t\t\t\t<p>Merci e de rien em franc\u00eas v\u00e3o muito al\u00e9m de palavras isoladas: descubra todas as nuances da cortesia francesa, do formal ao informal, para soar como um falante nativo.<\/p>\n\t\t\t\t\t\t<\/div>\r\n\r\n\t\t\t\t\t\t<div class=\"RFPostList__read-more\">\r\n\t\t\t\t\t\t\t<a class=\"btn btn-primary transparent\" href=\"https:\/\/www.accord-langues.com\/pt-br\/merci-de-rien-frances-significado-nuances\/\">Saiba mais<\/a>\r\n\t\t\t\t\t\t<\/div>\r\n\t\t\t\t\t<\/div>\r\n\t\t\t\t<\/div>\r\n\t\t\t\t\t\t\t\t\t\t\t\t\r\n\t\t\t\t\t\t\t<div class=\"RFPostList__item col-sm-3\">\r\n\t\t\t\t\t<div class=\"RFPostList__inner\">\r\n\r\n\t\t\t\t\t\t\t\t\t\t\t\t\t<div class=\"RFPostList__image\">\r\n\t\t\t\t\t\t\t\t<a href=\"https:\/\/www.accord-langues.com\/pt-br\/formas-de-dizer-ola-e-tchau-em-frances\/\"><img decoding=\"async\" width=\"350\" height=\"350\" src=\"https:\/\/www.accord-langues.com\/wp-content\/uploads\/2026\/08\/10-ways-to-say-hello-and-goodbye-in-French-1-350x350.jpeg\" class=\"img-responsive wp-post-image\" alt=\"10 modi per dire ciao e arrivederci in francese\" srcset=\"https:\/\/www.accord-langues.com\/wp-content\/uploads\/2026\/08\/10-ways-to-say-hello-and-goodbye-in-French-1-350x350.jpeg 350w, https:\/\/www.accord-langues.com\/wp-content\/uploads\/2026\/08\/10-ways-to-say-hello-and-goodbye-in-French-1-150x150.jpeg 150w\" sizes=\"(max-width: 350px) 100vw, 350px\" title=\"10-ways-to-say-hello-and-goodbye-in-French\" \/><\/a>\r\n\t\t\t\t\t\t\t<\/div>\r\n\t\t\t\t\t\t\r\n\t\t\t\t\t\t<div class=\"RFPostList__title\">\r\n\t\t\t\t\t\t\t<a href=\"https:\/\/www.accord-langues.com\/pt-br\/formas-de-dizer-ola-e-tchau-em-frances\/\" class=\"h3-like\" style=\"display: block;margin-bottom:10px;\">10 formas de dizer ol\u00e1 e tchau em franc\u00eas<\/a>\r\n\t\t\t\t\t\t<\/div>\r\n\r\n\t\t\t\t\t\t<div class=\"RFPostList__excerpt\">\r\n\t\t\t\t\t\t\t<p>Bonjour n\u00e3o \u00e9 a \u00fanica palavra que voc\u00ea precisa saber. Descubra 10 formas naturais de dizer ol\u00e1 e tchau em franc\u00eas, e quando usar cada uma, com a ACCORD Paris.<\/p>\n\t\t\t\t\t\t<\/div>\r\n\r\n\t\t\t\t\t\t<div class=\"RFPostList__read-more\">\r\n\t\t\t\t\t\t\t<a class=\"btn btn-primary transparent\" href=\"https:\/\/www.accord-langues.com\/pt-br\/formas-de-dizer-ola-e-tchau-em-frances\/\">Saiba mais<\/a>\r\n\t\t\t\t\t\t<\/div>\r\n\t\t\t\t\t<\/div>\r\n\t\t\t\t<\/div>\r\n\t\t\t\t\t\t\t\t\t\t\t\t\r\n\t\t\t\t\t\t\t<div class=\"RFPostList__item col-sm-3\">\r\n\t\t\t\t\t<div class=\"RFPostList__inner\">\r\n\r\n\t\t\t\t\t\t\t\t\t\t\t\t\t<div class=\"RFPostList__image\">\r\n\t\t\t\t\t\t\t\t<a href=\"https:\/\/www.accord-langues.com\/pt-br\/franca-reino-do-queijo-top-20\/\"><img decoding=\"async\" width=\"350\" height=\"350\" src=\"https:\/\/www.accord-langues.com\/wp-content\/uploads\/2026\/07\/lifewithart-paris-photo-by-lifewithart-350x350.jpg\" class=\"img-responsive wp-post-image\" alt=\"La France, le pays des fromages - Le fromage et les Fran\u00e7ais\" srcset=\"https:\/\/www.accord-langues.com\/wp-content\/uploads\/2026\/07\/lifewithart-paris-photo-by-lifewithart-350x350.jpg 350w, https:\/\/www.accord-langues.com\/wp-content\/uploads\/2026\/07\/lifewithart-paris-photo-by-lifewithart-150x150.jpg 150w\" sizes=\"(max-width: 350px) 100vw, 350px\" title=\"lifewithart-paris-photo by lifewithart\" \/><\/a>\r\n\t\t\t\t\t\t\t<\/div>\r\n\t\t\t\t\t\t\r\n\t\t\t\t\t\t<div class=\"RFPostList__title\">\r\n\t\t\t\t\t\t\t<a href=\"https:\/\/www.accord-langues.com\/pt-br\/franca-reino-do-queijo-top-20\/\" class=\"h3-like\" style=\"display: block;margin-bottom:10px;\">Fran\u00e7a, o reino do queijo: o top 20 dos queijos franceses<\/a>\r\n\t\t\t\t\t\t<\/div>\r\n\r\n\t\t\t\t\t\t<div class=\"RFPostList__excerpt\">\r\n\t\t\t\t\t\t\t<p>Do brie ao roquefort: conhe\u00e7a os 20 queijos franceses mais amados, sua hist\u00f3ria e o vocabul\u00e1rio certo para falar sobre eles, com a ACCORD Paris.<\/p>\n\t\t\t\t\t\t<\/div>\r\n\r\n\t\t\t\t\t\t<div class=\"RFPostList__read-more\">\r\n\t\t\t\t\t\t\t<a class=\"btn btn-primary transparent\" href=\"https:\/\/www.accord-langues.com\/pt-br\/franca-reino-do-queijo-top-20\/\">Saiba mais<\/a>\r\n\t\t\t\t\t\t<\/div>\r\n\t\t\t\t\t<\/div>\r\n\t\t\t\t<\/div>\r\n\t\t\t\t\t\t\t\t\t\t\t\t<div class=\"clearfix\"><\/div>\r\n\t\t\t\t\t\t\t\t\r\n\t\t\t\t\t<\/div>\r\n\t<\/div>\r\n\t\r\n\t<div class=\"clearfix\"><\/div>\r\n\t\r\n\t\n\t<nav class=\"navigation pagination\" aria-label=\"Page numbering\">\n\t\t<h2 class=\"screen-reader-text\">Page numbering<\/h2>\n\t\t<div class=\"nav-links\"><span aria-current=\"page\" class=\"page-numbers current\">1<\/span>\n<a class=\"page-numbers\" href=\"https:\/\/www.accord-langues.com\/pt-br\/wp-json\/wp\/v2\/pages\/26107\/page\/2\/\">2<\/a>\n<a class=\"page-numbers\" href=\"https:\/\/www.accord-langues.com\/pt-br\/wp-json\/wp\/v2\/pages\/26107\/page\/3\/\">3<\/a>\n<a class=\"next page-numbers\" href=\"https:\/\/www.accord-langues.com\/pt-br\/wp-json\/wp\/v2\/pages\/26107\/page\/2\/\">\u2192<\/a><\/div>\n\t<\/nav>[\/vc_column_text][\/vc_column][\/vc_row][vc_row full_width=&#8221;stretch_row&#8221; css=&#8221;.vc_custom_1471605768894{padding-top: 20px !important;background-color: #f0f0f0 !important;}&#8221; el_id=&#8221;homepage-boxes&#8221;][vc_column][vc_row_inner][vc_column_inner width=&#8221;1\/3&#8243;]<div class=\"RFIbox green a-man\">\n\t<div class=\"RFIbox__media\">\n        <a href=\"https:\/\/www.accord-langues.com\/adult-french-language-courses-paris\/\" title=\"\" target=\"_blank\"><img decoding=\"async\" width=\"500\" height=\"333\" src=\"https:\/\/www.accord-langues.com\/wp-content\/uploads\/2016\/06\/box-adults.jpg\" class=\"img-responsive\" alt=\"\" srcset=\"https:\/\/www.accord-langues.com\/wp-content\/uploads\/2016\/06\/box-adults.jpg 500w, https:\/\/www.accord-langues.com\/wp-content\/uploads\/2016\/06\/box-adults-300x200.jpg 300w\" sizes=\"(max-width: 500px) 100vw, 500px\" title=\"box-adults\" \/><\/a>        \t<\/div>\n\n        <div class=\"RFIBox__title\">\n        <a href=\"https:\/\/www.accord-langues.com\/adult-french-language-courses-paris\/\" title=\"\" target=\"_blank\">French courses for Adults<\/a>    <\/div>\n    \n    <\/div>[\/vc_column_inner][vc_column_inner width=&#8221;1\/3&#8243;]<div class=\"RFIbox pink\">\n\t<div class=\"RFIbox__media\">\n        <a href=\"https:\/\/examensparis.fr\/\" title=\"\" target=\"_blank\"><img decoding=\"async\" width=\"500\" height=\"333\" src=\"https:\/\/www.accord-langues.com\/wp-content\/uploads\/2016\/06\/box-exams.jpg\" class=\"img-responsive\" alt=\"\" srcset=\"https:\/\/www.accord-langues.com\/wp-content\/uploads\/2016\/06\/box-exams.jpg 500w, https:\/\/www.accord-langues.com\/wp-content\/uploads\/2016\/06\/box-exams-300x200.jpg 300w\" sizes=\"(max-width: 500px) 100vw, 500px\" title=\"box-exams\" \/><\/a>        \t<\/div>\n\n        <div class=\"RFIBox__title\">\n        <a href=\"https:\/\/examensparis.fr\/\" title=\"\" target=\"_blank\">Exams - Diploma<\/a>    <\/div>\n    \n    <\/div>[\/vc_column_inner][\/vc_row_inner][\/vc_column][\/vc_row]<\/p>\n<\/div>","protected":false},"excerpt":{"rendered":"<p>[vc_row full_width=&#8221;stretch_row&#8221; content_placement=&#8221;middle&#8221; css=&#8221;.vc_custom_1532680905001{background-image: url(https:\/\/www.accord-langues.com\/wp-content\/uploads\/2018\/07\/Grands-Boulevards-top.jpg?id=1752) !important;background-position: center !important;background-repeat: no-repeat !important;background-size: cover !important;}&#8221; el_class=&#8221;header-image&#8221;][vc_column width=&#8221;2\/3&#8243; offset=&#8221;vc_col-sm-offset-2&#8243;][vc_column_text css=&#8221;&#8221;] Blog-Revista Cursos de franc\u00eas [&hellip;]<\/p>\n","protected":false},"author":10,"featured_media":0,"parent":0,"menu_order":0,"comment_status":"closed","ping_status":"closed","template":"","meta":{"_acf_changed":false,"footnotes":""},"class_list":["post-26107","page","type-page","status-publish","hentry"],"acf":[],"yoast_head":"<!-- This site is optimized with the Yoast SEO Premium plugin v28.3 (Yoast SEO v28.3) - https:\/\/yoast.com\/product\/yoast-seo-premium-wordpress\/ -->\n<title>Revista ACCORD para estudantes aprendendo franc\u00eas<\/title>\n<meta name=\"description\" content=\"Revista ACCORD para estudantes que est\u00e3o aprendendo franc\u00eas: selecione uma escola de franc\u00eas.\" \/>\n<meta name=\"robots\" content=\"index, follow, max-snippet:-1, max-image-preview:large, max-video-preview:-1\" \/>\n<link rel=\"canonical\" href=\"https:\/\/www.accord-langues.com\/pt-br\/blog-revista\/\" \/>\n<meta property=\"og:locale\" content=\"pt_BR\" \/>\n<meta property=\"og:type\" content=\"article\" \/>\n<meta property=\"og:title\" content=\"Blog-Revista\" \/>\n<meta property=\"og:description\" content=\"Revista ACCORD para estudantes que est\u00e3o aprendendo franc\u00eas: selecione uma escola de franc\u00eas.\" \/>\n<meta property=\"og:url\" content=\"https:\/\/www.accord-langues.com\/pt-br\/blog-revista\/\" \/>\n<meta property=\"og:site_name\" content=\"Accord Paris\" \/>\n<meta property=\"article:publisher\" content=\"https:\/\/www.facebook.com\/accordecoledelangues\" \/>\n<meta property=\"article:modified_time\" content=\"2026-04-14T11:31:58+00:00\" \/>\n<meta property=\"og:image\" content=\"https:\/\/www.accord-langues.com\/wp-content\/uploads\/2024\/02\/ACCORD-French-Language-School-in-Paris-low-res.jpg\" \/>\n\t<meta property=\"og:image:width\" content=\"1200\" \/>\n\t<meta property=\"og:image:height\" content=\"867\" \/>\n\t<meta property=\"og:image:type\" content=\"image\/jpeg\" \/>\n<meta name=\"twitter:card\" content=\"summary_large_image\" \/>\n<meta name=\"twitter:label1\" content=\"Est. tempo de leitura\" \/>\n\t<meta name=\"twitter:data1\" content=\"1 minuto\" \/>\n<script type=\"application\/ld+json\" class=\"yoast-schema-graph\">{\"@context\":\"https:\\\/\\\/schema.org\",\"@graph\":[{\"@type\":\"WebPage\",\"@id\":\"https:\\\/\\\/www.accord-langues.com\\\/pt-br\\\/blog-revista\\\/\",\"url\":\"https:\\\/\\\/www.accord-langues.com\\\/pt-br\\\/blog-revista\\\/\",\"name\":\"Revista ACCORD para estudantes aprendendo franc\u00eas\",\"isPartOf\":{\"@id\":\"https:\\\/\\\/www.accord-langues.com\\\/pt-br\\\/#website\"},\"datePublished\":\"2018-07-23T10:55:32+00:00\",\"dateModified\":\"2026-04-14T11:31:58+00:00\",\"description\":\"Revista ACCORD para estudantes que est\u00e3o aprendendo franc\u00eas: selecione uma escola de franc\u00eas.\",\"inLanguage\":\"pt-BR\",\"potentialAction\":[{\"@type\":\"ReadAction\",\"target\":[\"https:\\\/\\\/www.accord-langues.com\\\/pt-br\\\/blog-revista\\\/\"]}]},{\"@type\":\"WebSite\",\"@id\":\"https:\\\/\\\/www.accord-langues.com\\\/pt-br\\\/#website\",\"url\":\"https:\\\/\\\/www.accord-langues.com\\\/pt-br\\\/\",\"name\":\"Accord Paris\",\"description\":\"Learn French in France\",\"publisher\":{\"@id\":\"https:\\\/\\\/www.accord-langues.com\\\/pt-br\\\/#organization\"},\"potentialAction\":[{\"@type\":\"SearchAction\",\"target\":{\"@type\":\"EntryPoint\",\"urlTemplate\":\"https:\\\/\\\/www.accord-langues.com\\\/pt-br\\\/?s={search_term_string}\"},\"query-input\":{\"@type\":\"PropertyValueSpecification\",\"valueRequired\":true,\"valueName\":\"search_term_string\"}}],\"inLanguage\":\"pt-BR\"},{\"@type\":\"Organization\",\"@id\":\"https:\\\/\\\/www.accord-langues.com\\\/pt-br\\\/#organization\",\"name\":\"ACCORD Tour Eiffel\",\"alternateName\":\"Learn French in Paris\",\"url\":\"https:\\\/\\\/www.accord-langues.com\\\/pt-br\\\/\",\"logo\":{\"@type\":\"ImageObject\",\"inLanguage\":\"pt-BR\",\"@id\":\"https:\\\/\\\/www.accord-langues.com\\\/pt-br\\\/#\\\/schema\\\/logo\\\/image\\\/\",\"url\":\"https:\\\/\\\/www.accord-langues.com\\\/wp-content\\\/uploads\\\/2016\\\/06\\\/Logo.png\",\"contentUrl\":\"https:\\\/\\\/www.accord-langues.com\\\/wp-content\\\/uploads\\\/2016\\\/06\\\/Logo.png\",\"width\":290,\"height\":70,\"caption\":\"ACCORD Tour Eiffel\"},\"image\":{\"@id\":\"https:\\\/\\\/www.accord-langues.com\\\/pt-br\\\/#\\\/schema\\\/logo\\\/image\\\/\"},\"sameAs\":[\"https:\\\/\\\/www.facebook.com\\\/accordecoledelangues\",\"https:\\\/\\\/www.linkedin.com\\\/groups\\\/4542133\\\/\"],\"description\":\"ACCORD French Language School is one of the leading schools in France for teaching French to foreign students and offering high quality French language courses in Paris. The ACCORD language school is located in the heart of Paris, nearby the Eiffel Tower. The ACCORD school is open all year round and welcomes students from all over the world from the age of 16 in its French language courses. ACCORD school is accredited by the official \u201cQualit\u00e9 FLE\u201d label and is member of CAMPUS FRANCE, SOUFFLE and Atout France. ACCORD is official exam center for the TCF IRN, TCF TP, TCF Qu\u00e9bec and TCF Canada.\",\"email\":\"info@accord-langues.com\",\"telephone\":\"+33155335233\",\"legalName\":\"FORUM ACCORD\",\"foundingDate\":\"1990-02-23\",\"numberOfEmployees\":{\"@type\":\"QuantitativeValue\",\"minValue\":\"11\",\"maxValue\":\"50\"}}]}<\/script>\n<!-- \/ Yoast SEO Premium plugin. -->","yoast_head_json":{"title":"Revista ACCORD para estudantes aprendendo franc\u00eas","description":"Revista ACCORD para estudantes que est\u00e3o aprendendo franc\u00eas: selecione uma escola de franc\u00eas.","robots":{"index":"index","follow":"follow","max-snippet":"max-snippet:-1","max-image-preview":"max-image-preview:large","max-video-preview":"max-video-preview:-1"},"canonical":"https:\/\/www.accord-langues.com\/pt-br\/blog-revista\/","og_locale":"pt_BR","og_type":"article","og_title":"Blog-Revista","og_description":"Revista ACCORD para estudantes que est\u00e3o aprendendo franc\u00eas: selecione uma escola de franc\u00eas.","og_url":"https:\/\/www.accord-langues.com\/pt-br\/blog-revista\/","og_site_name":"Accord Paris","article_publisher":"https:\/\/www.facebook.com\/accordecoledelangues","article_modified_time":"2026-04-14T11:31:58+00:00","og_image":[{"width":1200,"height":867,"url":"https:\/\/www.accord-langues.com\/wp-content\/uploads\/2024\/02\/ACCORD-French-Language-School-in-Paris-low-res.jpg","type":"image\/jpeg"}],"twitter_card":"summary_large_image","twitter_misc":{"Est. tempo de leitura":"1 minuto"},"schema":{"@context":"https:\/\/schema.org","@graph":[{"@type":"WebPage","@id":"https:\/\/www.accord-langues.com\/pt-br\/blog-revista\/","url":"https:\/\/www.accord-langues.com\/pt-br\/blog-revista\/","name":"Revista ACCORD para estudantes aprendendo franc\u00eas","isPartOf":{"@id":"https:\/\/www.accord-langues.com\/pt-br\/#website"},"datePublished":"2018-07-23T10:55:32+00:00","dateModified":"2026-04-14T11:31:58+00:00","description":"Revista ACCORD para estudantes que est\u00e3o aprendendo franc\u00eas: selecione uma escola de franc\u00eas.","inLanguage":"pt-BR","potentialAction":[{"@type":"ReadAction","target":["https:\/\/www.accord-langues.com\/pt-br\/blog-revista\/"]}]},{"@type":"WebSite","@id":"https:\/\/www.accord-langues.com\/pt-br\/#website","url":"https:\/\/www.accord-langues.com\/pt-br\/","name":"Accord Paris","description":"Learn French in France","publisher":{"@id":"https:\/\/www.accord-langues.com\/pt-br\/#organization"},"potentialAction":[{"@type":"SearchAction","target":{"@type":"EntryPoint","urlTemplate":"https:\/\/www.accord-langues.com\/pt-br\/?s={search_term_string}"},"query-input":{"@type":"PropertyValueSpecification","valueRequired":true,"valueName":"search_term_string"}}],"inLanguage":"pt-BR"},{"@type":"Organization","@id":"https:\/\/www.accord-langues.com\/pt-br\/#organization","name":"ACCORD Tour Eiffel","alternateName":"Learn French in Paris","url":"https:\/\/www.accord-langues.com\/pt-br\/","logo":{"@type":"ImageObject","inLanguage":"pt-BR","@id":"https:\/\/www.accord-langues.com\/pt-br\/#\/schema\/logo\/image\/","url":"https:\/\/www.accord-langues.com\/wp-content\/uploads\/2016\/06\/Logo.png","contentUrl":"https:\/\/www.accord-langues.com\/wp-content\/uploads\/2016\/06\/Logo.png","width":290,"height":70,"caption":"ACCORD Tour Eiffel"},"image":{"@id":"https:\/\/www.accord-langues.com\/pt-br\/#\/schema\/logo\/image\/"},"sameAs":["https:\/\/www.facebook.com\/accordecoledelangues","https:\/\/www.linkedin.com\/groups\/4542133\/"],"description":"ACCORD French Language School is one of the leading schools in France for teaching French to foreign students and offering high quality French language courses in Paris. The ACCORD language school is located in the heart of Paris, nearby the Eiffel Tower. The ACCORD school is open all year round and welcomes students from all over the world from the age of 16 in its French language courses. ACCORD school is accredited by the official \u201cQualit\u00e9 FLE\u201d label and is member of CAMPUS FRANCE, SOUFFLE and Atout France. ACCORD is official exam center for the TCF IRN, TCF TP, TCF Qu\u00e9bec and TCF Canada.","email":"info@accord-langues.com","telephone":"+33155335233","legalName":"FORUM ACCORD","foundingDate":"1990-02-23","numberOfEmployees":{"@type":"QuantitativeValue","minValue":"11","maxValue":"50"}}]}},"_links":{"self":[{"href":"https:\/\/www.accord-langues.com\/pt-br\/wp-json\/wp\/v2\/pages\/26107","targetHints":{"allow":["GET"]}}],"collection":[{"href":"https:\/\/www.accord-langues.com\/pt-br\/wp-json\/wp\/v2\/pages"}],"about":[{"href":"https:\/\/www.accord-langues.com\/pt-br\/wp-json\/wp\/v2\/types\/page"}],"author":[{"embeddable":true,"href":"https:\/\/www.accord-langues.com\/pt-br\/wp-json\/wp\/v2\/users\/10"}],"replies":[{"embeddable":true,"href":"https:\/\/www.accord-langues.com\/pt-br\/wp-json\/wp\/v2\/comments?post=26107"}],"version-history":[{"count":1,"href":"https:\/\/www.accord-langues.com\/pt-br\/wp-json\/wp\/v2\/pages\/26107\/revisions"}],"predecessor-version":[{"id":26113,"href":"https:\/\/www.accord-langues.com\/pt-br\/wp-json\/wp\/v2\/pages\/26107\/revisions\/26113"}],"wp:attachment":[{"href":"https:\/\/www.accord-langues.com\/pt-br\/wp-json\/wp\/v2\/media?parent=26107"}],"curies":[{"name":"wp","href":"https:\/\/api.w.org\/{rel}","templated":true}]}}