{"id":8796,"date":"2020-02-06T12:11:52","date_gmt":"2020-02-06T12:11:52","guid":{"rendered":"https:\/\/www.accord-langues.com\/wp-content\/uploads\/2020\/02\/Acoord_-logo_fle_criteres_19.jpg"},"modified":"2022-06-18T18:12:09","modified_gmt":"2022-06-18T17:12:09","slug":"acoord_-logo_fle_criteres_19-3","status":"inherit","type":"attachment","link":"https:\/\/www.accord-langues.com\/pt-br\/acoord_-logo_fle_criteres_19-3\/","title":{"rendered":"Acoord_ logo_fle_criteres_19#"},"author":10,"featured_media":0,"comment_status":"closed","ping_status":"closed","template":"","meta":{"_acf_changed":false},"class_list":["post-8796","attachment","type-attachment","status-inherit","hentry"],"acf":[],"yoast_head":"<!-- This site is optimized with the Yoast SEO Premium plugin v27.5 (Yoast SEO v27.5) - https:\/\/yoast.com\/product\/yoast-seo-premium-wordpress\/ -->\n<title>Acoord_ logo_fle_criteres_19# - Accord Paris<\/title>\n<meta name=\"robots\" content=\"noindex, follow\" \/>\n<meta property=\"og:locale\" content=\"pt_BR\" \/>\n<meta property=\"og:type\" content=\"article\" \/>\n<meta property=\"og:title\" content=\"Acoord_ logo_fle_criteres_19# - Accord Paris\" \/>\n<meta property=\"og:description\" content=\"S\u00e9jour linguistique labellis\u00e9 Qualit\u00e9 FLE\" \/>\n<meta property=\"og:url\" content=\"https:\/\/www.accord-langues.com\/pt-br\/acoord_-logo_fle_criteres_19-3\/\" \/>\n<meta property=\"og:site_name\" content=\"Accord Paris\" \/>\n<meta property=\"article:publisher\" content=\"https:\/\/www.facebook.com\/accordecoledelangues\" \/>\n<meta property=\"article:modified_time\" content=\"2022-06-18T17:12:09+00:00\" \/>\n<meta property=\"og:image\" content=\"https:\/\/www.accord-langues.com\/wp-content\/uploads\/2020\/02\/Acoord_-logo_fle_criteres_19.jpg\" \/>\n\t<meta property=\"og:image:width\" content=\"1069\" \/>\n\t<meta property=\"og:image:height\" content=\"741\" \/>\n\t<meta property=\"og:image:type\" content=\"image\/jpeg\" \/>\n<meta name=\"twitter:card\" content=\"summary_large_image\" \/>\n<script type=\"application\/ld+json\" class=\"yoast-schema-graph\">{\"@context\":\"https:\\\/\\\/schema.org\",\"@graph\":[{\"@type\":\"Article\",\"@id\":\"https:\\\/\\\/www.accord-langues.com\\\/pt-br\\\/acoord_-logo_fle_criteres_19-3\\\/#article\",\"isPartOf\":{\"@id\":\"https:\\\/\\\/www.accord-langues.com\\\/pt-br\\\/acoord_-logo_fle_criteres_19-3\\\/\"},\"author\":{\"name\":\"Fran\u00e7ois PFEIFFER\",\"@id\":\"https:\\\/\\\/www.accord-langues.com\\\/pt-br\\\/#\\\/schema\\\/person\\\/094b7403ccd70c90f43907c2f18fcd5c\"},\"headline\":\"Acoord_ logo_fle_criteres_19#\",\"datePublished\":\"2020-02-06T12:11:52+00:00\",\"dateModified\":\"2022-06-18T17:12:09+00:00\",\"mainEntityOfPage\":{\"@id\":\"https:\\\/\\\/www.accord-langues.com\\\/pt-br\\\/acoord_-logo_fle_criteres_19-3\\\/\"},\"wordCount\":10,\"publisher\":{\"@id\":\"https:\\\/\\\/www.accord-langues.com\\\/pt-br\\\/#organization\"},\"inLanguage\":\"pt-BR\"},{\"@type\":\"WebPage\",\"@id\":\"https:\\\/\\\/www.accord-langues.com\\\/pt-br\\\/acoord_-logo_fle_criteres_19-3\\\/\",\"url\":\"https:\\\/\\\/www.accord-langues.com\\\/pt-br\\\/acoord_-logo_fle_criteres_19-3\\\/\",\"name\":\"Acoord_ logo_fle_criteres_19# - Accord Paris\",\"isPartOf\":{\"@id\":\"https:\\\/\\\/www.accord-langues.com\\\/pt-br\\\/#website\"},\"datePublished\":\"2020-02-06T12:11:52+00:00\",\"dateModified\":\"2022-06-18T17:12:09+00:00\",\"inLanguage\":\"pt-BR\",\"potentialAction\":[{\"@type\":\"ReadAction\",\"target\":[\"https:\\\/\\\/www.accord-langues.com\\\/pt-br\\\/acoord_-logo_fle_criteres_19-3\\\/\"]}]},{\"@type\":\"WebSite\",\"@id\":\"https:\\\/\\\/www.accord-langues.com\\\/pt-br\\\/#website\",\"url\":\"https:\\\/\\\/www.accord-langues.com\\\/pt-br\\\/\",\"name\":\"Accord Paris\",\"description\":\"Learn French in France\",\"publisher\":{\"@id\":\"https:\\\/\\\/www.accord-langues.com\\\/pt-br\\\/#organization\"},\"potentialAction\":[{\"@type\":\"SearchAction\",\"target\":{\"@type\":\"EntryPoint\",\"urlTemplate\":\"https:\\\/\\\/www.accord-langues.com\\\/pt-br\\\/?s={search_term_string}\"},\"query-input\":{\"@type\":\"PropertyValueSpecification\",\"valueRequired\":true,\"valueName\":\"search_term_string\"}}],\"inLanguage\":\"pt-BR\"},{\"@type\":\"Organization\",\"@id\":\"https:\\\/\\\/www.accord-langues.com\\\/pt-br\\\/#organization\",\"name\":\"ACCORD Tour Eiffel\",\"alternateName\":\"Learn French in Paris\",\"url\":\"https:\\\/\\\/www.accord-langues.com\\\/pt-br\\\/\",\"logo\":{\"@type\":\"ImageObject\",\"inLanguage\":\"pt-BR\",\"@id\":\"https:\\\/\\\/www.accord-langues.com\\\/pt-br\\\/#\\\/schema\\\/logo\\\/image\\\/\",\"url\":\"https:\\\/\\\/www.accord-langues.com\\\/wp-content\\\/uploads\\\/2016\\\/06\\\/Logo.png\",\"contentUrl\":\"https:\\\/\\\/www.accord-langues.com\\\/wp-content\\\/uploads\\\/2016\\\/06\\\/Logo.png\",\"width\":290,\"height\":70,\"caption\":\"ACCORD Tour Eiffel\"},\"image\":{\"@id\":\"https:\\\/\\\/www.accord-langues.com\\\/pt-br\\\/#\\\/schema\\\/logo\\\/image\\\/\"},\"sameAs\":[\"https:\\\/\\\/www.facebook.com\\\/accordecoledelangues\",\"https:\\\/\\\/www.linkedin.com\\\/groups\\\/4542133\\\/\"],\"description\":\"ACCORD French Language School is one of the leading schools in France for teaching French to foreign students and offering high quality French language courses in Paris. The ACCORD language school is located in the heart of Paris, nearby the Eiffel Tower. The ACCORD school is open all year round and welcomes students from all over the world from the age of 16 in its French language courses. ACCORD school is accredited by the official \u201cQualit\u00e9 FLE\u201d label and is member of CAMPUS FRANCE, SOUFFLE and Atout France. ACCORD is official exam center for the TCF IRN, TCF TP, TCF Qu\u00e9bec and TCF Canada.\",\"email\":\"info@accord-langues.com\",\"telephone\":\"+33155335233\",\"legalName\":\"FORUM ACCORD\",\"foundingDate\":\"1990-02-23\",\"numberOfEmployees\":{\"@type\":\"QuantitativeValue\",\"minValue\":\"11\",\"maxValue\":\"50\"}},{\"@type\":\"Person\",\"@id\":\"https:\\\/\\\/www.accord-langues.com\\\/pt-br\\\/#\\\/schema\\\/person\\\/094b7403ccd70c90f43907c2f18fcd5c\",\"name\":\"Fran\u00e7ois PFEIFFER\",\"url\":\"https:\\\/\\\/www.accord-langues.com\\\/pt-br\\\/author\\\/ffpnat-21-05\\\/\"}]}<\/script>\n<!-- \/ Yoast SEO Premium plugin. -->","yoast_head_json":{"title":"Acoord_ logo_fle_criteres_19# - Accord Paris","robots":{"index":"noindex","follow":"follow"},"og_locale":"pt_BR","og_type":"article","og_title":"Acoord_ logo_fle_criteres_19# - Accord Paris","og_description":"S\u00e9jour linguistique labellis\u00e9 Qualit\u00e9 FLE","og_url":"https:\/\/www.accord-langues.com\/pt-br\/acoord_-logo_fle_criteres_19-3\/","og_site_name":"Accord Paris","article_publisher":"https:\/\/www.facebook.com\/accordecoledelangues","article_modified_time":"2022-06-18T17:12:09+00:00","og_image":[{"width":1069,"height":741,"url":"https:\/\/www.accord-langues.com\/wp-content\/uploads\/2020\/02\/Acoord_-logo_fle_criteres_19.jpg","type":"image\/jpeg"}],"twitter_card":"summary_large_image","schema":{"@context":"https:\/\/schema.org","@graph":[{"@type":"Article","@id":"https:\/\/www.accord-langues.com\/pt-br\/acoord_-logo_fle_criteres_19-3\/#article","isPartOf":{"@id":"https:\/\/www.accord-langues.com\/pt-br\/acoord_-logo_fle_criteres_19-3\/"},"author":{"name":"Fran\u00e7ois PFEIFFER","@id":"https:\/\/www.accord-langues.com\/pt-br\/#\/schema\/person\/094b7403ccd70c90f43907c2f18fcd5c"},"headline":"Acoord_ logo_fle_criteres_19#","datePublished":"2020-02-06T12:11:52+00:00","dateModified":"2022-06-18T17:12:09+00:00","mainEntityOfPage":{"@id":"https:\/\/www.accord-langues.com\/pt-br\/acoord_-logo_fle_criteres_19-3\/"},"wordCount":10,"publisher":{"@id":"https:\/\/www.accord-langues.com\/pt-br\/#organization"},"inLanguage":"pt-BR"},{"@type":"WebPage","@id":"https:\/\/www.accord-langues.com\/pt-br\/acoord_-logo_fle_criteres_19-3\/","url":"https:\/\/www.accord-langues.com\/pt-br\/acoord_-logo_fle_criteres_19-3\/","name":"Acoord_ logo_fle_criteres_19# - Accord Paris","isPartOf":{"@id":"https:\/\/www.accord-langues.com\/pt-br\/#website"},"datePublished":"2020-02-06T12:11:52+00:00","dateModified":"2022-06-18T17:12:09+00:00","inLanguage":"pt-BR","potentialAction":[{"@type":"ReadAction","target":["https:\/\/www.accord-langues.com\/pt-br\/acoord_-logo_fle_criteres_19-3\/"]}]},{"@type":"WebSite","@id":"https:\/\/www.accord-langues.com\/pt-br\/#website","url":"https:\/\/www.accord-langues.com\/pt-br\/","name":"Accord Paris","description":"Learn French in France","publisher":{"@id":"https:\/\/www.accord-langues.com\/pt-br\/#organization"},"potentialAction":[{"@type":"SearchAction","target":{"@type":"EntryPoint","urlTemplate":"https:\/\/www.accord-langues.com\/pt-br\/?s={search_term_string}"},"query-input":{"@type":"PropertyValueSpecification","valueRequired":true,"valueName":"search_term_string"}}],"inLanguage":"pt-BR"},{"@type":"Organization","@id":"https:\/\/www.accord-langues.com\/pt-br\/#organization","name":"ACCORD Tour Eiffel","alternateName":"Learn French in Paris","url":"https:\/\/www.accord-langues.com\/pt-br\/","logo":{"@type":"ImageObject","inLanguage":"pt-BR","@id":"https:\/\/www.accord-langues.com\/pt-br\/#\/schema\/logo\/image\/","url":"https:\/\/www.accord-langues.com\/wp-content\/uploads\/2016\/06\/Logo.png","contentUrl":"https:\/\/www.accord-langues.com\/wp-content\/uploads\/2016\/06\/Logo.png","width":290,"height":70,"caption":"ACCORD Tour Eiffel"},"image":{"@id":"https:\/\/www.accord-langues.com\/pt-br\/#\/schema\/logo\/image\/"},"sameAs":["https:\/\/www.facebook.com\/accordecoledelangues","https:\/\/www.linkedin.com\/groups\/4542133\/"],"description":"ACCORD French Language School is one of the leading schools in France for teaching French to foreign students and offering high quality French language courses in Paris. The ACCORD language school is located in the heart of Paris, nearby the Eiffel Tower. The ACCORD school is open all year round and welcomes students from all over the world from the age of 16 in its French language courses. ACCORD school is accredited by the official \u201cQualit\u00e9 FLE\u201d label and is member of CAMPUS FRANCE, SOUFFLE and Atout France. ACCORD is official exam center for the TCF IRN, TCF TP, TCF Qu\u00e9bec and TCF Canada.","email":"info@accord-langues.com","telephone":"+33155335233","legalName":"FORUM ACCORD","foundingDate":"1990-02-23","numberOfEmployees":{"@type":"QuantitativeValue","minValue":"11","maxValue":"50"}},{"@type":"Person","@id":"https:\/\/www.accord-langues.com\/pt-br\/#\/schema\/person\/094b7403ccd70c90f43907c2f18fcd5c","name":"Fran\u00e7ois PFEIFFER","url":"https:\/\/www.accord-langues.com\/pt-br\/author\/ffpnat-21-05\/"}]}},"description":{"rendered":"<p class=\"attachment\"><a href='https:\/\/www.accord-langues.com\/wp-content\/uploads\/2020\/02\/Acoord_-logo_fle_criteres_19.jpg'><img decoding=\"async\" width=\"300\" height=\"208\" src=\"https:\/\/www.accord-langues.com\/wp-content\/uploads\/2020\/02\/Acoord_-logo_fle_criteres_19-300x208.jpg\" class=\"attachment-medium size-medium\" alt=\"S\u00e9jour linguistique labellis\u00e9 Qualit\u00e9 FLE\" srcset=\"https:\/\/www.accord-langues.com\/wp-content\/uploads\/2020\/02\/Acoord_-logo_fle_criteres_19-300x208.jpg 300w, https:\/\/www.accord-langues.com\/wp-content\/uploads\/2020\/02\/Acoord_-logo_fle_criteres_19-768x532.jpg 768w, https:\/\/www.accord-langues.com\/wp-content\/uploads\/2020\/02\/Acoord_-logo_fle_criteres_19-1024x710.jpg 1024w, https:\/\/www.accord-langues.com\/wp-content\/uploads\/2020\/02\/Acoord_-logo_fle_criteres_19.jpg 1069w\" sizes=\"(max-width: 300px) 100vw, 300px\" title=\"Acoord_ logo_fle_criteres_19#\" \/><\/a><\/p>\n<p>S\u00e9jour linguistique labellis\u00e9 Qualit\u00e9 FLE<\/p>\n"},"caption":{"rendered":"<p>S\u00e9jour linguistique labellis\u00e9 Qualit\u00e9 FLE<\/p>\n"},"alt_text":"S\u00e9jour linguistique labellis\u00e9 Qualit\u00e9 FLE","media_type":"image","mime_type":"image\/jpeg","media_details":{"width":1069,"height":741,"file":"2020\/02\/Acoord_-logo_fle_criteres_19.jpg","sizes":{"thumbnail":{"file":"Acoord_-logo_fle_criteres_19-150x150.jpg","width":150,"height":150,"mime_type":"image\/jpeg","source_url":"https:\/\/www.accord-langues.com\/wp-content\/uploads\/2020\/02\/Acoord_-logo_fle_criteres_19-150x150.jpg"},"medium":{"file":"Acoord_-logo_fle_criteres_19-300x208.jpg","width":300,"height":208,"mime_type":"image\/jpeg","source_url":"https:\/\/www.accord-langues.com\/wp-content\/uploads\/2020\/02\/Acoord_-logo_fle_criteres_19-300x208.jpg"},"medium_large":{"file":"Acoord_-logo_fle_criteres_19-768x532.jpg","width":768,"height":532,"mime_type":"image\/jpeg","source_url":"https:\/\/www.accord-langues.com\/wp-content\/uploads\/2020\/02\/Acoord_-logo_fle_criteres_19-768x532.jpg"},"large":{"file":"Acoord_-logo_fle_criteres_19-1024x710.jpg","width":1024,"height":710,"mime_type":"image\/jpeg","source_url":"https:\/\/www.accord-langues.com\/wp-content\/uploads\/2020\/02\/Acoord_-logo_fle_criteres_19-1024x710.jpg"},"blog":{"file":"Acoord_-logo_fle_criteres_19-350x350.jpg","width":350,"height":350,"mime_type":"image\/jpeg","source_url":"https:\/\/www.accord-langues.com\/wp-content\/uploads\/2020\/02\/Acoord_-logo_fle_criteres_19-350x350.jpg"},"full":{"file":"Acoord_-logo_fle_criteres_19.jpg","width":1069,"height":741,"mime_type":"image\/jpeg","source_url":"https:\/\/www.accord-langues.com\/wp-content\/uploads\/2020\/02\/Acoord_-logo_fle_criteres_19.jpg"}},"image_meta":{"aperture":"0","credit":"","camera":"","caption":"","created_timestamp":"0","copyright":"","focal_length":"0","iso":"0","shutter_speed":"0","title":"","orientation":"0","keywords":[]}},"post":null,"source_url":"https:\/\/www.accord-langues.com\/wp-content\/uploads\/2020\/02\/Acoord_-logo_fle_criteres_19.jpg","_links":{"self":[{"href":"https:\/\/www.accord-langues.com\/pt-br\/wp-json\/wp\/v2\/media\/8796","targetHints":{"allow":["GET"]}}],"collection":[{"href":"https:\/\/www.accord-langues.com\/pt-br\/wp-json\/wp\/v2\/media"}],"about":[{"href":"https:\/\/www.accord-langues.com\/pt-br\/wp-json\/wp\/v2\/types\/attachment"}],"author":[{"embeddable":true,"href":"https:\/\/www.accord-langues.com\/pt-br\/wp-json\/wp\/v2\/users\/10"}],"replies":[{"embeddable":true,"href":"https:\/\/www.accord-langues.com\/pt-br\/wp-json\/wp\/v2\/comments?post=8796"}]}}