{"id":26106,"date":"2018-07-23T11:55:32","date_gmt":"2018-07-23T10:55:32","guid":{"rendered":"https:\/\/www.accord-langues.com\/accord-paris-magazine\/"},"modified":"2026-04-14T12:30:55","modified_gmt":"2026-04-14T11:30:55","slug":"blog-rivista","status":"publish","type":"page","link":"https:\/\/www.accord-langues.com\/it\/blog-rivista\/","title":{"rendered":"Blog-Rivista"},"content":{"rendered":"<div class=\"wpb-content-wrapper\" id=\"wpb-content-root\"><p>[vc_row full_width=&#8221;stretch_row&#8221; content_placement=&#8221;middle&#8221; css=&#8221;.vc_custom_1532680905001{background-image: url(https:\/\/www.accord-langues.com\/wp-content\/uploads\/2018\/07\/Grands-Boulevards-top.jpg?id=1752) !important;background-position: center !important;background-repeat: no-repeat !important;background-size: cover !important;}&#8221; el_class=&#8221;header-image&#8221;][vc_column width=&#8221;2\/3&#8243; offset=&#8221;vc_col-sm-offset-2&#8243;][vc_column_text css=&#8221;&#8221;]<\/p>\n<h1 style=\"text-align: center;\">Blog-Rivista<\/h1>\n<p style=\"text-align: center;\"><strong>Corsi di francese a Parigi &#8211; Studia il francese in Francia<\/strong><\/p>\n<p>[\/vc_column_text][\/vc_column][\/vc_row][vc_row][vc_column][vc_column_text]\t\r\n\t\t\t<div class=\"blog\">\r\n\t\t<div class=\"RFPostList\">\r\n\t\t\t\t\t\t\t\t\t\t<div class=\"RFPostList__item col-sm-3\">\r\n\t\t\t\t\t<div class=\"RFPostList__inner\">\r\n\r\n\t\t\t\t\t\t\t\t\t\t\t\t\t<div class=\"RFPostList__image\">\r\n\t\t\t\t\t\t\t\t<a href=\"https:\/\/www.accord-langues.com\/it\/perche-la-bandiera-francese-e-blu-bianca-e-rossa\/\"><img decoding=\"async\" width=\"350\" height=\"350\" src=\"https:\/\/www.accord-langues.com\/wp-content\/uploads\/2026\/08\/invitro-flag-3210468_1280-350x350.jpg\" class=\"img-responsive wp-post-image\" alt=\"Why Is the French Flag Blue, White, and Red?\" srcset=\"https:\/\/www.accord-langues.com\/wp-content\/uploads\/2026\/08\/invitro-flag-3210468_1280-350x350.jpg 350w, https:\/\/www.accord-langues.com\/wp-content\/uploads\/2026\/08\/invitro-flag-3210468_1280-150x150.jpg 150w\" sizes=\"(max-width: 350px) 100vw, 350px\" title=\"invitro-flag-3210468_1280\" \/><\/a>\r\n\t\t\t\t\t\t\t<\/div>\r\n\t\t\t\t\t\t\r\n\t\t\t\t\t\t<div class=\"RFPostList__title\">\r\n\t\t\t\t\t\t\t<a href=\"https:\/\/www.accord-langues.com\/it\/perche-la-bandiera-francese-e-blu-bianca-e-rossa\/\" class=\"h3-like\" style=\"display: block;margin-bottom:10px;\">Perch\u00e9 la bandiera francese \u00e8 blu, bianca e rossa?<\/a>\r\n\t\t\t\t\t\t<\/div>\r\n\r\n\t\t\t\t\t\t<div class=\"RFPostList__excerpt\">\r\n\t\t\t\t\t\t\t<p>Scopri perch\u00e9 la bandiera francese \u00e8 blu, bianca e rossa, cosa simboleggia ogni colore, la sua storia rivoluzionaria e quali altri paesi condividono gli stessi colori.<\/p>\n\t\t\t\t\t\t<\/div>\r\n\r\n\t\t\t\t\t\t<div class=\"RFPostList__read-more\">\r\n\t\t\t\t\t\t\t<a class=\"btn btn-primary transparent\" href=\"https:\/\/www.accord-langues.com\/it\/perche-la-bandiera-francese-e-blu-bianca-e-rossa\/\">Ulteriori informazioni<\/a>\r\n\t\t\t\t\t\t<\/div>\r\n\t\t\t\t\t<\/div>\r\n\t\t\t\t<\/div>\r\n\t\t\t\t\t\t\t\t\t\t\t\t\r\n\t\t\t\t\t\t\t<div class=\"RFPostList__item col-sm-3\">\r\n\t\t\t\t\t<div class=\"RFPostList__inner\">\r\n\r\n\t\t\t\t\t\t\t\t\t\t\t\t\t<div class=\"RFPostList__image\">\r\n\t\t\t\t\t\t\t\t<a href=\"https:\/\/www.accord-langues.com\/it\/comprensione-orale-del-francese\/\"><img decoding=\"async\" width=\"350\" height=\"350\" src=\"https:\/\/www.accord-langues.com\/wp-content\/uploads\/2026\/08\/French-listening-comprehension-French-course-C-350x350.jpg\" class=\"img-responsive wp-post-image\" alt=\"French listening comprehension\" srcset=\"https:\/\/www.accord-langues.com\/wp-content\/uploads\/2026\/08\/French-listening-comprehension-French-course-C-350x350.jpg 350w, https:\/\/www.accord-langues.com\/wp-content\/uploads\/2026\/08\/French-listening-comprehension-French-course-C-150x150.jpg 150w\" sizes=\"(max-width: 350px) 100vw, 350px\" title=\"French listening comprehension - French course C\" \/><\/a>\r\n\t\t\t\t\t\t\t<\/div>\r\n\t\t\t\t\t\t\r\n\t\t\t\t\t\t<div class=\"RFPostList__title\">\r\n\t\t\t\t\t\t\t<a href=\"https:\/\/www.accord-langues.com\/it\/comprensione-orale-del-francese\/\" class=\"h3-like\" style=\"display: block;margin-bottom:10px;\">Comprensione orale del francese<\/a>\r\n\t\t\t\t\t\t<\/div>\r\n\r\n\t\t\t\t\t\t<div class=\"RFPostList__excerpt\">\r\n\t\t\t\t\t\t\t<p>Migliora la tua comprensione orale del francese con i corsi intensivi di ACCORD Paris. Pratica reale e progressi concreti gi\u00e0 dopo una o due settimane.<\/p>\n\t\t\t\t\t\t<\/div>\r\n\r\n\t\t\t\t\t\t<div class=\"RFPostList__read-more\">\r\n\t\t\t\t\t\t\t<a class=\"btn btn-primary transparent\" href=\"https:\/\/www.accord-langues.com\/it\/comprensione-orale-del-francese\/\">Ulteriori informazioni<\/a>\r\n\t\t\t\t\t\t<\/div>\r\n\t\t\t\t\t<\/div>\r\n\t\t\t\t<\/div>\r\n\t\t\t\t\t\t\t\t\t\t\t\t\r\n\t\t\t\t\t\t\t<div class=\"RFPostList__item col-sm-3\">\r\n\t\t\t\t\t<div class=\"RFPostList__inner\">\r\n\r\n\t\t\t\t\t\t\t\t\t\t\t\t\t<div class=\"RFPostList__image\">\r\n\t\t\t\t\t\t\t\t<a href=\"https:\/\/www.accord-langues.com\/it\/cosa-fare-a-parigi-a-settembre\/\"><img decoding=\"async\" width=\"350\" height=\"350\" src=\"https:\/\/www.accord-langues.com\/wp-content\/uploads\/2026\/08\/new-4-350x350.jpg\" class=\"img-responsive wp-post-image\" alt=\"Sprachschule ACCORD Paris\" srcset=\"https:\/\/www.accord-langues.com\/wp-content\/uploads\/2026\/08\/new-4-350x350.jpg 350w, https:\/\/www.accord-langues.com\/wp-content\/uploads\/2026\/08\/new-4-150x150.jpg 150w\" sizes=\"(max-width: 350px) 100vw, 350px\" title=\"new (4)\" \/><\/a>\r\n\t\t\t\t\t\t\t<\/div>\r\n\t\t\t\t\t\t\r\n\t\t\t\t\t\t<div class=\"RFPostList__title\">\r\n\t\t\t\t\t\t\t<a href=\"https:\/\/www.accord-langues.com\/it\/cosa-fare-a-parigi-a-settembre\/\" class=\"h3-like\" style=\"display: block;margin-bottom:10px;\">Cosa fare a Parigi a settembre?<\/a>\r\n\t\t\t\t\t\t<\/div>\r\n\r\n\t\t\t\t\t\t<div class=\"RFPostList__excerpt\">\r\n\t\t\t\t\t\t\t<p>Dalla Paris Fashion Week alle Giornate Europee del Patrimonio: scopri la nostra guida ai migliori eventi, mostre e concerti a Parigi nel settembre 2026.<\/p>\n\t\t\t\t\t\t<\/div>\r\n\r\n\t\t\t\t\t\t<div class=\"RFPostList__read-more\">\r\n\t\t\t\t\t\t\t<a class=\"btn btn-primary transparent\" href=\"https:\/\/www.accord-langues.com\/it\/cosa-fare-a-parigi-a-settembre\/\">Ulteriori informazioni<\/a>\r\n\t\t\t\t\t\t<\/div>\r\n\t\t\t\t\t<\/div>\r\n\t\t\t\t<\/div>\r\n\t\t\t\t\t\t\t\t\t\t\t\t\r\n\t\t\t\t\t\t\t<div class=\"RFPostList__item col-sm-3\">\r\n\t\t\t\t\t<div class=\"RFPostList__inner\">\r\n\r\n\t\t\t\t\t\t\t\t\t\t\t\t\t<div class=\"RFPostList__image\">\r\n\t\t\t\t\t\t\t\t<a href=\"https:\/\/www.accord-langues.com\/it\/giardini-piu-belli-parigi-studenti-accord\/\"><img decoding=\"async\" width=\"350\" height=\"350\" src=\"https:\/\/www.accord-langues.com\/wp-content\/uploads\/2026\/08\/Jardins-de-Paris-1-350x350.jpg\" class=\"img-responsive wp-post-image\" alt=\"Jardins des Tuileries\" srcset=\"https:\/\/www.accord-langues.com\/wp-content\/uploads\/2026\/08\/Jardins-de-Paris-1-350x350.jpg 350w, https:\/\/www.accord-langues.com\/wp-content\/uploads\/2026\/08\/Jardins-de-Paris-1-150x150.jpg 150w\" sizes=\"(max-width: 350px) 100vw, 350px\" title=\"Jardins de Paris (1)\" \/><\/a>\r\n\t\t\t\t\t\t\t<\/div>\r\n\t\t\t\t\t\t\r\n\t\t\t\t\t\t<div class=\"RFPostList__title\">\r\n\t\t\t\t\t\t\t<a href=\"https:\/\/www.accord-langues.com\/it\/giardini-piu-belli-parigi-studenti-accord\/\" class=\"h3-like\" style=\"display: block;margin-bottom:10px;\">I giardini di Parigi: la selezione degli studenti di ACCORD<\/a>\r\n\t\t\t\t\t\t<\/div>\r\n\r\n\t\t\t\t\t\t<div class=\"RFPostList__excerpt\">\r\n\t\t\t\t\t\t\t<p>Tuileries, Palais Royal, Jardin des Plantes, Lussemburgo, Champs-\u00c9lys\u00e9es&#8230; Scopri i giardini pi\u00f9 belli di Parigi, scelti dagli studenti di ACCORD Paris.<\/p>\n\t\t\t\t\t\t<\/div>\r\n\r\n\t\t\t\t\t\t<div class=\"RFPostList__read-more\">\r\n\t\t\t\t\t\t\t<a class=\"btn btn-primary transparent\" href=\"https:\/\/www.accord-langues.com\/it\/giardini-piu-belli-parigi-studenti-accord\/\">Ulteriori informazioni<\/a>\r\n\t\t\t\t\t\t<\/div>\r\n\t\t\t\t\t<\/div>\r\n\t\t\t\t<\/div>\r\n\t\t\t\t\t\t\t\t\t\t\t\t<div class=\"clearfix\"><\/div>\r\n\t\t\t\t\t\t\t\t\r\n\t\t\t\t\t\t\t<div class=\"RFPostList__item col-sm-3\">\r\n\t\t\t\t\t<div class=\"RFPostList__inner\">\r\n\r\n\t\t\t\t\t\t\t\t\t\t\t\t\t<div class=\"RFPostList__image\">\r\n\t\t\t\t\t\t\t\t<a href=\"https:\/\/www.accord-langues.com\/it\/visto-studente-francia-guida-accord-paris\/\"><img decoding=\"async\" width=\"350\" height=\"350\" src=\"https:\/\/www.accord-langues.com\/wp-content\/uploads\/2026\/08\/ACCORD-French-Language-School-Paris.jpg-002-350x350.webp\" class=\"img-responsive wp-post-image\" alt=\"\" srcset=\"https:\/\/www.accord-langues.com\/wp-content\/uploads\/2026\/08\/ACCORD-French-Language-School-Paris.jpg-002-350x350.webp 350w, https:\/\/www.accord-langues.com\/wp-content\/uploads\/2026\/08\/ACCORD-French-Language-School-Paris.jpg-002-150x150.webp 150w\" sizes=\"(max-width: 350px) 100vw, 350px\" title=\"ACCORD-French-Language-School-Paris.jpg-002\" \/><\/a>\r\n\t\t\t\t\t\t\t<\/div>\r\n\t\t\t\t\t\t\r\n\t\t\t\t\t\t<div class=\"RFPostList__title\">\r\n\t\t\t\t\t\t\t<a href=\"https:\/\/www.accord-langues.com\/it\/visto-studente-francia-guida-accord-paris\/\" class=\"h3-like\" style=\"display: block;margin-bottom:10px;\">Visto per studenti in Francia: tutto quello che devi sapere<\/a>\r\n\t\t\t\t\t\t<\/div>\r\n\r\n\t\t\t\t\t\t<div class=\"RFPostList__excerpt\">\r\n\t\t\t\t\t\t\t<p>Serve un visto per studiare francese a Parigi? Scopri quale visto ti riguarda, come pu\u00f2 aiutarti ACCORD Paris e tutte le tappe della procedura.<\/p>\n\t\t\t\t\t\t<\/div>\r\n\r\n\t\t\t\t\t\t<div class=\"RFPostList__read-more\">\r\n\t\t\t\t\t\t\t<a class=\"btn btn-primary transparent\" href=\"https:\/\/www.accord-langues.com\/it\/visto-studente-francia-guida-accord-paris\/\">Ulteriori informazioni<\/a>\r\n\t\t\t\t\t\t<\/div>\r\n\t\t\t\t\t<\/div>\r\n\t\t\t\t<\/div>\r\n\t\t\t\t\t\t\t\t\t\t\t\t\r\n\t\t\t\t\t\t\t<div class=\"RFPostList__item col-sm-3\">\r\n\t\t\t\t\t<div class=\"RFPostList__inner\">\r\n\r\n\t\t\t\t\t\t\t\t\t\t\t\t\t<div class=\"RFPostList__image\">\r\n\t\t\t\t\t\t\t\t<a href=\"https:\/\/www.accord-langues.com\/it\/vocabolario-del-caffe-in-francia\/\"><img decoding=\"async\" width=\"350\" height=\"350\" src=\"https:\/\/www.accord-langues.com\/wp-content\/uploads\/2026\/08\/franz26-ai-generated-8223836_1280-350x350.jpg\" class=\"img-responsive wp-post-image\" alt=\"Le vocabulaire du caf\u00e9 en France\" srcset=\"https:\/\/www.accord-langues.com\/wp-content\/uploads\/2026\/08\/franz26-ai-generated-8223836_1280-350x350.jpg 350w, https:\/\/www.accord-langues.com\/wp-content\/uploads\/2026\/08\/franz26-ai-generated-8223836_1280-150x150.jpg 150w\" sizes=\"(max-width: 350px) 100vw, 350px\" title=\"franz26-ai-generated-8223836_1280\" \/><\/a>\r\n\t\t\t\t\t\t\t<\/div>\r\n\t\t\t\t\t\t\r\n\t\t\t\t\t\t<div class=\"RFPostList__title\">\r\n\t\t\t\t\t\t\t<a href=\"https:\/\/www.accord-langues.com\/it\/vocabolario-del-caffe-in-francia\/\" class=\"h3-like\" style=\"display: block;margin-bottom:10px;\">Il vocabolario del caff\u00e8 in Francia<\/a>\r\n\t\t\t\t\t\t<\/div>\r\n\r\n\t\t\t\t\t\t<div class=\"RFPostList__excerpt\">\r\n\t\t\t\t\t\t\t<p>Espresso, noisette, caf\u00e9 allong\u00e9, cr\u00e8me&#8230; Scopri come ordinare il tuo caff\u00e8 come un parigino nei bistrot di Francia, e dove gustarlo a Parigi.<\/p>\n\t\t\t\t\t\t<\/div>\r\n\r\n\t\t\t\t\t\t<div class=\"RFPostList__read-more\">\r\n\t\t\t\t\t\t\t<a class=\"btn btn-primary transparent\" href=\"https:\/\/www.accord-langues.com\/it\/vocabolario-del-caffe-in-francia\/\">Ulteriori informazioni<\/a>\r\n\t\t\t\t\t\t<\/div>\r\n\t\t\t\t\t<\/div>\r\n\t\t\t\t<\/div>\r\n\t\t\t\t\t\t\t\t\t\t\t\t\r\n\t\t\t\t\t\t\t<div class=\"RFPostList__item col-sm-3\">\r\n\t\t\t\t\t<div class=\"RFPostList__inner\">\r\n\r\n\t\t\t\t\t\t\t\t\t\t\t\t\t<div class=\"RFPostList__image\">\r\n\t\t\t\t\t\t\t\t<a href=\"https:\/\/www.accord-langues.com\/it\/vocabolario-pane-francese-guida-boulangerie\/\"><img decoding=\"async\" width=\"350\" height=\"350\" src=\"https:\/\/www.accord-langues.com\/wp-content\/uploads\/2026\/08\/jackmac34-bread-1761197_1280-350x350.jpg\" class=\"img-responsive wp-post-image\" alt=\"French Bread Vocabulary: Your Guide to the Boulangerie\" srcset=\"https:\/\/www.accord-langues.com\/wp-content\/uploads\/2026\/08\/jackmac34-bread-1761197_1280-350x350.jpg 350w, https:\/\/www.accord-langues.com\/wp-content\/uploads\/2026\/08\/jackmac34-bread-1761197_1280-150x150.jpg 150w\" sizes=\"(max-width: 350px) 100vw, 350px\" title=\"jackmac34-bread-1761197_1280\" \/><\/a>\r\n\t\t\t\t\t\t\t<\/div>\r\n\t\t\t\t\t\t\r\n\t\t\t\t\t\t<div class=\"RFPostList__title\">\r\n\t\t\t\t\t\t\t<a href=\"https:\/\/www.accord-langues.com\/it\/vocabolario-pane-francese-guida-boulangerie\/\" class=\"h3-like\" style=\"display: block;margin-bottom:10px;\">Vocabolario del pane francese: la tua guida alla boulangerie<\/a>\r\n\t\t\t\t\t\t<\/div>\r\n\r\n\t\t\t\t\t\t<div class=\"RFPostList__excerpt\">\r\n\t\t\t\t\t\t\t<p>Scopri il vocabolario essenziale del pane francese, dalla baguette al pain de seigle, e perch\u00e9 studiare francese a Parigi significa anche conoscere la boulangerie.<\/p>\n\t\t\t\t\t\t<\/div>\r\n\r\n\t\t\t\t\t\t<div class=\"RFPostList__read-more\">\r\n\t\t\t\t\t\t\t<a class=\"btn btn-primary transparent\" href=\"https:\/\/www.accord-langues.com\/it\/vocabolario-pane-francese-guida-boulangerie\/\">Ulteriori informazioni<\/a>\r\n\t\t\t\t\t\t<\/div>\r\n\t\t\t\t\t<\/div>\r\n\t\t\t\t<\/div>\r\n\t\t\t\t\t\t\t\t\t\t\t\t\r\n\t\t\t\t\t\t\t<div class=\"RFPostList__item col-sm-3\">\r\n\t\t\t\t\t<div class=\"RFPostList__inner\">\r\n\r\n\t\t\t\t\t\t\t\t\t\t\t\t\t<div class=\"RFPostList__image\">\r\n\t\t\t\t\t\t\t\t<a href=\"https:\/\/www.accord-langues.com\/it\/miglior-corso-francese-parigi-accord-tour-eiffel\/\"><img decoding=\"async\" width=\"350\" height=\"350\" src=\"https:\/\/www.accord-langues.com\/wp-content\/uploads\/2024\/05\/Me-at-Tour-Eiffel-001-350x350.jpg\" class=\"img-responsive wp-post-image\" alt=\"Programme d&#039;exp\u00e9rience professionnelle chez ACCORD\" srcset=\"https:\/\/www.accord-langues.com\/wp-content\/uploads\/2024\/05\/Me-at-Tour-Eiffel-001-350x350.jpg 350w, https:\/\/www.accord-langues.com\/wp-content\/uploads\/2024\/05\/Me-at-Tour-Eiffel-001-150x150.jpg 150w\" sizes=\"(max-width: 350px) 100vw, 350px\" title=\"Me at Tour Eiffel-001\" \/><\/a>\r\n\t\t\t\t\t\t\t<\/div>\r\n\t\t\t\t\t\t\r\n\t\t\t\t\t\t<div class=\"RFPostList__title\">\r\n\t\t\t\t\t\t\t<a href=\"https:\/\/www.accord-langues.com\/it\/miglior-corso-francese-parigi-accord-tour-eiffel\/\" class=\"h3-like\" style=\"display: block;margin-bottom:10px;\">Miglior corso di francese a Parigi | Scuola ACCORD Tour Eiffel<\/a>\r\n\t\t\t\t\t\t<\/div>\r\n\r\n\t\t\t\t\t\t<div class=\"RFPostList__excerpt\">\r\n\t\t\t\t\t\t\t<p>Scopri il miglior corso di francese a Parigi presso ACCORD Tour Eiffel, scuola di lingue di alta qualit\u00e0 vicino alla Torre Eiffel, con oltre 35 anni di esperienza.<\/p>\n\t\t\t\t\t\t<\/div>\r\n\r\n\t\t\t\t\t\t<div class=\"RFPostList__read-more\">\r\n\t\t\t\t\t\t\t<a class=\"btn btn-primary transparent\" href=\"https:\/\/www.accord-langues.com\/it\/miglior-corso-francese-parigi-accord-tour-eiffel\/\">Ulteriori informazioni<\/a>\r\n\t\t\t\t\t\t<\/div>\r\n\t\t\t\t\t<\/div>\r\n\t\t\t\t<\/div>\r\n\t\t\t\t\t\t\t\t\t\t\t\t<div class=\"clearfix\"><\/div>\r\n\t\t\t\t\t\t\t\t\r\n\t\t\t\t\t\t\t<div class=\"RFPostList__item col-sm-3\">\r\n\t\t\t\t\t<div class=\"RFPostList__inner\">\r\n\r\n\t\t\t\t\t\t\t\t\t\t\t\t\t<div class=\"RFPostList__image\">\r\n\t\t\t\t\t\t\t\t<a href=\"https:\/\/www.accord-langues.com\/it\/maschile-o-femminile-genere-francese\/\"><img decoding=\"async\" width=\"350\" height=\"350\" src=\"https:\/\/www.accord-langues.com\/wp-content\/uploads\/2026\/08\/French-Masculine-or-feminine_-Tips-for-guessing-the-gender-1-350x350.jpg\" class=\"img-responsive wp-post-image\" alt=\"\" srcset=\"https:\/\/www.accord-langues.com\/wp-content\/uploads\/2026\/08\/French-Masculine-or-feminine_-Tips-for-guessing-the-gender-1-350x350.jpg 350w, https:\/\/www.accord-langues.com\/wp-content\/uploads\/2026\/08\/French-Masculine-or-feminine_-Tips-for-guessing-the-gender-1-150x150.jpg 150w\" sizes=\"(max-width: 350px) 100vw, 350px\" title=\"French-Masculine-or-feminine_-Tips-for-guessing-the-gender\" \/><\/a>\r\n\t\t\t\t\t\t\t<\/div>\r\n\t\t\t\t\t\t\r\n\t\t\t\t\t\t<div class=\"RFPostList__title\">\r\n\t\t\t\t\t\t\t<a href=\"https:\/\/www.accord-langues.com\/it\/maschile-o-femminile-genere-francese\/\" class=\"h3-like\" style=\"display: block;margin-bottom:10px;\">Maschile o femminile? Consigli per indovinare il genere in francese<\/a>\r\n\t\t\t\t\t\t<\/div>\r\n\r\n\t\t\t\t\t\t<div class=\"RFPostList__excerpt\">\r\n\t\t\t\t\t\t\t<p>Scopri come indovinare il genere in francese: le desinenze pi\u00f9 affidabili, le eccezioni classiche e le categorie di parole da conoscere.<\/p>\n\t\t\t\t\t\t<\/div>\r\n\r\n\t\t\t\t\t\t<div class=\"RFPostList__read-more\">\r\n\t\t\t\t\t\t\t<a class=\"btn btn-primary transparent\" href=\"https:\/\/www.accord-langues.com\/it\/maschile-o-femminile-genere-francese\/\">Ulteriori informazioni<\/a>\r\n\t\t\t\t\t\t<\/div>\r\n\t\t\t\t\t<\/div>\r\n\t\t\t\t<\/div>\r\n\t\t\t\t\t\t\t\t\t\t\t\t\r\n\t\t\t\t\t\t\t<div class=\"RFPostList__item col-sm-3\">\r\n\t\t\t\t\t<div class=\"RFPostList__inner\">\r\n\r\n\t\t\t\t\t\t\t\t\t\t\t\t\t<div class=\"RFPostList__image\">\r\n\t\t\t\t\t\t\t\t<a href=\"https:\/\/www.accord-langues.com\/it\/merci-de-rien-francese-significato-sfumature\/\"><img decoding=\"async\" width=\"350\" height=\"350\" src=\"https:\/\/www.accord-langues.com\/wp-content\/uploads\/2026\/08\/merci-de-rien-350x350.jpg\" class=\"img-responsive wp-post-image\" alt=\"&quot;Merci&quot; e &quot;de rien&quot; in francese: capire le sfumature\" srcset=\"https:\/\/www.accord-langues.com\/wp-content\/uploads\/2026\/08\/merci-de-rien-350x350.jpg 350w, https:\/\/www.accord-langues.com\/wp-content\/uploads\/2026\/08\/merci-de-rien-150x150.jpg 150w\" sizes=\"(max-width: 350px) 100vw, 350px\" title=\"merci-de-rien\" \/><\/a>\r\n\t\t\t\t\t\t\t<\/div>\r\n\t\t\t\t\t\t\r\n\t\t\t\t\t\t<div class=\"RFPostList__title\">\r\n\t\t\t\t\t\t\t<a href=\"https:\/\/www.accord-langues.com\/it\/merci-de-rien-francese-significato-sfumature\/\" class=\"h3-like\" style=\"display: block;margin-bottom:10px;\">&#8220;Merci&#8221; e &#8220;de rien&#8221; in francese: capire le sfumature<\/a>\r\n\t\t\t\t\t\t<\/div>\r\n\r\n\t\t\t\t\t\t<div class=\"RFPostList__excerpt\">\r\n\t\t\t\t\t\t\t<p>&#8220;Merci&#8221; e &#8220;de rien&#8221; in francese non sono semplici parole: scopri tutte le sfumature della cortesia francese, dalle formule formali a quelle informali, per parlare come un madrelingua.<\/p>\n\t\t\t\t\t\t<\/div>\r\n\r\n\t\t\t\t\t\t<div class=\"RFPostList__read-more\">\r\n\t\t\t\t\t\t\t<a class=\"btn btn-primary transparent\" href=\"https:\/\/www.accord-langues.com\/it\/merci-de-rien-francese-significato-sfumature\/\">Ulteriori informazioni<\/a>\r\n\t\t\t\t\t\t<\/div>\r\n\t\t\t\t\t<\/div>\r\n\t\t\t\t<\/div>\r\n\t\t\t\t\t\t\t\t\t\t\t\t\r\n\t\t\t\t\t\t\t<div class=\"RFPostList__item col-sm-3\">\r\n\t\t\t\t\t<div class=\"RFPostList__inner\">\r\n\r\n\t\t\t\t\t\t\t\t\t\t\t\t\t<div class=\"RFPostList__image\">\r\n\t\t\t\t\t\t\t\t<a href=\"https:\/\/www.accord-langues.com\/it\/dire-ciao-e-arrivederci-in-francese\/\"><img decoding=\"async\" width=\"350\" height=\"350\" src=\"https:\/\/www.accord-langues.com\/wp-content\/uploads\/2026\/08\/10-ways-to-say-hello-and-goodbye-in-French-1-350x350.jpeg\" class=\"img-responsive wp-post-image\" alt=\"10 modi per dire ciao e arrivederci in francese\" srcset=\"https:\/\/www.accord-langues.com\/wp-content\/uploads\/2026\/08\/10-ways-to-say-hello-and-goodbye-in-French-1-350x350.jpeg 350w, https:\/\/www.accord-langues.com\/wp-content\/uploads\/2026\/08\/10-ways-to-say-hello-and-goodbye-in-French-1-150x150.jpeg 150w\" sizes=\"(max-width: 350px) 100vw, 350px\" title=\"10-ways-to-say-hello-and-goodbye-in-French\" \/><\/a>\r\n\t\t\t\t\t\t\t<\/div>\r\n\t\t\t\t\t\t\r\n\t\t\t\t\t\t<div class=\"RFPostList__title\">\r\n\t\t\t\t\t\t\t<a href=\"https:\/\/www.accord-langues.com\/it\/dire-ciao-e-arrivederci-in-francese\/\" class=\"h3-like\" style=\"display: block;margin-bottom:10px;\">10 modi per dire ciao e arrivederci in francese<\/a>\r\n\t\t\t\t\t\t<\/div>\r\n\r\n\t\t\t\t\t\t<div class=\"RFPostList__excerpt\">\r\n\t\t\t\t\t\t\t<p>&#8220;Bonjour&#8221; non \u00e8 l&#8217;unica parola che vi serve. Scoprite 10 modi naturali per dire ciao e arrivederci in francese, e quando usarli, con ACCORD Paris.<\/p>\n\t\t\t\t\t\t<\/div>\r\n\r\n\t\t\t\t\t\t<div class=\"RFPostList__read-more\">\r\n\t\t\t\t\t\t\t<a class=\"btn btn-primary transparent\" href=\"https:\/\/www.accord-langues.com\/it\/dire-ciao-e-arrivederci-in-francese\/\">Ulteriori informazioni<\/a>\r\n\t\t\t\t\t\t<\/div>\r\n\t\t\t\t\t<\/div>\r\n\t\t\t\t<\/div>\r\n\t\t\t\t\t\t\t\t\t\t\t\t\r\n\t\t\t\t\t\t\t<div class=\"RFPostList__item col-sm-3\">\r\n\t\t\t\t\t<div class=\"RFPostList__inner\">\r\n\r\n\t\t\t\t\t\t\t\t\t\t\t\t\t<div class=\"RFPostList__image\">\r\n\t\t\t\t\t\t\t\t<a href=\"https:\/\/www.accord-langues.com\/it\/francia-regno-formaggio-top-20-acccord-paris\/\"><img decoding=\"async\" width=\"350\" height=\"350\" src=\"https:\/\/www.accord-langues.com\/wp-content\/uploads\/2026\/07\/lifewithart-paris-photo-by-lifewithart-350x350.jpg\" class=\"img-responsive wp-post-image\" alt=\"La France, le pays des fromages - Le fromage et les Fran\u00e7ais\" srcset=\"https:\/\/www.accord-langues.com\/wp-content\/uploads\/2026\/07\/lifewithart-paris-photo-by-lifewithart-350x350.jpg 350w, https:\/\/www.accord-langues.com\/wp-content\/uploads\/2026\/07\/lifewithart-paris-photo-by-lifewithart-150x150.jpg 150w\" sizes=\"(max-width: 350px) 100vw, 350px\" title=\"Francia, il regno del formaggio: la top 20 dei formaggi francesi\" \/><\/a>\r\n\t\t\t\t\t\t\t<\/div>\r\n\t\t\t\t\t\t\r\n\t\t\t\t\t\t<div class=\"RFPostList__title\">\r\n\t\t\t\t\t\t\t<a href=\"https:\/\/www.accord-langues.com\/it\/francia-regno-formaggio-top-20-acccord-paris\/\" class=\"h3-like\" style=\"display: block;margin-bottom:10px;\">Francia, il regno del formaggio: la top 20 dei formaggi francesi<\/a>\r\n\t\t\t\t\t\t<\/div>\r\n\r\n\t\t\t\t\t\t<div class=\"RFPostList__excerpt\">\r\n\t\t\t\t\t\t\t<p>Dal brie al roquefort: scoprite i 20 formaggi francesi pi\u00f9 amati, la loro storia e il vocabolario giusto per parlarne, con ACCORD Paris.<\/p>\n\t\t\t\t\t\t<\/div>\r\n\r\n\t\t\t\t\t\t<div class=\"RFPostList__read-more\">\r\n\t\t\t\t\t\t\t<a class=\"btn btn-primary transparent\" href=\"https:\/\/www.accord-langues.com\/it\/francia-regno-formaggio-top-20-acccord-paris\/\">Ulteriori informazioni<\/a>\r\n\t\t\t\t\t\t<\/div>\r\n\t\t\t\t\t<\/div>\r\n\t\t\t\t<\/div>\r\n\t\t\t\t\t\t\t\t\t\t\t\t<div class=\"clearfix\"><\/div>\r\n\t\t\t\t\t\t\t\t\r\n\t\t\t\t\t<\/div>\r\n\t<\/div>\r\n\t\r\n\t<div class=\"clearfix\"><\/div>\r\n\t\r\n\t\n\t<nav class=\"navigation pagination\" aria-label=\"Page numbering\">\n\t\t<h2 class=\"screen-reader-text\">Page numbering<\/h2>\n\t\t<div class=\"nav-links\"><span aria-current=\"page\" class=\"page-numbers current\">1<\/span>\n<a class=\"page-numbers\" href=\"https:\/\/www.accord-langues.com\/it\/wp-json\/wp\/v2\/pages\/26106\/page\/2\/\">2<\/a>\n<a class=\"page-numbers\" href=\"https:\/\/www.accord-langues.com\/it\/wp-json\/wp\/v2\/pages\/26106\/page\/3\/\">3<\/a>\n<a class=\"next page-numbers\" href=\"https:\/\/www.accord-langues.com\/it\/wp-json\/wp\/v2\/pages\/26106\/page\/2\/\">\u2192<\/a><\/div>\n\t<\/nav>[\/vc_column_text][\/vc_column][\/vc_row][vc_row full_width=&#8221;stretch_row&#8221; css=&#8221;.vc_custom_1471605768894{padding-top: 20px !important;background-color: #f0f0f0 !important;}&#8221; el_id=&#8221;homepage-boxes&#8221;][vc_column][vc_row_inner][vc_column_inner width=&#8221;1\/3&#8243;]<div class=\"RFIbox green a-man\">\n\t<div class=\"RFIbox__media\">\n        <a href=\"https:\/\/www.accord-langues.com\/adult-french-language-courses-paris\/\" title=\"\" target=\"_blank\"><img decoding=\"async\" width=\"500\" height=\"333\" src=\"https:\/\/www.accord-langues.com\/wp-content\/uploads\/2016\/06\/box-adults.jpg\" class=\"img-responsive\" alt=\"\" srcset=\"https:\/\/www.accord-langues.com\/wp-content\/uploads\/2016\/06\/box-adults.jpg 500w, https:\/\/www.accord-langues.com\/wp-content\/uploads\/2016\/06\/box-adults-300x200.jpg 300w\" sizes=\"(max-width: 500px) 100vw, 500px\" title=\"box-adults\" \/><\/a>        \t<\/div>\n\n        <div class=\"RFIBox__title\">\n        <a href=\"https:\/\/www.accord-langues.com\/adult-french-language-courses-paris\/\" title=\"\" target=\"_blank\">French courses for Adults<\/a>    <\/div>\n    \n    <\/div>[\/vc_column_inner][vc_column_inner width=&#8221;1\/3&#8243;]<div class=\"RFIbox pink\">\n\t<div class=\"RFIbox__media\">\n        <a href=\"https:\/\/examensparis.fr\/\" title=\"\" target=\"_blank\"><img decoding=\"async\" width=\"500\" height=\"333\" src=\"https:\/\/www.accord-langues.com\/wp-content\/uploads\/2016\/06\/box-exams.jpg\" class=\"img-responsive\" alt=\"\" srcset=\"https:\/\/www.accord-langues.com\/wp-content\/uploads\/2016\/06\/box-exams.jpg 500w, https:\/\/www.accord-langues.com\/wp-content\/uploads\/2016\/06\/box-exams-300x200.jpg 300w\" sizes=\"(max-width: 500px) 100vw, 500px\" title=\"box-exams\" \/><\/a>        \t<\/div>\n\n        <div class=\"RFIBox__title\">\n        <a href=\"https:\/\/examensparis.fr\/\" title=\"\" target=\"_blank\">Exams - Diploma<\/a>    <\/div>\n    \n    <\/div>[\/vc_column_inner][\/vc_row_inner][\/vc_column][\/vc_row]<\/p>\n<\/div>","protected":false},"excerpt":{"rendered":"<p>[vc_row full_width=&#8221;stretch_row&#8221; content_placement=&#8221;middle&#8221; css=&#8221;.vc_custom_1532680905001{background-image: url(https:\/\/www.accord-langues.com\/wp-content\/uploads\/2018\/07\/Grands-Boulevards-top.jpg?id=1752) !important;background-position: center !important;background-repeat: no-repeat !important;background-size: cover !important;}&#8221; el_class=&#8221;header-image&#8221;][vc_column width=&#8221;2\/3&#8243; offset=&#8221;vc_col-sm-offset-2&#8243;][vc_column_text css=&#8221;&#8221;] Blog-Rivista Corsi di francese [&hellip;]<\/p>\n","protected":false},"author":10,"featured_media":0,"parent":0,"menu_order":0,"comment_status":"closed","ping_status":"closed","template":"","meta":{"_acf_changed":false,"footnotes":""},"class_list":["post-26106","page","type-page","status-publish","hentry"],"acf":[],"yoast_head":"<!-- This site is optimized with the Yoast SEO Premium plugin v28.3 (Yoast SEO v28.3) - https:\/\/yoast.com\/product\/yoast-seo-premium-wordpress\/ -->\n<title>Rivista ACCORD per studenti che imparano il francese<\/title>\n<meta name=\"description\" content=\"Rivista ACCORD per studenti che imparano il francese: seleziona una scuola di francese e studia il francese.\" \/>\n<meta name=\"robots\" content=\"index, follow, max-snippet:-1, max-image-preview:large, max-video-preview:-1\" \/>\n<link rel=\"canonical\" href=\"https:\/\/www.accord-langues.com\/it\/blog-rivista\/\" \/>\n<meta property=\"og:locale\" content=\"it_IT\" \/>\n<meta property=\"og:type\" content=\"article\" \/>\n<meta property=\"og:title\" content=\"Blog-Rivista\" \/>\n<meta property=\"og:description\" content=\"Rivista ACCORD per studenti che imparano il francese: seleziona una scuola di francese e studia il francese.\" \/>\n<meta property=\"og:url\" content=\"https:\/\/www.accord-langues.com\/it\/blog-rivista\/\" \/>\n<meta property=\"og:site_name\" content=\"Accord Paris\" \/>\n<meta property=\"article:publisher\" content=\"https:\/\/www.facebook.com\/accordecoledelangues\" \/>\n<meta property=\"article:modified_time\" content=\"2026-04-14T11:30:55+00:00\" \/>\n<meta property=\"og:image\" content=\"https:\/\/www.accord-langues.com\/wp-content\/uploads\/2024\/02\/ACCORD-French-Language-School-in-Paris-low-res.jpg\" \/>\n\t<meta property=\"og:image:width\" content=\"1200\" \/>\n\t<meta property=\"og:image:height\" content=\"867\" \/>\n\t<meta property=\"og:image:type\" content=\"image\/jpeg\" \/>\n<meta name=\"twitter:card\" content=\"summary_large_image\" \/>\n<meta name=\"twitter:label1\" content=\"Tempo di lettura stimato\" \/>\n\t<meta name=\"twitter:data1\" content=\"1 minuto\" \/>\n<script type=\"application\/ld+json\" class=\"yoast-schema-graph\">{\"@context\":\"https:\\\/\\\/schema.org\",\"@graph\":[{\"@type\":\"WebPage\",\"@id\":\"https:\\\/\\\/www.accord-langues.com\\\/it\\\/blog-rivista\\\/\",\"url\":\"https:\\\/\\\/www.accord-langues.com\\\/it\\\/blog-rivista\\\/\",\"name\":\"Rivista ACCORD per studenti che imparano il francese\",\"isPartOf\":{\"@id\":\"https:\\\/\\\/www.accord-langues.com\\\/it\\\/#website\"},\"datePublished\":\"2018-07-23T10:55:32+00:00\",\"dateModified\":\"2026-04-14T11:30:55+00:00\",\"description\":\"Rivista ACCORD per studenti che imparano il francese: seleziona una scuola di francese e studia il francese.\",\"inLanguage\":\"it-IT\",\"potentialAction\":[{\"@type\":\"ReadAction\",\"target\":[\"https:\\\/\\\/www.accord-langues.com\\\/it\\\/blog-rivista\\\/\"]}]},{\"@type\":\"WebSite\",\"@id\":\"https:\\\/\\\/www.accord-langues.com\\\/it\\\/#website\",\"url\":\"https:\\\/\\\/www.accord-langues.com\\\/it\\\/\",\"name\":\"Accord Paris\",\"description\":\"Learn French in France\",\"publisher\":{\"@id\":\"https:\\\/\\\/www.accord-langues.com\\\/it\\\/#organization\"},\"potentialAction\":[{\"@type\":\"SearchAction\",\"target\":{\"@type\":\"EntryPoint\",\"urlTemplate\":\"https:\\\/\\\/www.accord-langues.com\\\/it\\\/?s={search_term_string}\"},\"query-input\":{\"@type\":\"PropertyValueSpecification\",\"valueRequired\":true,\"valueName\":\"search_term_string\"}}],\"inLanguage\":\"it-IT\"},{\"@type\":\"Organization\",\"@id\":\"https:\\\/\\\/www.accord-langues.com\\\/it\\\/#organization\",\"name\":\"ACCORD Tour Eiffel\",\"alternateName\":\"Learn French in Paris\",\"url\":\"https:\\\/\\\/www.accord-langues.com\\\/it\\\/\",\"logo\":{\"@type\":\"ImageObject\",\"inLanguage\":\"it-IT\",\"@id\":\"https:\\\/\\\/www.accord-langues.com\\\/it\\\/#\\\/schema\\\/logo\\\/image\\\/\",\"url\":\"https:\\\/\\\/www.accord-langues.com\\\/wp-content\\\/uploads\\\/2016\\\/06\\\/Logo.png\",\"contentUrl\":\"https:\\\/\\\/www.accord-langues.com\\\/wp-content\\\/uploads\\\/2016\\\/06\\\/Logo.png\",\"width\":290,\"height\":70,\"caption\":\"ACCORD Tour Eiffel\"},\"image\":{\"@id\":\"https:\\\/\\\/www.accord-langues.com\\\/it\\\/#\\\/schema\\\/logo\\\/image\\\/\"},\"sameAs\":[\"https:\\\/\\\/www.facebook.com\\\/accordecoledelangues\",\"https:\\\/\\\/www.linkedin.com\\\/groups\\\/4542133\\\/\"],\"description\":\"ACCORD French Language School is one of the leading schools in France for teaching French to foreign students and offering high quality French language courses in Paris. The ACCORD language school is located in the heart of Paris, nearby the Eiffel Tower. The ACCORD school is open all year round and welcomes students from all over the world from the age of 16 in its French language courses. ACCORD school is accredited by the official \u201cQualit\u00e9 FLE\u201d label and is member of CAMPUS FRANCE, SOUFFLE and Atout France. ACCORD is official exam center for the TCF IRN, TCF TP, TCF Qu\u00e9bec and TCF Canada.\",\"email\":\"info@accord-langues.com\",\"telephone\":\"+33155335233\",\"legalName\":\"FORUM ACCORD\",\"foundingDate\":\"1990-02-23\",\"numberOfEmployees\":{\"@type\":\"QuantitativeValue\",\"minValue\":\"11\",\"maxValue\":\"50\"}}]}<\/script>\n<!-- \/ Yoast SEO Premium plugin. -->","yoast_head_json":{"title":"Rivista ACCORD per studenti che imparano il francese","description":"Rivista ACCORD per studenti che imparano il francese: seleziona una scuola di francese e studia il francese.","robots":{"index":"index","follow":"follow","max-snippet":"max-snippet:-1","max-image-preview":"max-image-preview:large","max-video-preview":"max-video-preview:-1"},"canonical":"https:\/\/www.accord-langues.com\/it\/blog-rivista\/","og_locale":"it_IT","og_type":"article","og_title":"Blog-Rivista","og_description":"Rivista ACCORD per studenti che imparano il francese: seleziona una scuola di francese e studia il francese.","og_url":"https:\/\/www.accord-langues.com\/it\/blog-rivista\/","og_site_name":"Accord Paris","article_publisher":"https:\/\/www.facebook.com\/accordecoledelangues","article_modified_time":"2026-04-14T11:30:55+00:00","og_image":[{"width":1200,"height":867,"url":"https:\/\/www.accord-langues.com\/wp-content\/uploads\/2024\/02\/ACCORD-French-Language-School-in-Paris-low-res.jpg","type":"image\/jpeg"}],"twitter_card":"summary_large_image","twitter_misc":{"Tempo di lettura stimato":"1 minuto"},"schema":{"@context":"https:\/\/schema.org","@graph":[{"@type":"WebPage","@id":"https:\/\/www.accord-langues.com\/it\/blog-rivista\/","url":"https:\/\/www.accord-langues.com\/it\/blog-rivista\/","name":"Rivista ACCORD per studenti che imparano il francese","isPartOf":{"@id":"https:\/\/www.accord-langues.com\/it\/#website"},"datePublished":"2018-07-23T10:55:32+00:00","dateModified":"2026-04-14T11:30:55+00:00","description":"Rivista ACCORD per studenti che imparano il francese: seleziona una scuola di francese e studia il francese.","inLanguage":"it-IT","potentialAction":[{"@type":"ReadAction","target":["https:\/\/www.accord-langues.com\/it\/blog-rivista\/"]}]},{"@type":"WebSite","@id":"https:\/\/www.accord-langues.com\/it\/#website","url":"https:\/\/www.accord-langues.com\/it\/","name":"Accord Paris","description":"Learn French in France","publisher":{"@id":"https:\/\/www.accord-langues.com\/it\/#organization"},"potentialAction":[{"@type":"SearchAction","target":{"@type":"EntryPoint","urlTemplate":"https:\/\/www.accord-langues.com\/it\/?s={search_term_string}"},"query-input":{"@type":"PropertyValueSpecification","valueRequired":true,"valueName":"search_term_string"}}],"inLanguage":"it-IT"},{"@type":"Organization","@id":"https:\/\/www.accord-langues.com\/it\/#organization","name":"ACCORD Tour Eiffel","alternateName":"Learn French in Paris","url":"https:\/\/www.accord-langues.com\/it\/","logo":{"@type":"ImageObject","inLanguage":"it-IT","@id":"https:\/\/www.accord-langues.com\/it\/#\/schema\/logo\/image\/","url":"https:\/\/www.accord-langues.com\/wp-content\/uploads\/2016\/06\/Logo.png","contentUrl":"https:\/\/www.accord-langues.com\/wp-content\/uploads\/2016\/06\/Logo.png","width":290,"height":70,"caption":"ACCORD Tour Eiffel"},"image":{"@id":"https:\/\/www.accord-langues.com\/it\/#\/schema\/logo\/image\/"},"sameAs":["https:\/\/www.facebook.com\/accordecoledelangues","https:\/\/www.linkedin.com\/groups\/4542133\/"],"description":"ACCORD French Language School is one of the leading schools in France for teaching French to foreign students and offering high quality French language courses in Paris. The ACCORD language school is located in the heart of Paris, nearby the Eiffel Tower. The ACCORD school is open all year round and welcomes students from all over the world from the age of 16 in its French language courses. ACCORD school is accredited by the official \u201cQualit\u00e9 FLE\u201d label and is member of CAMPUS FRANCE, SOUFFLE and Atout France. ACCORD is official exam center for the TCF IRN, TCF TP, TCF Qu\u00e9bec and TCF Canada.","email":"info@accord-langues.com","telephone":"+33155335233","legalName":"FORUM ACCORD","foundingDate":"1990-02-23","numberOfEmployees":{"@type":"QuantitativeValue","minValue":"11","maxValue":"50"}}]}},"_links":{"self":[{"href":"https:\/\/www.accord-langues.com\/it\/wp-json\/wp\/v2\/pages\/26106","targetHints":{"allow":["GET"]}}],"collection":[{"href":"https:\/\/www.accord-langues.com\/it\/wp-json\/wp\/v2\/pages"}],"about":[{"href":"https:\/\/www.accord-langues.com\/it\/wp-json\/wp\/v2\/types\/page"}],"author":[{"embeddable":true,"href":"https:\/\/www.accord-langues.com\/it\/wp-json\/wp\/v2\/users\/10"}],"replies":[{"embeddable":true,"href":"https:\/\/www.accord-langues.com\/it\/wp-json\/wp\/v2\/comments?post=26106"}],"version-history":[{"count":2,"href":"https:\/\/www.accord-langues.com\/it\/wp-json\/wp\/v2\/pages\/26106\/revisions"}],"predecessor-version":[{"id":26112,"href":"https:\/\/www.accord-langues.com\/it\/wp-json\/wp\/v2\/pages\/26106\/revisions\/26112"}],"wp:attachment":[{"href":"https:\/\/www.accord-langues.com\/it\/wp-json\/wp\/v2\/media?parent=26106"}],"curies":[{"name":"wp","href":"https:\/\/api.w.org\/{rel}","templated":true}]}}