{"id":5582,"date":"2018-09-24T10:35:31","date_gmt":"2018-09-24T09:35:31","guid":{"rendered":"https:\/\/www.accord-langues.com\/thank-filling-prepare-stay-group-form\/"},"modified":"2019-03-28T10:11:11","modified_gmt":"2019-03-28T10:11:11","slug":"merci-renseigne-fiche-preparer-sejour-groupe","status":"publish","type":"page","link":"https:\/\/www.accord-langues.com\/fr\/merci-renseigne-fiche-preparer-sejour-groupe\/","title":{"rendered":"Merci pour la fiche Pr\u00e9parer le s\u00e9jour de votre groupe"},"content":{"rendered":"<div class=\"wpb-content-wrapper\"><p>[vc_row full_width=\u00a0\u00bbstretch_row\u00a0\u00bb content_placement=\u00a0\u00bbmiddle\u00a0\u00bb css=\u00a0\u00bb.vc_custom_1509009556865{background-image: url(https:\/\/www.accord-langues.com\/wp-content\/uploads\/2016\/10\/adult-course.jpg?id=348) !important;background-position: center !important;background-repeat: no-repeat !important;background-size: cover !important;}\u00a0\u00bb el_class=\u00a0\u00bbheader-image\u00a0\u00bb][vc_column width=\u00a0\u00bb2\/3&Prime; offset=\u00a0\u00bbvc_col-sm-offset-2&Prime;][vc_column_text]<\/p>\n<h1 style=\"text-align: center;\"><strong>Merci d\u2019avoir renseign\u00e9 la fiche Pr\u00e9parer le s\u00e9jour de votre groupe!<\/strong><\/h1>\n<h4 style=\"text-align: center;\"><strong>Nous vous contacterons tr\u00e8s rapidement et esp\u00e9rons\u00a0 accueillir votre groupe \u00e0 ACCORD Paris!<\/strong><\/h4>\n<p>[\/vc_column_text][\/vc_column][\/vc_row][vc_row][vc_column][vc_column_text]Merci d\u2019avoir renseign\u00e9 la fiche \u00ab\u00a0Pr\u00e9parer le s\u00e9jour de votre groupe\u00a0\u00bb!<br \/>\nNous vous contacterons tr\u00e8s rapidement avec des propositions de programme pour votre groupe et nous esp\u00e9rons pouvoir accueillir votre groupe \u00e0 ACCORD Paris!<br \/>\nN&rsquo;h\u00e9sitez pas non plus \u00e0 <a href=\"https:\/\/www.accord-langues.com\/fr\/nous-contacter\/\" target=\"_blank\" rel=\"noopener\">nous contacter par email<\/a> si vous souhaitez compl\u00e9ter ou modifier la fiche\u00a0\u00ab\u00a0Pr\u00e9parer le s\u00e9jour de votre groupe\u00a0\u00bb que vous venez de remplir.<\/p>\n<p><span style=\"color: #0000ff;\"><strong>Pour votre groupe ou groupe scolaire \u00e0 Paris, n\u2019h\u00e9sitez pas:\u00a0<\/strong><\/span><span style=\"color: #ff6600;\"><strong>ACCORD Paris est le meilleur choix !<\/strong><\/span><\/p>\n<p>Vous envisagez venir en France avec votre \u00e9cole?<br \/>\nVous souhaitez envoyer un groupe d\u2019\u00e9tudiants \u00e0 Paris?<br \/>\nQuelle que soit la taille de vos groupes et groupes scolaires \u00e0 Paris, ACCORD aura la solution qui vous convient!<\/p>\n<p>Renseignez la fiche \u00ab\u00a0Pr\u00e9parer le s\u00e9jour de votre groupe\u00a0\u00bb et nous vous recontacterons tr\u00e8s rapidement.<br \/>\nN&rsquo;h\u00e9sitez pas non plus \u00e0 <a href=\"https:\/\/www.accord-langues.com\/fr\/nous-contacter\/\" target=\"_blank\" rel=\"noopener\">nous contacter par email.<\/a>[\/vc_column_text][\/vc_column][\/vc_row]<\/p>\n<\/div>","protected":false},"excerpt":{"rendered":"<p>[vc_row full_width=\u00a0\u00bbstretch_row\u00a0\u00bb content_placement=\u00a0\u00bbmiddle\u00a0\u00bb css=\u00a0\u00bb.vc_custom_1509009556865{background-image: url(https:\/\/www.accord-langues.com\/wp-content\/uploads\/2016\/10\/adult-course.jpg?id=348) !important;background-position: center !important;background-repeat: no-repeat !important;background-size: cover !important;}\u00a0\u00bb el_class=\u00a0\u00bbheader-image\u00a0\u00bb][vc_column width=\u00a0\u00bb2\/3&Prime; offset=\u00a0\u00bbvc_col-sm-offset-2&Prime;][vc_column_text] Merci d\u2019avoir renseign\u00e9 la fiche Pr\u00e9parer le s\u00e9jour de votre groupe! Nous vous contacterons tr\u00e8s rapidement et esp\u00e9rons\u00a0 accueillir votre groupe \u00e0 ACCORD Paris! [\/vc_column_text][\/vc_column][\/vc_row][vc_row][vc_column][vc_column_text]Merci d\u2019avoir renseign\u00e9 la fiche \u00ab\u00a0Pr\u00e9parer le s\u00e9jour de votre groupe\u00a0\u00bb! Nous vous contacterons tr\u00e8s rapidement [&hellip;]<\/p>\n","protected":false},"author":10,"featured_media":0,"parent":0,"menu_order":0,"comment_status":"closed","ping_status":"closed","template":"","meta":{"_acf_changed":false,"footnotes":""},"class_list":["post-5582","page","type-page","status-publish","hentry"],"acf":[],"yoast_head":"<!-- This site is optimized with the Yoast SEO Premium plugin v27.5 (Yoast SEO v27.5) - https:\/\/yoast.com\/product\/yoast-seo-premium-wordpress\/ -->\n<title>Merci pour la fiche Pr\u00e9parer le s\u00e9jour de votre groupe - Accord Paris<\/title>\n<meta name=\"description\" content=\"Merci d\u2019avoir renseign\u00e9 la fiche &quot;Pr\u00e9parer le s\u00e9jour de votre groupe&quot;. Nous vous contacterons rapidement et esp\u00e9rons accueillir votre groupe \u00e0 ACCORD Paris.\" \/>\n<meta name=\"robots\" content=\"index, follow, max-snippet:-1, max-image-preview:large, max-video-preview:-1\" \/>\n<link rel=\"canonical\" href=\"https:\/\/www.accord-langues.com\/fr\/merci-renseigne-fiche-preparer-sejour-groupe\/\" \/>\n<meta property=\"og:locale\" content=\"fr_FR\" \/>\n<meta property=\"og:type\" content=\"article\" \/>\n<meta property=\"og:title\" content=\"Merci pour la fiche Pr\u00e9parer le s\u00e9jour de votre groupe\" \/>\n<meta property=\"og:description\" content=\"Merci d\u2019avoir renseign\u00e9 la fiche &quot;Pr\u00e9parer le s\u00e9jour de votre groupe&quot;. Nous vous contacterons rapidement et esp\u00e9rons accueillir votre groupe \u00e0 ACCORD Paris.\" \/>\n<meta property=\"og:url\" content=\"https:\/\/www.accord-langues.com\/fr\/merci-renseigne-fiche-preparer-sejour-groupe\/\" \/>\n<meta property=\"og:site_name\" content=\"Accord Paris\" \/>\n<meta property=\"article:publisher\" content=\"https:\/\/www.facebook.com\/accordecoledelangues\" \/>\n<meta property=\"article:modified_time\" content=\"2019-03-28T10:11:11+00:00\" \/>\n<meta property=\"og:image\" content=\"https:\/\/www.accord-langues.com\/wp-content\/uploads\/2024\/02\/ACCORD-French-Language-School-in-Paris-low-res.jpg\" \/>\n\t<meta property=\"og:image:width\" content=\"1200\" \/>\n\t<meta property=\"og:image:height\" content=\"867\" \/>\n\t<meta property=\"og:image:type\" content=\"image\/jpeg\" \/>\n<meta name=\"twitter:card\" content=\"summary_large_image\" \/>\n<meta name=\"twitter:label1\" content=\"Dur\u00e9e de lecture estim\u00e9e\" \/>\n\t<meta name=\"twitter:data1\" content=\"1 minute\" \/>\n<script type=\"application\/ld+json\" class=\"yoast-schema-graph\">{\"@context\":\"https:\\\/\\\/schema.org\",\"@graph\":[{\"@type\":\"WebPage\",\"@id\":\"https:\\\/\\\/www.accord-langues.com\\\/fr\\\/merci-renseigne-fiche-preparer-sejour-groupe\\\/\",\"url\":\"https:\\\/\\\/www.accord-langues.com\\\/fr\\\/merci-renseigne-fiche-preparer-sejour-groupe\\\/\",\"name\":\"Merci pour la fiche Pr\u00e9parer le s\u00e9jour de votre groupe - Accord Paris\",\"isPartOf\":{\"@id\":\"https:\\\/\\\/www.accord-langues.com\\\/fr\\\/#website\"},\"datePublished\":\"2018-09-24T09:35:31+00:00\",\"dateModified\":\"2019-03-28T10:11:11+00:00\",\"description\":\"Merci d\u2019avoir renseign\u00e9 la fiche \\\"Pr\u00e9parer le s\u00e9jour de votre groupe\\\". Nous vous contacterons rapidement et esp\u00e9rons accueillir votre groupe \u00e0 ACCORD Paris.\",\"inLanguage\":\"fr-FR\",\"potentialAction\":[{\"@type\":\"ReadAction\",\"target\":[\"https:\\\/\\\/www.accord-langues.com\\\/fr\\\/merci-renseigne-fiche-preparer-sejour-groupe\\\/\"]}]},{\"@type\":\"WebSite\",\"@id\":\"https:\\\/\\\/www.accord-langues.com\\\/fr\\\/#website\",\"url\":\"https:\\\/\\\/www.accord-langues.com\\\/fr\\\/\",\"name\":\"Accord Paris\",\"description\":\"Learn French in France\",\"publisher\":{\"@id\":\"https:\\\/\\\/www.accord-langues.com\\\/fr\\\/#organization\"},\"potentialAction\":[{\"@type\":\"SearchAction\",\"target\":{\"@type\":\"EntryPoint\",\"urlTemplate\":\"https:\\\/\\\/www.accord-langues.com\\\/fr\\\/?s={search_term_string}\"},\"query-input\":{\"@type\":\"PropertyValueSpecification\",\"valueRequired\":true,\"valueName\":\"search_term_string\"}}],\"inLanguage\":\"fr-FR\"},{\"@type\":\"Organization\",\"@id\":\"https:\\\/\\\/www.accord-langues.com\\\/fr\\\/#organization\",\"name\":\"ACCORD Tour Eiffel\",\"alternateName\":\"Learn French in Paris\",\"url\":\"https:\\\/\\\/www.accord-langues.com\\\/fr\\\/\",\"logo\":{\"@type\":\"ImageObject\",\"inLanguage\":\"fr-FR\",\"@id\":\"https:\\\/\\\/www.accord-langues.com\\\/fr\\\/#\\\/schema\\\/logo\\\/image\\\/\",\"url\":\"https:\\\/\\\/www.accord-langues.com\\\/wp-content\\\/uploads\\\/2016\\\/06\\\/Logo.png\",\"contentUrl\":\"https:\\\/\\\/www.accord-langues.com\\\/wp-content\\\/uploads\\\/2016\\\/06\\\/Logo.png\",\"width\":290,\"height\":70,\"caption\":\"ACCORD Tour Eiffel\"},\"image\":{\"@id\":\"https:\\\/\\\/www.accord-langues.com\\\/fr\\\/#\\\/schema\\\/logo\\\/image\\\/\"},\"sameAs\":[\"https:\\\/\\\/www.facebook.com\\\/accordecoledelangues\",\"https:\\\/\\\/www.linkedin.com\\\/groups\\\/4542133\\\/\"],\"description\":\"ACCORD French Language School is one of the leading schools in France for teaching French to foreign students and offering high quality French language courses in Paris. The ACCORD language school is located in the heart of Paris, nearby the Eiffel Tower. The ACCORD school is open all year round and welcomes students from all over the world from the age of 16 in its French language courses. ACCORD school is accredited by the official \u201cQualit\u00e9 FLE\u201d label and is member of CAMPUS FRANCE, SOUFFLE and Atout France. ACCORD is official exam center for the TCF IRN, TCF TP, TCF Qu\u00e9bec and TCF Canada.\",\"email\":\"info@accord-langues.com\",\"telephone\":\"+33155335233\",\"legalName\":\"FORUM ACCORD\",\"foundingDate\":\"1990-02-23\",\"numberOfEmployees\":{\"@type\":\"QuantitativeValue\",\"minValue\":\"11\",\"maxValue\":\"50\"}}]}<\/script>\n<!-- \/ Yoast SEO Premium plugin. -->","yoast_head_json":{"title":"Merci pour la fiche Pr\u00e9parer le s\u00e9jour de votre groupe - Accord Paris","description":"Merci d\u2019avoir renseign\u00e9 la fiche \"Pr\u00e9parer le s\u00e9jour de votre groupe\". Nous vous contacterons rapidement et esp\u00e9rons accueillir votre groupe \u00e0 ACCORD Paris.","robots":{"index":"index","follow":"follow","max-snippet":"max-snippet:-1","max-image-preview":"max-image-preview:large","max-video-preview":"max-video-preview:-1"},"canonical":"https:\/\/www.accord-langues.com\/fr\/merci-renseigne-fiche-preparer-sejour-groupe\/","og_locale":"fr_FR","og_type":"article","og_title":"Merci pour la fiche Pr\u00e9parer le s\u00e9jour de votre groupe","og_description":"Merci d\u2019avoir renseign\u00e9 la fiche \"Pr\u00e9parer le s\u00e9jour de votre groupe\". Nous vous contacterons rapidement et esp\u00e9rons accueillir votre groupe \u00e0 ACCORD Paris.","og_url":"https:\/\/www.accord-langues.com\/fr\/merci-renseigne-fiche-preparer-sejour-groupe\/","og_site_name":"Accord Paris","article_publisher":"https:\/\/www.facebook.com\/accordecoledelangues","article_modified_time":"2019-03-28T10:11:11+00:00","og_image":[{"width":1200,"height":867,"url":"https:\/\/www.accord-langues.com\/wp-content\/uploads\/2024\/02\/ACCORD-French-Language-School-in-Paris-low-res.jpg","type":"image\/jpeg"}],"twitter_card":"summary_large_image","twitter_misc":{"Dur\u00e9e de lecture estim\u00e9e":"1 minute"},"schema":{"@context":"https:\/\/schema.org","@graph":[{"@type":"WebPage","@id":"https:\/\/www.accord-langues.com\/fr\/merci-renseigne-fiche-preparer-sejour-groupe\/","url":"https:\/\/www.accord-langues.com\/fr\/merci-renseigne-fiche-preparer-sejour-groupe\/","name":"Merci pour la fiche Pr\u00e9parer le s\u00e9jour de votre groupe - Accord Paris","isPartOf":{"@id":"https:\/\/www.accord-langues.com\/fr\/#website"},"datePublished":"2018-09-24T09:35:31+00:00","dateModified":"2019-03-28T10:11:11+00:00","description":"Merci d\u2019avoir renseign\u00e9 la fiche \"Pr\u00e9parer le s\u00e9jour de votre groupe\". Nous vous contacterons rapidement et esp\u00e9rons accueillir votre groupe \u00e0 ACCORD Paris.","inLanguage":"fr-FR","potentialAction":[{"@type":"ReadAction","target":["https:\/\/www.accord-langues.com\/fr\/merci-renseigne-fiche-preparer-sejour-groupe\/"]}]},{"@type":"WebSite","@id":"https:\/\/www.accord-langues.com\/fr\/#website","url":"https:\/\/www.accord-langues.com\/fr\/","name":"Accord Paris","description":"Learn French in France","publisher":{"@id":"https:\/\/www.accord-langues.com\/fr\/#organization"},"potentialAction":[{"@type":"SearchAction","target":{"@type":"EntryPoint","urlTemplate":"https:\/\/www.accord-langues.com\/fr\/?s={search_term_string}"},"query-input":{"@type":"PropertyValueSpecification","valueRequired":true,"valueName":"search_term_string"}}],"inLanguage":"fr-FR"},{"@type":"Organization","@id":"https:\/\/www.accord-langues.com\/fr\/#organization","name":"ACCORD Tour Eiffel","alternateName":"Learn French in Paris","url":"https:\/\/www.accord-langues.com\/fr\/","logo":{"@type":"ImageObject","inLanguage":"fr-FR","@id":"https:\/\/www.accord-langues.com\/fr\/#\/schema\/logo\/image\/","url":"https:\/\/www.accord-langues.com\/wp-content\/uploads\/2016\/06\/Logo.png","contentUrl":"https:\/\/www.accord-langues.com\/wp-content\/uploads\/2016\/06\/Logo.png","width":290,"height":70,"caption":"ACCORD Tour Eiffel"},"image":{"@id":"https:\/\/www.accord-langues.com\/fr\/#\/schema\/logo\/image\/"},"sameAs":["https:\/\/www.facebook.com\/accordecoledelangues","https:\/\/www.linkedin.com\/groups\/4542133\/"],"description":"ACCORD French Language School is one of the leading schools in France for teaching French to foreign students and offering high quality French language courses in Paris. The ACCORD language school is located in the heart of Paris, nearby the Eiffel Tower. The ACCORD school is open all year round and welcomes students from all over the world from the age of 16 in its French language courses. ACCORD school is accredited by the official \u201cQualit\u00e9 FLE\u201d label and is member of CAMPUS FRANCE, SOUFFLE and Atout France. ACCORD is official exam center for the TCF IRN, TCF TP, TCF Qu\u00e9bec and TCF Canada.","email":"info@accord-langues.com","telephone":"+33155335233","legalName":"FORUM ACCORD","foundingDate":"1990-02-23","numberOfEmployees":{"@type":"QuantitativeValue","minValue":"11","maxValue":"50"}}]}},"_links":{"self":[{"href":"https:\/\/www.accord-langues.com\/fr\/wp-json\/wp\/v2\/pages\/5582","targetHints":{"allow":["GET"]}}],"collection":[{"href":"https:\/\/www.accord-langues.com\/fr\/wp-json\/wp\/v2\/pages"}],"about":[{"href":"https:\/\/www.accord-langues.com\/fr\/wp-json\/wp\/v2\/types\/page"}],"author":[{"embeddable":true,"href":"https:\/\/www.accord-langues.com\/fr\/wp-json\/wp\/v2\/users\/10"}],"replies":[{"embeddable":true,"href":"https:\/\/www.accord-langues.com\/fr\/wp-json\/wp\/v2\/comments?post=5582"}],"version-history":[{"count":0,"href":"https:\/\/www.accord-langues.com\/fr\/wp-json\/wp\/v2\/pages\/5582\/revisions"}],"wp:attachment":[{"href":"https:\/\/www.accord-langues.com\/fr\/wp-json\/wp\/v2\/media?parent=5582"}],"curies":[{"name":"wp","href":"https:\/\/api.w.org\/{rel}","templated":true}]}}