{"id":5644,"date":"2016-06-23T13:20:48","date_gmt":"2016-06-23T12:20:48","guid":{"rendered":"https:\/\/www.accord-langues.com\/french-language-courses-for-teens\/"},"modified":"2024-01-04T14:47:24","modified_gmt":"2024-01-04T14:47:24","slug":"cursos-de-frances-para-adolescentes","status":"publish","type":"page","link":"https:\/\/www.accord-langues.com\/es\/cursos-de-frances-para-adolescentes\/","title":{"rendered":"Cursos de franc\u00e9s para adolescentes"},"content":{"rendered":"<div class=\"wpb-content-wrapper\"><p>[vc_row full_width=\u00bbstretch_row\u00bb content_placement=\u00bbmiddle\u00bb css=\u00bb.vc_custom_1539768399306{background-image: url(https:\/\/www.accord-langues.com\/wp-content\/uploads\/2018\/10\/ACCORD-Junior-programs.jpg?id=2382) !important;background-position: center !important;background-repeat: no-repeat !important;background-size: cover !important;}\u00bb el_class=\u00bbheader-image\u00bb][vc_column width=\u00bb2\/3&#8243; offset=\u00bbvc_col-sm-offset-2&#8243;][vc_column_text]<\/p>\n<h1><span data-sheets-value=\"{&quot;1&quot;:2,&quot;2&quot;:&quot;Escuela de idiomas para ni\u00f1os en Francia&quot;}\" data-sheets-userformat=\"{&quot;2&quot;:14399,&quot;3&quot;:{&quot;1&quot;:0,&quot;3&quot;:1},&quot;4&quot;:{&quot;1&quot;:2,&quot;2&quot;:16167531},&quot;5&quot;:{&quot;1&quot;:[{&quot;1&quot;:2,&quot;2&quot;:0,&quot;5&quot;:{&quot;1&quot;:0}},{&quot;1&quot;:0,&quot;2&quot;:0,&quot;3&quot;:3},{&quot;1&quot;:1,&quot;2&quot;:0,&quot;4&quot;:1}]},&quot;6&quot;:{&quot;1&quot;:[{&quot;1&quot;:2,&quot;2&quot;:0,&quot;5&quot;:{&quot;1&quot;:0}},{&quot;1&quot;:0,&quot;2&quot;:0,&quot;3&quot;:3},{&quot;1&quot;:1,&quot;2&quot;:0,&quot;4&quot;:1}]},&quot;7&quot;:{&quot;1&quot;:[{&quot;1&quot;:2,&quot;2&quot;:0,&quot;5&quot;:{&quot;1&quot;:0}},{&quot;1&quot;:0,&quot;2&quot;:0,&quot;3&quot;:3},{&quot;1&quot;:1,&quot;2&quot;:0,&quot;4&quot;:1}]},&quot;8&quot;:{&quot;1&quot;:[{&quot;1&quot;:2,&quot;2&quot;:0,&quot;5&quot;:{&quot;1&quot;:0}},{&quot;1&quot;:0,&quot;2&quot;:0,&quot;3&quot;:3},{&quot;1&quot;:1,&quot;2&quot;:0,&quot;4&quot;:1}]},&quot;14&quot;:{&quot;1&quot;:3,&quot;3&quot;:1},&quot;15&quot;:&quot;Arial&quot;,&quot;16&quot;:10}\"><strong>Cursos de franc\u00e9s para adolescentes<\/strong> en Francia<\/span><\/h1>\n<p>[\/vc_column_text][\/vc_column][\/vc_row][vc_row][vc_column][vc_column_text]<\/p>\n<h2 style=\"text-align: center; margin-bottom: 0px;\"><span style=\"color: #ff6600;\">Cursos de franc\u00e9s para ni\u00f1os y familias<\/span><\/h2>\n<p>[\/vc_column_text][vc_row_inner el_id=\u00bbjunior-courses\u00bb][vc_column_inner width=\u00bb1\/2&#8243; offset=\u00bbvc_col-lg-offset-1 vc_col-lg-5 vc_col-md-offset-1 vc_col-md-5&#8243;][vc_column_text]<\/p>\n<ul class=\"ticks\">\n<li>Programa de verano \u00abtodo incluido\u00bb para adolescentes de 12 a 17 a\u00f1os de edad<\/li>\n<li>Programas de estudiantes de d\u00eda para adolescentes y ni\u00f1os<\/li>\n<li>Programas de verano para grupos de j\u00f3venes<\/li>\n<\/ul>\n<p>[\/vc_column_text][\/vc_column_inner][vc_column_inner width=\u00bb1\/2&#8243; offset=\u00bbvc_col-lg-5 vc_col-md-5&#8243;][vc_column_text]<\/p>\n<ul class=\"ticks\">\n<li>Cursos de franc\u00e9s de verano para j\u00f3venes y ni\u00f1os<\/li>\n<li>Cursos de franc\u00e9s de verano para familias<\/li>\n<\/ul>\n<p>[\/vc_column_text][\/vc_column_inner][\/vc_row_inner][\/vc_column][\/vc_row][vc_row full_width=\u00bbstretch_row\u00bb css=\u00bb.vc_custom_1488377935835{padding-top: 20px !important;padding-bottom: 40px !important;background-color: #f0f0f0 !important;}\u00bb][vc_column][vc_column_text css=\u00bb.vc_custom_1553868006181{margin-bottom: 40px !important;}\u00bb]<\/p>\n<h3 id=\"intensive\" style=\"text-align: center;\">Cursos de franc\u00e9s para adolescentes, ni\u00f1os y familias<\/h3>\n<p>[\/vc_column_text][vc_row_inner][vc_column_inner offset=\u00bbvc_col-lg-offset-2 vc_col-lg-8 vc_col-md-offset-2 vc_col-md-8 vc_col-xs-12&#8243;]\n<div class=\"RFPostsGrid Course__list \">\n    <div class=\"RFPostsGrid__sizer col-lg-6 col-md-6 col-sm-6 col-xs-12\"><\/div>\n                    <div class=\"RFPostsGrid__item match-height col-lg-6 col-md-6 col-sm-6 col-xs-12\">\n            <div class=\"RFPostsGrid__inner\">\n\n            \t<div class=\"Course__item\">\n            \t\t<div class=\"Course__header\">\n\t\t\t\t\t\t<div class=\"h2-like\">Campamento de verano para adolescentes en Francia<\/div>\n            \t\t<\/div>\n\n            \t\t<div class=\"Course__details\">\n            \t\t\t<div class=\"row\">\n            \t\t\t\t<div class=\"Course__lessons col-xs-4\">\n            \t\t\t\t\t<img decoding=\"async\" src=\"https:\/\/www.accord-langues.com\/wp-content\/uploads\/2016\/10\/lessons-icon.gif\">\n            \t\t\t\t\t<br>\n            \t\t\t\t\t20  clases            \t\t\t\t<\/div>\n            \t\t\t\t<div class=\"Course__hours col-xs-4\">\n            \t\t\t\t\t<img decoding=\"async\" src=\"https:\/\/www.accord-langues.com\/wp-content\/uploads\/2016\/10\/hours-icon.gif\">\n            \t\t\t\t\t<br>\n            \t\t\t\t\t15  horas            \t\t\t\t<\/div>\n            \t\t\t\t<div class=\"Course__size col-xs-4\">\n            \t\t\t\t\t<img decoding=\"async\" src=\"https:\/\/www.accord-langues.com\/wp-content\/uploads\/2016\/10\/students-icon.gif\">\n            \t\t\t\t\t<br>\n            \t\t\t\t\t m\u00e1x. 15            \t\t\t\t<\/div>\n            \t\t\t<\/div>\n            \t\t<\/div>\n\n            \t\t<div class=\"Course__description\">\n            \t\t\t<p>El campamento de verano para adolescentes en Francia con todo incluido de ACCORD acoge a ni\u00f1os de 12 a 17 a\u00f1os en su escuela de verano en Par\u00eds.<\/p>\n\t            \t\t<div class=\"Course_from\">\n\t            \t\t\t desde \u20ac\t            \t\t<\/div>\n            \t\t<\/div>\n\n            \t\t<div class=\"Course__footer\">\n            \t\t\t<a class=\"btn btn-primary\" href=\"https:\/\/www.accord-langues.com\/es\/reserva-todo-incluido\/\"> Reservar ahora<\/a>\n            \t\t\t<a class=\"btn btn-default pull-right\" href=\"https:\/\/www.accord-langues.com\/es\/curso_junior\/campamento-de-verano-para-adolescentes-en-francia\/\"> informaci\u00f3n<\/a> \n            \t\t<\/div>\n            \t<\/div>\n\n            <\/div>\n        <\/div>\n                    <div class=\"RFPostsGrid__item match-height col-lg-6 col-md-6 col-sm-6 col-xs-12\">\n            <div class=\"RFPostsGrid__inner\">\n\n            \t<div class=\"Course__item\">\n            \t\t<div class=\"Course__header\">\n\t\t\t\t\t\t<div class=\"h2-like\">Programas de inmersi\u00f3n francesa para j\u00f3venes<\/div>\n            \t\t<\/div>\n\n            \t\t<div class=\"Course__details\">\n            \t\t\t<div class=\"row\">\n            \t\t\t\t<div class=\"Course__lessons col-xs-4\">\n            \t\t\t\t\t<img decoding=\"async\" src=\"https:\/\/www.accord-langues.com\/wp-content\/uploads\/2016\/10\/lessons-icon.gif\">\n            \t\t\t\t\t<br>\n            \t\t\t\t\t20  clases            \t\t\t\t<\/div>\n            \t\t\t\t<div class=\"Course__hours col-xs-4\">\n            \t\t\t\t\t<img decoding=\"async\" src=\"https:\/\/www.accord-langues.com\/wp-content\/uploads\/2016\/10\/hours-icon.gif\">\n            \t\t\t\t\t<br>\n            \t\t\t\t\t15  horas            \t\t\t\t<\/div>\n            \t\t\t\t<div class=\"Course__size col-xs-4\">\n            \t\t\t\t\t<img decoding=\"async\" src=\"https:\/\/www.accord-langues.com\/wp-content\/uploads\/2016\/10\/students-icon.gif\">\n            \t\t\t\t\t<br>\n            \t\t\t\t\t m\u00e1x. 15            \t\t\t\t<\/div>\n            \t\t\t<\/div>\n            \t\t<\/div>\n\n            \t\t<div class=\"Course__description\">\n            \t\t\t<p>Este programa abierto a ni\u00f1os a partir de 6 a\u00f1os es el mismo que el programa todo incluido pero sin alojamiento en el campus. El programa tambi\u00e9n est\u00e1 disponible para los padres y madres.<\/p>\n\t            \t\t<div class=\"Course_from\">\n\t            \t\t\t desde \u20ac\t            \t\t<\/div>\n            \t\t<\/div>\n\n            \t\t<div class=\"Course__footer\">\n            \t\t\t<a class=\"btn btn-primary\" href=\"https:\/\/www.accord-langues.com\/es\/booking-page-notice-download-pdf\/\"> Reservar ahora<\/a>\n            \t\t\t<a class=\"btn btn-default pull-right\" href=\"https:\/\/www.accord-langues.com\/es\/curso_junior\/programas-de-verano-de-inmersion-francesa-para-jovenes\/\"> informaci\u00f3n<\/a> \n            \t\t<\/div>\n            \t<\/div>\n\n            <\/div>\n        <\/div>\n                    <div class=\"RFPostsGrid__item match-height col-lg-6 col-md-6 col-sm-6 col-xs-12\">\n            <div class=\"RFPostsGrid__inner\">\n\n            \t<div class=\"Course__item\">\n            \t\t<div class=\"Course__header\">\n\t\t\t\t\t\t<div class=\"h2-like\">Cursos de verano de franc\u00e9s en Francia para familias<\/div>\n            \t\t<\/div>\n\n            \t\t<div class=\"Course__details\">\n            \t\t\t<div class=\"row\">\n            \t\t\t\t<div class=\"Course__lessons col-xs-4\">\n            \t\t\t\t\t<img decoding=\"async\" src=\"https:\/\/www.accord-langues.com\/wp-content\/uploads\/2016\/10\/lessons-icon.gif\">\n            \t\t\t\t\t<br>\n            \t\t\t\t\t20  clases            \t\t\t\t<\/div>\n            \t\t\t\t<div class=\"Course__hours col-xs-4\">\n            \t\t\t\t\t<img decoding=\"async\" src=\"https:\/\/www.accord-langues.com\/wp-content\/uploads\/2016\/10\/hours-icon.gif\">\n            \t\t\t\t\t<br>\n            \t\t\t\t\t15  horas            \t\t\t\t<\/div>\n            \t\t\t\t<div class=\"Course__size col-xs-4\">\n            \t\t\t\t\t<img decoding=\"async\" src=\"https:\/\/www.accord-langues.com\/wp-content\/uploads\/2016\/10\/students-icon.gif\">\n            \t\t\t\t\t<br>\n            \t\t\t\t\t m\u00e1x. 15            \t\t\t\t<\/div>\n            \t\t\t<\/div>\n            \t\t<\/div>\n\n            \t\t<div class=\"Course__description\">\n            \t\t\t<p>Los padres y madres pueden inscribirse en un curso semiintensivo o intensivo en el mismo horario que sus hijos. Posibilidad de participar en el programa de estudiantes de d\u00eda.<\/p>\n\t            \t\t<div class=\"Course_from\">\n\t            \t\t\t desde \u20ac0,00\t            \t\t<\/div>\n            \t\t<\/div>\n\n            \t\t<div class=\"Course__footer\">\n            \t\t\t<a class=\"btn btn-primary\" href=\"https:\/\/www.accord-langues.com\/es\/booking-page-notice-download-pdf\/\"> Reservar ahora<\/a>\n            \t\t\t<a class=\"btn btn-default pull-right\" href=\"https:\/\/www.accord-langues.com\/es\/curso_junior\/cursos-de-verano-de-frances-en-francia-para-familias\/\"> informaci\u00f3n<\/a> \n            \t\t<\/div>\n            \t<\/div>\n\n            <\/div>\n        <\/div>\n                    <div class=\"RFPostsGrid__item match-height col-lg-6 col-md-6 col-sm-6 col-xs-12\">\n            <div class=\"RFPostsGrid__inner\">\n\n            \t<div class=\"Course__item\">\n            \t\t<div class=\"Course__header\">\n\t\t\t\t\t\t<div class=\"h2-like\">Escuela de verano para ni\u00f1os en Francia<\/div>\n            \t\t<\/div>\n\n            \t\t<div class=\"Course__details\">\n            \t\t\t<div class=\"row\">\n            \t\t\t\t<div class=\"Course__lessons col-xs-4\">\n            \t\t\t\t\t<img decoding=\"async\" src=\"https:\/\/www.accord-langues.com\/wp-content\/uploads\/2016\/10\/lessons-icon.gif\">\n            \t\t\t\t\t<br>\n            \t\t\t\t\t20  clases            \t\t\t\t<\/div>\n            \t\t\t\t<div class=\"Course__hours col-xs-4\">\n            \t\t\t\t\t<img decoding=\"async\" src=\"https:\/\/www.accord-langues.com\/wp-content\/uploads\/2016\/10\/hours-icon.gif\">\n            \t\t\t\t\t<br>\n            \t\t\t\t\t15  horas            \t\t\t\t<\/div>\n            \t\t\t\t<div class=\"Course__size col-xs-4\">\n            \t\t\t\t\t<img decoding=\"async\" src=\"https:\/\/www.accord-langues.com\/wp-content\/uploads\/2016\/10\/students-icon.gif\">\n            \t\t\t\t\t<br>\n            \t\t\t\t\t m\u00e1x. 15            \t\t\t\t<\/div>\n            \t\t\t<\/div>\n            \t\t<\/div>\n\n            \t\t<div class=\"Course__description\">\n            \t\t\t<p>\u00bfEst\u00e1 buscando un curso de franc\u00e9s de verano para adolescentes y ni\u00f1os en Francia? Desde 1988 ACCORD Paris acoge a adolescentes y a ni\u00f1os en verano.<\/p>\n\t            \t\t<div class=\"Course_from\">\n\t            \t\t\t desde \u20ac\t            \t\t<\/div>\n            \t\t<\/div>\n\n            \t\t<div class=\"Course__footer\">\n            \t\t\t<a class=\"btn btn-primary\" href=\"https:\/\/www.accord-langues.com\/es\/reserva-junior\/\"> Reservar ahora<\/a>\n            \t\t\t<a class=\"btn btn-default pull-right\" href=\"https:\/\/www.accord-langues.com\/es\/curso_junior\/curso-verano-frances-para-adolescentes-y-ninos\/\"> informaci\u00f3n<\/a> \n            \t\t<\/div>\n            \t<\/div>\n\n            <\/div>\n        <\/div>\n    <\/div>\n[\/vc_column_inner][\/vc_row_inner][\/vc_column][\/vc_row]<\/p>\n<\/div>","protected":false},"excerpt":{"rendered":"<p>[vc_row full_width=\u00bbstretch_row\u00bb content_placement=\u00bbmiddle\u00bb css=\u00bb.vc_custom_1539768399306{background-image: url(https:\/\/www.accord-langues.com\/wp-content\/uploads\/2018\/10\/ACCORD-Junior-programs.jpg?id=2382) !important;background-position: center !important;background-repeat: no-repeat !important;background-size: cover !important;}\u00bb el_class=\u00bbheader-image\u00bb][vc_column width=\u00bb2\/3&#8243; offset=\u00bbvc_col-sm-offset-2&#8243;][vc_column_text] Cursos de franc\u00e9s para adolescentes en Francia [\/vc_column_text][\/vc_column][\/vc_row][vc_row][vc_column][vc_column_text] Cursos de franc\u00e9s para ni\u00f1os y familias [\/vc_column_text][vc_row_inner el_id=\u00bbjunior-courses\u00bb][vc_column_inner width=\u00bb1\/2&#8243; offset=\u00bbvc_col-lg-offset-1 vc_col-lg-5 vc_col-md-offset-1 vc_col-md-5&#8243;][vc_column_text] Programa de verano \u00abtodo incluido\u00bb para adolescentes de 12 a 17 a\u00f1os de edad Programas de estudiantes de [&hellip;]<\/p>\n","protected":false},"author":10,"featured_media":0,"parent":0,"menu_order":0,"comment_status":"closed","ping_status":"closed","template":"","meta":{"_acf_changed":false,"footnotes":""},"class_list":["post-5644","page","type-page","status-publish","hentry"],"acf":[],"yoast_head":"<!-- This site is optimized with the Yoast SEO Premium plugin v27.5 (Yoast SEO v27.5) - https:\/\/yoast.com\/product\/yoast-seo-premium-wordpress\/ -->\n<title>Escuela De Idiomas Para Ni\u00f1os En Francia | Accord Paris<\/title>\n<meta name=\"description\" content=\"Inscr\u00edbete en una escuela de idiomas en Francia. Oferta de cursos de franc\u00e9s para adolescentes. Cursos de calidad. Escuela acreditada FLE.\" \/>\n<meta name=\"robots\" content=\"index, follow, max-snippet:-1, max-image-preview:large, max-video-preview:-1\" \/>\n<link rel=\"canonical\" href=\"https:\/\/www.accord-langues.com\/es\/cursos-de-frances-para-adolescentes\/\" \/>\n<meta property=\"og:locale\" content=\"es_ES\" \/>\n<meta property=\"og:type\" content=\"article\" \/>\n<meta property=\"og:title\" content=\"Cursos de franc\u00e9s para adolescentes\" \/>\n<meta property=\"og:description\" content=\"Inscr\u00edbete en una escuela de idiomas en Francia. Oferta de cursos de franc\u00e9s para adolescentes. Cursos de calidad. Escuela acreditada FLE.\" \/>\n<meta property=\"og:url\" content=\"https:\/\/www.accord-langues.com\/es\/cursos-de-frances-para-adolescentes\/\" \/>\n<meta property=\"og:site_name\" content=\"Accord Paris\" \/>\n<meta property=\"article:publisher\" content=\"https:\/\/www.facebook.com\/accordecoledelangues\" \/>\n<meta property=\"article:modified_time\" content=\"2024-01-04T14:47:24+00:00\" \/>\n<meta property=\"og:image\" content=\"https:\/\/www.accord-langues.com\/wp-content\/uploads\/2024\/02\/ACCORD-French-Language-School-in-Paris-low-res.jpg\" \/>\n\t<meta property=\"og:image:width\" content=\"1200\" \/>\n\t<meta property=\"og:image:height\" content=\"867\" \/>\n\t<meta property=\"og:image:type\" content=\"image\/jpeg\" \/>\n<meta name=\"twitter:card\" content=\"summary_large_image\" \/>\n<meta name=\"twitter:label1\" content=\"Tiempo de lectura\" \/>\n\t<meta name=\"twitter:data1\" content=\"1 minuto\" \/>\n<script type=\"application\/ld+json\" class=\"yoast-schema-graph\">{\"@context\":\"https:\\\/\\\/schema.org\",\"@graph\":[{\"@type\":\"WebPage\",\"@id\":\"https:\\\/\\\/www.accord-langues.com\\\/es\\\/cursos-de-frances-para-adolescentes\\\/\",\"url\":\"https:\\\/\\\/www.accord-langues.com\\\/es\\\/cursos-de-frances-para-adolescentes\\\/\",\"name\":\"Escuela De Idiomas Para Ni\u00f1os En Francia | Accord Paris\",\"isPartOf\":{\"@id\":\"https:\\\/\\\/www.accord-langues.com\\\/es\\\/#website\"},\"datePublished\":\"2016-06-23T12:20:48+00:00\",\"dateModified\":\"2024-01-04T14:47:24+00:00\",\"description\":\"Inscr\u00edbete en una escuela de idiomas en Francia. Oferta de cursos de franc\u00e9s para adolescentes. Cursos de calidad. Escuela acreditada FLE.\",\"inLanguage\":\"es\",\"potentialAction\":[{\"@type\":\"ReadAction\",\"target\":[\"https:\\\/\\\/www.accord-langues.com\\\/es\\\/cursos-de-frances-para-adolescentes\\\/\"]}]},{\"@type\":\"WebSite\",\"@id\":\"https:\\\/\\\/www.accord-langues.com\\\/es\\\/#website\",\"url\":\"https:\\\/\\\/www.accord-langues.com\\\/es\\\/\",\"name\":\"Accord Paris\",\"description\":\"Learn French in France\",\"publisher\":{\"@id\":\"https:\\\/\\\/www.accord-langues.com\\\/es\\\/#organization\"},\"potentialAction\":[{\"@type\":\"SearchAction\",\"target\":{\"@type\":\"EntryPoint\",\"urlTemplate\":\"https:\\\/\\\/www.accord-langues.com\\\/es\\\/?s={search_term_string}\"},\"query-input\":{\"@type\":\"PropertyValueSpecification\",\"valueRequired\":true,\"valueName\":\"search_term_string\"}}],\"inLanguage\":\"es\"},{\"@type\":\"Organization\",\"@id\":\"https:\\\/\\\/www.accord-langues.com\\\/es\\\/#organization\",\"name\":\"ACCORD Tour Eiffel\",\"alternateName\":\"Learn French in Paris\",\"url\":\"https:\\\/\\\/www.accord-langues.com\\\/es\\\/\",\"logo\":{\"@type\":\"ImageObject\",\"inLanguage\":\"es\",\"@id\":\"https:\\\/\\\/www.accord-langues.com\\\/es\\\/#\\\/schema\\\/logo\\\/image\\\/\",\"url\":\"https:\\\/\\\/www.accord-langues.com\\\/wp-content\\\/uploads\\\/2016\\\/06\\\/Logo.png\",\"contentUrl\":\"https:\\\/\\\/www.accord-langues.com\\\/wp-content\\\/uploads\\\/2016\\\/06\\\/Logo.png\",\"width\":290,\"height\":70,\"caption\":\"ACCORD Tour Eiffel\"},\"image\":{\"@id\":\"https:\\\/\\\/www.accord-langues.com\\\/es\\\/#\\\/schema\\\/logo\\\/image\\\/\"},\"sameAs\":[\"https:\\\/\\\/www.facebook.com\\\/accordecoledelangues\",\"https:\\\/\\\/www.linkedin.com\\\/groups\\\/4542133\\\/\"],\"description\":\"ACCORD French Language School is one of the leading schools in France for teaching French to foreign students and offering high quality French language courses in Paris. The ACCORD language school is located in the heart of Paris, nearby the Eiffel Tower. The ACCORD school is open all year round and welcomes students from all over the world from the age of 16 in its French language courses. ACCORD school is accredited by the official \u201cQualit\u00e9 FLE\u201d label and is member of CAMPUS FRANCE, SOUFFLE and Atout France. ACCORD is official exam center for the TCF IRN, TCF TP, TCF Qu\u00e9bec and TCF Canada.\",\"email\":\"info@accord-langues.com\",\"telephone\":\"+33155335233\",\"legalName\":\"FORUM ACCORD\",\"foundingDate\":\"1990-02-23\",\"numberOfEmployees\":{\"@type\":\"QuantitativeValue\",\"minValue\":\"11\",\"maxValue\":\"50\"}}]}<\/script>\n<!-- \/ Yoast SEO Premium plugin. -->","yoast_head_json":{"title":"Escuela De Idiomas Para Ni\u00f1os En Francia | Accord Paris","description":"Inscr\u00edbete en una escuela de idiomas en Francia. Oferta de cursos de franc\u00e9s para adolescentes. Cursos de calidad. Escuela acreditada FLE.","robots":{"index":"index","follow":"follow","max-snippet":"max-snippet:-1","max-image-preview":"max-image-preview:large","max-video-preview":"max-video-preview:-1"},"canonical":"https:\/\/www.accord-langues.com\/es\/cursos-de-frances-para-adolescentes\/","og_locale":"es_ES","og_type":"article","og_title":"Cursos de franc\u00e9s para adolescentes","og_description":"Inscr\u00edbete en una escuela de idiomas en Francia. Oferta de cursos de franc\u00e9s para adolescentes. Cursos de calidad. Escuela acreditada FLE.","og_url":"https:\/\/www.accord-langues.com\/es\/cursos-de-frances-para-adolescentes\/","og_site_name":"Accord Paris","article_publisher":"https:\/\/www.facebook.com\/accordecoledelangues","article_modified_time":"2024-01-04T14:47:24+00:00","og_image":[{"width":1200,"height":867,"url":"https:\/\/www.accord-langues.com\/wp-content\/uploads\/2024\/02\/ACCORD-French-Language-School-in-Paris-low-res.jpg","type":"image\/jpeg"}],"twitter_card":"summary_large_image","twitter_misc":{"Tiempo de lectura":"1 minuto"},"schema":{"@context":"https:\/\/schema.org","@graph":[{"@type":"WebPage","@id":"https:\/\/www.accord-langues.com\/es\/cursos-de-frances-para-adolescentes\/","url":"https:\/\/www.accord-langues.com\/es\/cursos-de-frances-para-adolescentes\/","name":"Escuela De Idiomas Para Ni\u00f1os En Francia | Accord Paris","isPartOf":{"@id":"https:\/\/www.accord-langues.com\/es\/#website"},"datePublished":"2016-06-23T12:20:48+00:00","dateModified":"2024-01-04T14:47:24+00:00","description":"Inscr\u00edbete en una escuela de idiomas en Francia. Oferta de cursos de franc\u00e9s para adolescentes. Cursos de calidad. Escuela acreditada FLE.","inLanguage":"es","potentialAction":[{"@type":"ReadAction","target":["https:\/\/www.accord-langues.com\/es\/cursos-de-frances-para-adolescentes\/"]}]},{"@type":"WebSite","@id":"https:\/\/www.accord-langues.com\/es\/#website","url":"https:\/\/www.accord-langues.com\/es\/","name":"Accord Paris","description":"Learn French in France","publisher":{"@id":"https:\/\/www.accord-langues.com\/es\/#organization"},"potentialAction":[{"@type":"SearchAction","target":{"@type":"EntryPoint","urlTemplate":"https:\/\/www.accord-langues.com\/es\/?s={search_term_string}"},"query-input":{"@type":"PropertyValueSpecification","valueRequired":true,"valueName":"search_term_string"}}],"inLanguage":"es"},{"@type":"Organization","@id":"https:\/\/www.accord-langues.com\/es\/#organization","name":"ACCORD Tour Eiffel","alternateName":"Learn French in Paris","url":"https:\/\/www.accord-langues.com\/es\/","logo":{"@type":"ImageObject","inLanguage":"es","@id":"https:\/\/www.accord-langues.com\/es\/#\/schema\/logo\/image\/","url":"https:\/\/www.accord-langues.com\/wp-content\/uploads\/2016\/06\/Logo.png","contentUrl":"https:\/\/www.accord-langues.com\/wp-content\/uploads\/2016\/06\/Logo.png","width":290,"height":70,"caption":"ACCORD Tour Eiffel"},"image":{"@id":"https:\/\/www.accord-langues.com\/es\/#\/schema\/logo\/image\/"},"sameAs":["https:\/\/www.facebook.com\/accordecoledelangues","https:\/\/www.linkedin.com\/groups\/4542133\/"],"description":"ACCORD French Language School is one of the leading schools in France for teaching French to foreign students and offering high quality French language courses in Paris. The ACCORD language school is located in the heart of Paris, nearby the Eiffel Tower. The ACCORD school is open all year round and welcomes students from all over the world from the age of 16 in its French language courses. ACCORD school is accredited by the official \u201cQualit\u00e9 FLE\u201d label and is member of CAMPUS FRANCE, SOUFFLE and Atout France. ACCORD is official exam center for the TCF IRN, TCF TP, TCF Qu\u00e9bec and TCF Canada.","email":"info@accord-langues.com","telephone":"+33155335233","legalName":"FORUM ACCORD","foundingDate":"1990-02-23","numberOfEmployees":{"@type":"QuantitativeValue","minValue":"11","maxValue":"50"}}]}},"_links":{"self":[{"href":"https:\/\/www.accord-langues.com\/es\/wp-json\/wp\/v2\/pages\/5644","targetHints":{"allow":["GET"]}}],"collection":[{"href":"https:\/\/www.accord-langues.com\/es\/wp-json\/wp\/v2\/pages"}],"about":[{"href":"https:\/\/www.accord-langues.com\/es\/wp-json\/wp\/v2\/types\/page"}],"author":[{"embeddable":true,"href":"https:\/\/www.accord-langues.com\/es\/wp-json\/wp\/v2\/users\/10"}],"replies":[{"embeddable":true,"href":"https:\/\/www.accord-langues.com\/es\/wp-json\/wp\/v2\/comments?post=5644"}],"version-history":[{"count":0,"href":"https:\/\/www.accord-langues.com\/es\/wp-json\/wp\/v2\/pages\/5644\/revisions"}],"wp:attachment":[{"href":"https:\/\/www.accord-langues.com\/es\/wp-json\/wp\/v2\/media?parent=5644"}],"curies":[{"name":"wp","href":"https:\/\/api.w.org\/{rel}","templated":true}]}}