{"id":5622,"date":"2018-01-24T14:02:41","date_gmt":"2018-01-24T14:02:41","guid":{"rendered":"https:\/\/www.accord-langues.com\/summer-programs-for-groups-in-paris\/"},"modified":"2024-12-17T12:37:02","modified_gmt":"2024-12-17T12:37:02","slug":"programas-verano-para-grupos-en-paris","status":"publish","type":"page","link":"https:\/\/www.accord-langues.com\/es\/programas-verano-para-grupos-en-paris\/","title":{"rendered":"Cursos De Verano De Franc\u00e9s Para Grupos"},"content":{"rendered":"<div class=\"wpb-content-wrapper\"><p>[vc_row full_width=\u00bbstretch_row\u00bb content_placement=\u00bbmiddle\u00bb css=\u00bb.vc_custom_1509009556865{background-image: url(https:\/\/www.accord-langues.com\/wp-content\/uploads\/2016\/10\/adult-course.jpg?id=348) !important;background-position: center !important;background-repeat: no-repeat !important;background-size: cover !important;}\u00bb el_class=\u00bbheader-image\u00bb][vc_column width=\u00bb2\/3&#8243; offset=\u00bbvc_col-sm-offset-2&#8243;][vc_column_text]<\/p>\n<h1><span data-sheets-value=\"{&quot;1&quot;:2,&quot;2&quot;:&quot;Cursos de verano de franc\u00e9s para grupos&quot;}\" data-sheets-userformat=\"{&quot;2&quot;:12607,&quot;3&quot;:{&quot;1&quot;:0,&quot;3&quot;:1},&quot;4&quot;:{&quot;1&quot;:2,&quot;2&quot;:10937270},&quot;5&quot;:{&quot;1&quot;:[{&quot;1&quot;:2,&quot;2&quot;:0,&quot;5&quot;:{&quot;1&quot;:0}},{&quot;1&quot;:0,&quot;2&quot;:0,&quot;3&quot;:3},{&quot;1&quot;:1,&quot;2&quot;:0,&quot;4&quot;:1}]},&quot;6&quot;:{&quot;1&quot;:[{&quot;1&quot;:2,&quot;2&quot;:0,&quot;5&quot;:{&quot;1&quot;:0}},{&quot;1&quot;:0,&quot;2&quot;:0,&quot;3&quot;:3},{&quot;1&quot;:1,&quot;2&quot;:0,&quot;4&quot;:1}]},&quot;7&quot;:{&quot;1&quot;:[{&quot;1&quot;:2,&quot;2&quot;:0,&quot;5&quot;:{&quot;1&quot;:0}},{&quot;1&quot;:0,&quot;2&quot;:0,&quot;3&quot;:3},{&quot;1&quot;:1,&quot;2&quot;:0,&quot;4&quot;:1}]},&quot;8&quot;:{&quot;1&quot;:[{&quot;1&quot;:2,&quot;2&quot;:0,&quot;5&quot;:{&quot;1&quot;:0}},{&quot;1&quot;:0,&quot;2&quot;:0,&quot;3&quot;:3},{&quot;1&quot;:1,&quot;2&quot;:0,&quot;4&quot;:1}]},&quot;11&quot;:4,&quot;15&quot;:&quot;Arial&quot;,&quot;16&quot;:10}\">Cursos de verano de franc\u00e9s para grupos<\/span><\/h1>\n<p><strong>ACCORD Paris ofrece estancias de primera clase donde estudiar franc\u00e9s para grupos<\/strong><br \/>\n<strong>Disfrute de Par\u00eds con sus compa\u00f1eros de clase y mejore su franc\u00e9s en ACCORD<\/strong><br \/>\n<strong>Grupos y grupos escolares en Par\u00eds en nuestra escuela de verano ACCORD<\/strong><br \/>\n<strong>Programas de verano para grupos en Par\u00eds: ACCORD es la elecci\u00f3n perfecta<\/strong>[\/vc_column_text][\/vc_column][\/vc_row][vc_row][vc_column][vc_column_text css=\u00bb\u00bb]<\/p>\n<h2 style=\"text-align: center; margin-bottom: 0px;\"><span style=\"color: #ff6600;\">Para los programas de verano para grupos en Par\u00eds, no hay duda:<\/span><br \/>\n<span style=\"color: #ff6600;\">\u00a1ACCORD Paris es la elecci\u00f3n perfecta!<\/span><\/h2>\n<p>[\/vc_column_text][vc_column_text]<\/p>\n<p style=\"text-align: center;\">\u00bfEst\u00e1 pensando en venir a Francia el pr\u00f3ximo verano con su escuela?<br \/>\n\u00bfDesea enviar un grupo de adolescentes a Par\u00eds en julio o agosto?<br \/>\nSea cual sea el tama\u00f1o de su grupo o de su grupo escolar, ACCORD Paris tendr\u00e1 la soluci\u00f3n perfecta para usted.<\/p>\n<p>[\/vc_column_text][vc_separator][\/vc_column][\/vc_row][vc_row full_width=\u00bbstretch_row\u00bb css=\u00bb.vc_custom_1509364080525{padding-bottom: 40px !important;}\u00bb][vc_column width=\u00bb1\/3&#8243; el_class=\u00bbgroup-form\u00bb css=\u00bb.vc_custom_1537781025965{background-color: #f0f0f0 !important;}\u00bb]<script type=\"text\/javascript\">\n\/* <![CDATA[ *\/\nvar gform;gform||(document.addEventListener(\"gform_main_scripts_loaded\",function(){gform.scriptsLoaded=!0}),document.addEventListener(\"gform\/theme\/scripts_loaded\",function(){gform.themeScriptsLoaded=!0}),window.addEventListener(\"DOMContentLoaded\",function(){gform.domLoaded=!0}),gform={domLoaded:!1,scriptsLoaded:!1,themeScriptsLoaded:!1,isFormEditor:()=>\"function\"==typeof InitializeEditor,callIfLoaded:function(o){return!(!gform.domLoaded||!gform.scriptsLoaded||!gform.themeScriptsLoaded&&!gform.isFormEditor()||(gform.isFormEditor()&&console.warn(\"The use of gform.initializeOnLoaded() is deprecated in the form editor context and will be removed in Gravity Forms 3.1.\"),o(),0))},initializeOnLoaded:function(o){gform.callIfLoaded(o)||(document.addEventListener(\"gform_main_scripts_loaded\",()=>{gform.scriptsLoaded=!0,gform.callIfLoaded(o)}),document.addEventListener(\"gform\/theme\/scripts_loaded\",()=>{gform.themeScriptsLoaded=!0,gform.callIfLoaded(o)}),window.addEventListener(\"DOMContentLoaded\",()=>{gform.domLoaded=!0,gform.callIfLoaded(o)}))},hooks:{action:{},filter:{}},addAction:function(o,r,e,t){gform.addHook(\"action\",o,r,e,t)},addFilter:function(o,r,e,t){gform.addHook(\"filter\",o,r,e,t)},doAction:function(o){gform.doHook(\"action\",o,arguments)},applyFilters:function(o){return gform.doHook(\"filter\",o,arguments)},removeAction:function(o,r){gform.removeHook(\"action\",o,r)},removeFilter:function(o,r,e){gform.removeHook(\"filter\",o,r,e)},addHook:function(o,r,e,t,n){null==gform.hooks[o][r]&&(gform.hooks[o][r]=[]);var d=gform.hooks[o][r];null==n&&(n=r+\"_\"+d.length),gform.hooks[o][r].push({tag:n,callable:e,priority:t=null==t?10:t})},doHook:function(r,o,e){var t;if(e=Array.prototype.slice.call(e,1),null!=gform.hooks[r][o]&&((o=gform.hooks[r][o]).sort(function(o,r){return o.priority-r.priority}),o.forEach(function(o){\"function\"!=typeof(t=o.callable)&&(t=window[t]),\"action\"==r?t.apply(null,e):e[0]=t.apply(null,e)})),\"filter\"==r)return e[0]},removeHook:function(o,r,t,n){var e;null!=gform.hooks[o][r]&&(e=(e=gform.hooks[o][r]).filter(function(o,r,e){return!!(null!=n&&n!=o.tag||null!=t&&t!=o.priority)}),gform.hooks[o][r]=e)}});\n\/* ]]> *\/\n<\/script>\n\n                <div class='gf_browser_gecko gform_wrapper gform_legacy_markup_wrapper gform-theme--no-framework' data-form-theme='legacy' data-form-index='0' id='gform_wrapper_1' style='display:none'><div id='gf_1' class='gform_anchor' tabindex='-1'><\/div>\n                        <div class='gform_heading'>\n                            <h3 class=\"gform_title\">Prepare la estancia de su grupo<\/h3>\n                        <\/div><form method='post' enctype='multipart\/form-data' target='gform_ajax_frame_1' id='gform_1'  action='\/es\/wp-json\/wp\/v2\/pages\/5622#gf_1' data-formid='1' novalidate>\n                        <div class='gform-body gform_body'><ul id='gform_fields_1' class='gform_fields top_label form_sublabel_below description_below validation_below'><li id=\"field_1_30\" class=\"gfield gfield--type-honeypot gform_validation_container field_sublabel_below gfield--has-description field_description_below field_validation_below gfield_visibility_visible\"  ><label class='gfield_label gform-field-label' for='input_1_30'>Name<\/label><div class='ginput_container'><input name='input_30' id='input_1_30' type='text' value='' autocomplete='new-password'\/><\/div><div class='gfield_description' id='gfield_description_1_30'>Este campo es un campo de validaci\u00f3n y debe quedar sin cambios.<\/div><\/li><li id=\"field_1_2\" class=\"gfield gfield--type-select field_sublabel_below gfield--no-description field_description_below field_validation_below gfield_visibility_visible\"  ><label class='gfield_label gform-field-label' for='input_1_2'>\u00bfConoce las fechas de su estancia?<\/label><div class='ginput_container ginput_container_select'><select name='input_2' id='input_1_2' class='medium gfield_select'     aria-invalid=\"false\" ><option value='' selected='selected' class='gf_placeholder'>- por favor seleccione -<\/option><option value='S\u00ed' >S\u00ed<\/option><option value='No' >No<\/option><\/select><\/div><\/li><li id=\"field_1_4\" class=\"gfield gfield--type-date gfield--input-type-datepicker gfield--datepicker-no-icon field_sublabel_below gfield--no-description field_description_below field_validation_below gfield_visibility_visible\"  ><label class='gfield_label gform-field-label' for='input_1_4'>Fecha de llegada<\/label><div class='ginput_container ginput_container_date'>\n                            <input name='input_4' id='input_1_4' type='text' value='' class='datepicker gform-datepicker mdy datepicker_no_icon gdatepicker-no-icon'   placeholder='mm\/dd\/aaaa' aria-describedby=\"input_1_4_date_format\" aria-invalid=\"false\" \/>\n                            <span id='input_1_4_date_format' class='screen-reader-text'>MM barra DD barra AAAA<\/span>\n                        <\/div>\n                        <input type='hidden' id='gforms_calendar_icon_input_1_4' class='gform_hidden' value='https:\/\/www.accord-langues.com\/wp-content\/plugins\/gravityforms\/images\/datepicker\/datepicker.svg'\/><\/li><li id=\"field_1_5\" class=\"gfield gfield--type-date gfield--input-type-datepicker gfield--datepicker-no-icon field_sublabel_below gfield--no-description field_description_below field_validation_below gfield_visibility_visible\"  ><label class='gfield_label gform-field-label' for='input_1_5'>Fecha de salida<\/label><div class='ginput_container ginput_container_date'>\n                            <input name='input_5' id='input_1_5' type='text' value='' class='datepicker gform-datepicker mdy datepicker_no_icon gdatepicker-no-icon'   placeholder='mm\/dd\/aaaa' aria-describedby=\"input_1_5_date_format\" aria-invalid=\"false\" \/>\n                            <span id='input_1_5_date_format' class='screen-reader-text'>MM barra DD barra AAAA<\/span>\n                        <\/div>\n                        <input type='hidden' id='gforms_calendar_icon_input_1_5' class='gform_hidden' value='https:\/\/www.accord-langues.com\/wp-content\/plugins\/gravityforms\/images\/datepicker\/datepicker.svg'\/><\/li><li id=\"field_1_6\" class=\"gfield gfield--type-text field_sublabel_below gfield--no-description field_description_below field_validation_below gfield_visibility_visible\"  ><label class='gfield_label gform-field-label' for='input_1_6'>Elija el per\u00edodo en el que le gustar\u00eda realizar la estancia:<\/label><div class='ginput_container ginput_container_text'><input name='input_6' id='input_1_6' type='text' value='' class='medium'      aria-invalid=\"false\"   \/><\/div><\/li><li id=\"field_1_7\" class=\"gfield gfield--type-text field_sublabel_below gfield--no-description field_description_below field_validation_below gfield_visibility_visible\"  ><label class='gfield_label gform-field-label' for='input_1_7'>Cu\u00e1nto tiempo le gustar\u00eda quedarse:<\/label><div class='ginput_container ginput_container_text'><input name='input_7' id='input_1_7' type='text' value='' class='medium'      aria-invalid=\"false\"   \/><\/div><\/li><li id=\"field_1_26\" class=\"gfield gfield--type-text field_sublabel_below gfield--no-description field_description_below field_validation_below gfield_visibility_visible\"  ><label class='gfield_label gform-field-label' for='input_1_26'>Cu\u00e1ntos alumnos tiene a su cargo:<\/label><div class='ginput_container ginput_container_text'><input name='input_26' id='input_1_26' type='text' value='' class='medium'      aria-invalid=\"false\"   \/><\/div><\/li><li id=\"field_1_27\" class=\"gfield gfield--type-text field_sublabel_below gfield--no-description field_description_below field_validation_below gfield_visibility_visible\"  ><label class='gfield_label gform-field-label' for='input_1_27'>Qu\u00e9 edad tienen los alumnos:<\/label><div class='ginput_container ginput_container_text'><input name='input_27' id='input_1_27' type='text' value='' class='medium'      aria-invalid=\"false\"   \/><\/div><\/li><li id=\"field_1_9\" class=\"gfield gfield--type-select field_sublabel_below gfield--no-description field_description_below field_validation_below gfield_visibility_visible\"  ><label class='gfield_label gform-field-label' for='input_1_9'>Ubicaci\u00f3n:<\/label><div class='ginput_container ginput_container_select'><select name='input_9' id='input_1_9' class='medium gfield_select'     aria-invalid=\"false\" ><option value='' selected='selected' class='gf_placeholder'>- por favor seleccione -<\/option><option value='ACCORD Tour Eiffel' >ACCORD Tour Eiffel<\/option><\/select><\/div><\/li><li id=\"field_1_10\" class=\"gfield gfield--type-select field_sublabel_below gfield--no-description field_description_below field_validation_below gfield_visibility_visible\"  ><label class='gfield_label gform-field-label' for='input_1_10'>Curso de franc\u00e9s:<\/label><div class='ginput_container ginput_container_select'><select name='input_10' id='input_1_10' class='medium gfield_select'     aria-invalid=\"false\" ><option value='' selected='selected' class='gf_placeholder'>- por favor seleccione -<\/option><option value='Franc\u00e9s en grupos cerrados' >Franc\u00e9s en grupos cerrados<\/option><option value='Clases de franc\u00e9s en grupos plurinacionales' >Clases de franc\u00e9s en grupos plurinacionales<\/option><\/select><\/div><\/li><li id=\"field_1_11\" class=\"gfield gfield--type-text field_sublabel_below gfield--no-description field_description_below field_validation_below gfield_visibility_visible\"  ><label class='gfield_label gform-field-label' for='input_1_11'>Cu\u00e1ntas horas (al d\u00eda\/por semana):<\/label><div class='ginput_container ginput_container_text'><input name='input_11' id='input_1_11' type='text' value='' class='medium'      aria-invalid=\"false\"   \/><\/div><\/li><li id=\"field_1_12\" class=\"gfield gfield--type-select field_sublabel_below gfield--no-description field_description_below field_validation_below gfield_visibility_visible\"  ><label class='gfield_label gform-field-label' for='input_1_12'>Alojamiento:<\/label><div class='ginput_container ginput_container_select'><select name='input_12' id='input_1_12' class='medium gfield_select'     aria-invalid=\"false\" ><option value='' selected='selected' class='gf_placeholder'>- por favor seleccione -<\/option><option value='Alojamiento en residencia' >Alojamiento en residencia<\/option><option value='Familia de acogida (para estudiantes mayores de 14 a\u00f1os)' >Familia de acogida (para estudiantes mayores de 14 a\u00f1os)<\/option><option value='Hotel cerca de la escuela' >Hotel cerca de la escuela<\/option><\/select><\/div><\/li><li id=\"field_1_13\" class=\"gfield gfield--type-select field_sublabel_below gfield--no-description field_description_below field_validation_below gfield_visibility_visible\"  ><label class='gfield_label gform-field-label' for='input_1_13'>\u00bfDesea un traslado a su llegada?:<\/label><div class='ginput_container ginput_container_select'><select name='input_13' id='input_1_13' class='medium gfield_select'     aria-invalid=\"false\" ><option value='' selected='selected' class='gf_placeholder'>- por favor seleccione -<\/option><option value='No' >No<\/option><option value='S\u00ed' >S\u00ed<\/option><\/select><\/div><\/li><li id=\"field_1_14\" class=\"gfield gfield--type-text field_sublabel_below gfield--no-description field_description_below field_validation_below gfield_visibility_visible\"  ><label class='gfield_label gform-field-label' for='input_1_14'>En caso afirmativo, \u00bfdesde qu\u00e9 aeropuerto o estaci\u00f3n de trenes?<\/label><div class='ginput_container ginput_container_text'><input name='input_14' id='input_1_14' type='text' value='' class='medium'      aria-invalid=\"false\"   \/><\/div><\/li><li id=\"field_1_15\" class=\"gfield gfield--type-select field_sublabel_below gfield--no-description field_description_below field_validation_below gfield_visibility_visible\"  ><label class='gfield_label gform-field-label' for='input_1_15'>Programa de actividades:<\/label><div class='ginput_container ginput_container_select'><select name='input_15' id='input_1_15' class='medium gfield_select'     aria-invalid=\"false\" ><option value='' selected='selected' class='gf_placeholder'>- por favor seleccione -<\/option><option value='No' >No<\/option><option value='S\u00ed' >S\u00ed<\/option><\/select><\/div><\/li><li id=\"field_1_16\" class=\"gfield gfield--type-text field_sublabel_below gfield--no-description field_description_below field_validation_below gfield_visibility_visible\"  ><label class='gfield_label gform-field-label' for='input_1_16'>Qu\u00e9 le gustar\u00eda visitar:<\/label><div class='ginput_container ginput_container_text'><input name='input_16' id='input_1_16' type='text' value='' class='medium'      aria-invalid=\"false\"   \/><\/div><\/li><li id=\"field_1_17\" class=\"gfield gfield--type-text field_sublabel_below gfield--no-description field_description_below field_validation_below gfield_visibility_visible\"  ><label class='gfield_label gform-field-label' for='input_1_17'>Cu\u00e1ntos profesores\/monitores:<\/label><div class='ginput_container ginput_container_text'><input name='input_17' id='input_1_17' type='text' value='' class='medium'      aria-invalid=\"false\"   \/><\/div><\/li><li id=\"field_1_18\" class=\"gfield gfield--type-textarea field_sublabel_below gfield--no-description field_description_below field_validation_below gfield_visibility_visible\"  ><label class='gfield_label gform-field-label' for='input_1_18'>Sus comentarios:<\/label><div class='ginput_container ginput_container_textarea'><textarea name='input_18' id='input_1_18' class='textarea medium'      aria-invalid=\"false\"   rows='10' cols='50'><\/textarea><\/div><\/li><li id=\"field_1_19\" class=\"gfield gfield--type-text gfield_contains_required field_sublabel_below gfield--no-description field_description_below field_validation_below gfield_visibility_visible\"  ><label class='gfield_label gform-field-label' for='input_1_19'>Tu nombre<span class=\"gfield_required\"><span class=\"gfield_required gfield_required_asterisk\">*<\/span><\/span><\/label><div class='ginput_container ginput_container_text'><input name='input_19' id='input_1_19' type='text' value='' class='medium'     aria-required=\"true\" aria-invalid=\"false\"   \/><\/div><\/li><li id=\"field_1_20\" class=\"gfield gfield--type-text gfield_contains_required field_sublabel_below gfield--no-description field_description_below field_validation_below gfield_visibility_visible\"  ><label class='gfield_label gform-field-label' for='input_1_20'>Nombre de la escuela\/organizaci\u00f3n<span class=\"gfield_required\"><span class=\"gfield_required gfield_required_asterisk\">*<\/span><\/span><\/label><div class='ginput_container ginput_container_text'><input name='input_20' id='input_1_20' type='text' value='' class='medium'     aria-required=\"true\" aria-invalid=\"false\"   \/><\/div><\/li><li id=\"field_1_21\" class=\"gfield gfield--type-text gfield_contains_required field_sublabel_below gfield--no-description field_description_below field_validation_below gfield_visibility_visible\"  ><label class='gfield_label gform-field-label' for='input_1_21'>Pa\u00eds<span class=\"gfield_required\"><span class=\"gfield_required gfield_required_asterisk\">*<\/span><\/span><\/label><div class='ginput_container ginput_container_text'><input name='input_21' id='input_1_21' type='text' value='' class='medium'     aria-required=\"true\" aria-invalid=\"false\"   \/><\/div><\/li><li id=\"field_1_22\" class=\"gfield gfield--type-text gfield_contains_required field_sublabel_below gfield--no-description field_description_below field_validation_below gfield_visibility_visible\"  ><label class='gfield_label gform-field-label' for='input_1_22'>Correo electr\u00f3nico<span class=\"gfield_required\"><span class=\"gfield_required gfield_required_asterisk\">*<\/span><\/span><\/label><div class='ginput_container ginput_container_text'><input name='input_22' id='input_1_22' type='text' value='' class='medium'     aria-required=\"true\" aria-invalid=\"false\"   \/><\/div><\/li><li id=\"field_1_28\" class=\"gfield gfield--type-html gfield_html gfield_html_formatted gfield_no_follows_desc field_sublabel_below gfield--no-description field_description_below field_validation_below gfield_visibility_visible\"  >(*) Tenga en cuenta que estos campos son obligatorios y deben rellenarse.<\/li><li id=\"field_1_29\" class=\"gfield gfield--type-captcha field_sublabel_below gfield--no-description field_description_below field_validation_below gfield_visibility_visible\"  ><label class='gfield_label gform-field-label' for='input_1_29'>CAPTCHA<\/label><div id='input_1_29' class='ginput_container ginput_recaptcha' data-sitekey='6LcGF1QsAAAAAMflji-mj6Qdc3bnKU8PVWV6ZEsv'  data-theme='light' data-tabindex='-1' data-size='invisible' data-badge='bottomright'><\/div><\/li><\/ul><\/div>\n        <div class='gform-footer gform_footer top_label'> <input type='submit' id='gform_submit_button_1' class='gform_button button' onclick='gform.submission.handleButtonClick(this);' data-submission-type='submit' value='Enviar'  \/> <input type='hidden' name='gform_ajax' value='form_id=1&amp;title=1&amp;description=&amp;tabindex=0&amp;theme=legacy&amp;styles=[]&amp;hash=e2e2f36ae4c1ab3a210ab897fde01354' \/>\n            <input type='hidden' class='gform_hidden' name='gform_submission_method' data-js='gform_submission_method_1' value='iframe' \/>\n            <input type='hidden' class='gform_hidden' name='gform_theme' data-js='gform_theme_1' id='gform_theme_1' value='legacy' \/>\n            <input type='hidden' class='gform_hidden' name='gform_style_settings' data-js='gform_style_settings_1' id='gform_style_settings_1' value='[]' \/>\n            <input type='hidden' class='gform_hidden' name='is_submit_1' value='1' \/>\n            <input type='hidden' class='gform_hidden' name='gform_submit' value='1' \/>\n            \n            <input type='hidden' class='gform_hidden' name='gform_currency' data-currency='GBP' value='AiZ\/6p+xpKiQQqVnQRzMF+Jy\/sTMSdw8ExLKGXu1ZQNAFC83yH+79LhSeP\/90EJOO2oe4xlnAT5zmOIvNWr3uLuezpXFH3vd5lSRITQxGwfpNZY=' \/>\n            <input type='hidden' class='gform_hidden' name='gform_unique_id' value='' \/>\n            <input type='hidden' class='gform_hidden' name='state_1' value='WyJbXSIsIjc3MjYyZjdhYTI5M2YzMjI2NmIyYTlhNjZjNGNhZWRjIl0=' \/>\n            <input type='hidden' autocomplete='off' class='gform_hidden' name='gform_target_page_number_1' id='gform_target_page_number_1' value='0' \/>\n            <input type='hidden' autocomplete='off' class='gform_hidden' name='gform_source_page_number_1' id='gform_source_page_number_1' value='1' \/>\n            <input type='hidden' name='gform_field_values' value='' \/>\n            \n        <\/div>\n                        <\/form>\n                        <\/div>\n\t\t                <iframe style='display:none;width:0px;height:0px;' src='about:blank' name='gform_ajax_frame_1' id='gform_ajax_frame_1' title='Este iframe contiene la l\u00f3gica necesaria para gestionar formularios con ajax activado.'><\/iframe>\n\t\t                <script type=\"text\/javascript\">\n\/* <![CDATA[ *\/\n gform.initializeOnLoaded( function() {gformInitSpinner( 1, 'https:\/\/www.accord-langues.com\/wp-content\/plugins\/gravityforms\/images\/spinner.svg', true );jQuery('#gform_ajax_frame_1').on('load',function(){var contents = jQuery(this).contents().find('*').html();var is_postback = contents.indexOf('GF_AJAX_POSTBACK') >= 0;if(!is_postback){return;}var form_content = jQuery(this).contents().find('#gform_wrapper_1');var is_confirmation = jQuery(this).contents().find('#gform_confirmation_wrapper_1').length > 0;var is_redirect = contents.indexOf('gformRedirect(){') >= 0;var is_form = form_content.length > 0 && ! is_redirect && ! is_confirmation;var mt = parseInt(jQuery('html').css('margin-top'), 10) + parseInt(jQuery('body').css('margin-top'), 10) + 100;if(is_form){form_content.find('form').css('opacity', 0);jQuery('#gform_wrapper_1').html(form_content.html());if(form_content.hasClass('gform_validation_error')){jQuery('#gform_wrapper_1').addClass('gform_validation_error');} else {jQuery('#gform_wrapper_1').removeClass('gform_validation_error');}setTimeout( function() { \/* delay the scroll by 50 milliseconds to fix a bug in chrome *\/ jQuery(document).scrollTop(jQuery('#gform_wrapper_1').offset().top - mt); }, 50 );if(window['gformInitDatepicker']) {gformInitDatepicker();}if(window['gformInitPriceFields']) {gformInitPriceFields();}var current_page = jQuery('#gform_source_page_number_1').val();gformInitSpinner( 1, 'https:\/\/www.accord-langues.com\/wp-content\/plugins\/gravityforms\/images\/spinner.svg', true );jQuery(document).trigger('gform_page_loaded', [1, current_page]);window['gf_submitting_1'] = false;}else if(!is_redirect){var confirmation_content = jQuery(this).contents().find('.GF_AJAX_POSTBACK').html();if(!confirmation_content){confirmation_content = contents;}jQuery('#gform_wrapper_1').replaceWith(confirmation_content);jQuery(document).scrollTop(jQuery('#gf_1').offset().top - mt);jQuery(document).trigger('gform_confirmation_loaded', [1]);window['gf_submitting_1'] = false;wp.a11y.speak(jQuery('#gform_confirmation_message_1').text());}else{jQuery('#gform_1').append(contents);if(window['gformRedirect']) {gformRedirect();}}jQuery(document).trigger(\"gform_pre_post_render\", [{ formId: \"1\", currentPage: \"current_page\", abort: function() { this.preventDefault(); } }]);        if (event && event.defaultPrevented) {                return;        }        const gformWrapperDiv = document.getElementById( \"gform_wrapper_1\" );        if ( gformWrapperDiv ) {            const visibilitySpan = document.createElement( \"span\" );            visibilitySpan.id = \"gform_visibility_test_1\";            gformWrapperDiv.insertAdjacentElement( \"afterend\", visibilitySpan );        }        const visibilityTestDiv = document.getElementById( \"gform_visibility_test_1\" );        let postRenderFired = false;        function triggerPostRender() {            if ( postRenderFired ) {                return;            }            postRenderFired = true;            gform.core.triggerPostRenderEvents( 1, current_page );            if ( visibilityTestDiv ) {                visibilityTestDiv.parentNode.removeChild( visibilityTestDiv );            }        }        function debounce( func, wait, immediate ) {            var timeout;            return function() {                var context = this, args = arguments;                var later = function() {                    timeout = null;                    if ( !immediate ) func.apply( context, args );                };                var callNow = immediate && !timeout;                clearTimeout( timeout );                timeout = setTimeout( later, wait );                if ( callNow ) func.apply( context, args );            };        }        const debouncedTriggerPostRender = debounce( function() {            triggerPostRender();        }, 200 );        if ( visibilityTestDiv && visibilityTestDiv.offsetParent === null ) {            const observer = new MutationObserver( ( mutations ) => {                mutations.forEach( ( mutation ) => {                    if ( mutation.type === 'attributes' && visibilityTestDiv.offsetParent !== null ) {                        debouncedTriggerPostRender();                        observer.disconnect();                    }                });            });            observer.observe( document.body, {                attributes: true,                childList: false,                subtree: true,                attributeFilter: [ 'style', 'class' ],            });        } else {            triggerPostRender();        }    } );} ); \n\/* ]]> *\/\n<\/script>\n[vc_column_text][\/vc_column_text][\/vc_column][vc_column width=\u00bb2\/3&#8243;][vc_row_inner][vc_column_inner width=\u00bb1\/2&#8243;][vc_single_image image=\u00bb1980&#8243; img_size=\u00bbfull\u00bb][\/vc_column_inner][vc_column_inner width=\u00bb1\/2&#8243;][vc_single_image image=\u00bb1978&#8243; img_size=\u00bbfull\u00bb alignment=\u00bbright\u00bb][\/vc_column_inner][\/vc_row_inner][vc_column_text]<\/p>\n<h3><span style=\"color: #ff6600;\">Cursos De Verano De Franc\u00e9s Para Grupos: ACCORD es la elecci\u00f3n perfecta<\/span><\/h3>\n<p><strong>Cursos De Verano De Franc\u00e9s Para Grupos:<\/strong> ACCORD ofrece programas de verano para grupos en Par\u00eds para adolescentes de 12 a 17 a\u00f1os de todo el mundo. Nuestra escuela de franc\u00e9s acreditada por el organismo oficial Qualit\u00e9 FLE acoge grupos desde 1988. Elija la escuela de franc\u00e9s ACCORD en Par\u00eds para sus programas de verano para grupos en Par\u00eds y benef\u00edciese de nuestros 35 a\u00f1os de experiencia.<\/p>\n<p>En nuestros programas de verano para grupos en Par\u00eds, los adolescentes se unen al programa de verano \u00abtodo incluido\u00bb en el campus ACCORD. Hacen amigos de todo el mundo compartiendo clases de franc\u00e9s en clases multinacionales, actividades y excursiones con adolescentes de m\u00e1s de 25 pa\u00edses diferentes.<\/p>\n<p>Sus estudiantes, adem\u00e1s de mejorar sus habilidades y tener m\u00e1s confianza al hablar franc\u00e9s, volver\u00e1n a casa con grandes recuerdos de su estancia con nosotros en Par\u00eds.[\/vc_column_text][vc_column_text]<b>Dirigido a profesores\/monitores:<\/b><\/p>\n<ul class=\"ticks\">\n<li>Se le asignar\u00e1 una persona en ACCORD para ayudarle a preparar su estancia con las mejores condiciones.<\/li>\n<li>Podr\u00e1 estar presente observando durante las lecciones en varias clases multinacionales del campus de verano para ver c\u00f3mo tratan con los adolescentes nuestros experimentados profesores. Si lo prefiere, puede apuntarse a <a href=\"https:\/\/www.accord-langues.com\/es\/cursos-de-frances-para-adultos\/\" target=\"_blank\" rel=\"noopener noreferrer\">un curso de franc\u00e9s para adultos<\/a>.<\/li>\n<li>Podr\u00e1 reunirse con un coordinador pedag\u00f3gico para que responda a todas sus preguntas sobre nuestros cursos de franc\u00e9s.<\/li>\n<li>Podr\u00e1 reunirse con nuestra jefa de estudios si lo solicita o si desea conocerla.<\/li>\n<\/ul>\n<p>Para hacer una consulta sobre todos los programas de verano para grupos en Par\u00eds, <span style=\"color: #ff6600;\"><span class=\"s1\"><a href=\"https:\/\/www.accord-langues.com\/es\/contactar-con-accord-paris\/\" target=\"_blank\" rel=\"noopener noreferrer\">p\u00f3ngase en contacto con nosotros ahora mismo<\/a><\/span><\/span>[\/vc_column_text][\/vc_column][\/vc_row][vc_row full_width=\u00bbstretch_row\u00bb css=\u00bb.vc_custom_1471605768894{padding-top: 20px !important;background-color: #f0f0f0 !important;}\u00bb el_id=\u00bbhomepage-boxes\u00bb][vc_column][vc_row_inner][vc_column_inner width=\u00bb1\/3&#8243;]<div class=\"RFIbox green a-man\">\n\t<div class=\"RFIbox__media\">\n        <a href=\"https:\/\/www.accord-langues.com\/es\/cursos-de-frances-para-adultos\/\" title=\"\" target=\"_blank\"><img decoding=\"async\" width=\"500\" height=\"333\" src=\"https:\/\/www.accord-langues.com\/wp-content\/uploads\/2016\/06\/box-adults.jpg\" class=\"img-responsive\" alt=\"\" srcset=\"https:\/\/www.accord-langues.com\/wp-content\/uploads\/2016\/06\/box-adults.jpg 500w, https:\/\/www.accord-langues.com\/wp-content\/uploads\/2016\/06\/box-adults-300x200.jpg 300w\" sizes=\"(max-width: 500px) 100vw, 500px\" title=\"box-adults\" \/><\/a>        \t<\/div>\n\n        <div class=\"RFIBox__title\">\n        <a href=\"https:\/\/www.accord-langues.com\/es\/cursos-de-frances-para-adultos\/\" title=\"\" target=\"_blank\">Cursos de franc\u00e9s para adultos<\/a>    <\/div>\n    \n    <\/div>[\/vc_column_inner][vc_column_inner width=\u00bb1\/3&#8243;]<div class=\"RFIbox navy psg\">\n\t<div class=\"RFIbox__media\">\n        <a href=\"https:\/\/www.accord-langues.com\/es\/cursos-frances-para-adolescentes\/\" title=\"\" target=\"_blank\"><img decoding=\"async\" width=\"500\" height=\"333\" src=\"https:\/\/www.accord-langues.com\/wp-content\/uploads\/2016\/06\/box-juniors.jpg\" class=\"img-responsive\" alt=\"\" srcset=\"https:\/\/www.accord-langues.com\/wp-content\/uploads\/2016\/06\/box-juniors.jpg 500w, https:\/\/www.accord-langues.com\/wp-content\/uploads\/2016\/06\/box-juniors-300x200.jpg 300w\" sizes=\"(max-width: 500px) 100vw, 500px\" title=\"box-juniors\" \/><\/a>        \t<\/div>\n\n        <div class=\"RFIBox__title\">\n        <a href=\"https:\/\/www.accord-langues.com\/es\/cursos-frances-para-adolescentes\/\" title=\"\" target=\"_blank\">Cursos de franc\u00e9s para j\u00f3venes<\/a>    <\/div>\n    \n    <\/div>[\/vc_column_inner][vc_column_inner width=\u00bb1\/3&#8243;]<div class=\"RFIbox pink\">\n\t<div class=\"RFIbox__media\">\n        <a href=\"https:\/\/examensparis.fr\/\" title=\"\" target=\"_blank\"><img decoding=\"async\" width=\"500\" height=\"333\" src=\"https:\/\/www.accord-langues.com\/wp-content\/uploads\/2016\/06\/box-exams.jpg\" class=\"img-responsive\" alt=\"\" srcset=\"https:\/\/www.accord-langues.com\/wp-content\/uploads\/2016\/06\/box-exams.jpg 500w, https:\/\/www.accord-langues.com\/wp-content\/uploads\/2016\/06\/box-exams-300x200.jpg 300w\" sizes=\"(max-width: 500px) 100vw, 500px\" title=\"box-exams\" \/><\/a>        \t<\/div>\n\n        <div class=\"RFIBox__title\">\n        <a href=\"https:\/\/examensparis.fr\/\" title=\"\" target=\"_blank\">Ex\u00e1menes<\/a>    <\/div>\n    \n    <\/div>[\/vc_column_inner][\/vc_row_inner][\/vc_column][\/vc_row]<\/p>\n<\/div>","protected":false},"excerpt":{"rendered":"<p>[vc_row full_width=\u00bbstretch_row\u00bb content_placement=\u00bbmiddle\u00bb css=\u00bb.vc_custom_1509009556865{background-image: url(https:\/\/www.accord-langues.com\/wp-content\/uploads\/2016\/10\/adult-course.jpg?id=348) !important;background-position: center !important;background-repeat: no-repeat !important;background-size: cover !important;}\u00bb el_class=\u00bbheader-image\u00bb][vc_column width=\u00bb2\/3&#8243; offset=\u00bbvc_col-sm-offset-2&#8243;][vc_column_text] Cursos de verano de franc\u00e9s para grupos ACCORD Paris ofrece estancias de primera clase donde estudiar franc\u00e9s para grupos Disfrute de Par\u00eds con sus compa\u00f1eros de clase y mejore su franc\u00e9s en ACCORD Grupos y grupos escolares en Par\u00eds en [&hellip;]<\/p>\n","protected":false},"author":10,"featured_media":0,"parent":0,"menu_order":0,"comment_status":"closed","ping_status":"closed","template":"","meta":{"_acf_changed":false,"footnotes":""},"class_list":["post-5622","page","type-page","status-publish","hentry"],"acf":[],"yoast_head":"<!-- This site is optimized with the Yoast SEO Premium plugin v27.5 (Yoast SEO v27.5) - https:\/\/yoast.com\/product\/yoast-seo-premium-wordpress\/ -->\n<title>Cursos De Verano De Franc\u00e9s Para Grupos | Accord Paris<\/title>\n<meta name=\"description\" content=\"Inscr\u00edbete en los cursos de verano de franc\u00e9s para grupos en Francia en Par\u00eds. Programas de verano para grupos en una Escuela acreditada.\" \/>\n<meta name=\"robots\" content=\"index, follow, max-snippet:-1, max-image-preview:large, max-video-preview:-1\" \/>\n<link rel=\"canonical\" href=\"https:\/\/www.accord-langues.com\/es\/programas-verano-para-grupos-en-paris\/\" \/>\n<meta property=\"og:locale\" content=\"es_ES\" \/>\n<meta property=\"og:type\" content=\"article\" \/>\n<meta property=\"og:title\" content=\"Cursos De Verano De Franc\u00e9s Para Grupos\" \/>\n<meta property=\"og:description\" content=\"Inscr\u00edbete en los cursos de verano de franc\u00e9s para grupos en Francia en Par\u00eds. Programas de verano para grupos en una Escuela acreditada.\" \/>\n<meta property=\"og:url\" content=\"https:\/\/www.accord-langues.com\/es\/programas-verano-para-grupos-en-paris\/\" \/>\n<meta property=\"og:site_name\" content=\"Accord Paris\" \/>\n<meta property=\"article:publisher\" content=\"https:\/\/www.facebook.com\/accordecoledelangues\" \/>\n<meta property=\"article:modified_time\" content=\"2024-12-17T12:37:02+00:00\" \/>\n<meta property=\"og:image\" content=\"https:\/\/www.accord-langues.com\/wp-content\/uploads\/2024\/02\/ACCORD-French-Language-School-in-Paris-low-res.jpg\" \/>\n\t<meta property=\"og:image:width\" content=\"1200\" \/>\n\t<meta property=\"og:image:height\" content=\"867\" \/>\n\t<meta property=\"og:image:type\" content=\"image\/jpeg\" \/>\n<meta name=\"twitter:card\" content=\"summary_large_image\" \/>\n<meta name=\"twitter:label1\" content=\"Tiempo de lectura\" \/>\n\t<meta name=\"twitter:data1\" content=\"3 minutos\" \/>\n<script type=\"application\/ld+json\" class=\"yoast-schema-graph\">{\"@context\":\"https:\\\/\\\/schema.org\",\"@graph\":[{\"@type\":\"WebPage\",\"@id\":\"https:\\\/\\\/www.accord-langues.com\\\/es\\\/programas-verano-para-grupos-en-paris\\\/\",\"url\":\"https:\\\/\\\/www.accord-langues.com\\\/es\\\/programas-verano-para-grupos-en-paris\\\/\",\"name\":\"Cursos De Verano De Franc\u00e9s Para Grupos | Accord Paris\",\"isPartOf\":{\"@id\":\"https:\\\/\\\/www.accord-langues.com\\\/es\\\/#website\"},\"datePublished\":\"2018-01-24T14:02:41+00:00\",\"dateModified\":\"2024-12-17T12:37:02+00:00\",\"description\":\"Inscr\u00edbete en los cursos de verano de franc\u00e9s para grupos en Francia en Par\u00eds. Programas de verano para grupos en una Escuela acreditada.\",\"inLanguage\":\"es\",\"potentialAction\":[{\"@type\":\"ReadAction\",\"target\":[\"https:\\\/\\\/www.accord-langues.com\\\/es\\\/programas-verano-para-grupos-en-paris\\\/\"]}]},{\"@type\":\"WebSite\",\"@id\":\"https:\\\/\\\/www.accord-langues.com\\\/es\\\/#website\",\"url\":\"https:\\\/\\\/www.accord-langues.com\\\/es\\\/\",\"name\":\"Accord Paris\",\"description\":\"Learn French in France\",\"publisher\":{\"@id\":\"https:\\\/\\\/www.accord-langues.com\\\/es\\\/#organization\"},\"potentialAction\":[{\"@type\":\"SearchAction\",\"target\":{\"@type\":\"EntryPoint\",\"urlTemplate\":\"https:\\\/\\\/www.accord-langues.com\\\/es\\\/?s={search_term_string}\"},\"query-input\":{\"@type\":\"PropertyValueSpecification\",\"valueRequired\":true,\"valueName\":\"search_term_string\"}}],\"inLanguage\":\"es\"},{\"@type\":\"Organization\",\"@id\":\"https:\\\/\\\/www.accord-langues.com\\\/es\\\/#organization\",\"name\":\"ACCORD Tour Eiffel\",\"alternateName\":\"Learn French in Paris\",\"url\":\"https:\\\/\\\/www.accord-langues.com\\\/es\\\/\",\"logo\":{\"@type\":\"ImageObject\",\"inLanguage\":\"es\",\"@id\":\"https:\\\/\\\/www.accord-langues.com\\\/es\\\/#\\\/schema\\\/logo\\\/image\\\/\",\"url\":\"https:\\\/\\\/www.accord-langues.com\\\/wp-content\\\/uploads\\\/2016\\\/06\\\/Logo.png\",\"contentUrl\":\"https:\\\/\\\/www.accord-langues.com\\\/wp-content\\\/uploads\\\/2016\\\/06\\\/Logo.png\",\"width\":290,\"height\":70,\"caption\":\"ACCORD Tour Eiffel\"},\"image\":{\"@id\":\"https:\\\/\\\/www.accord-langues.com\\\/es\\\/#\\\/schema\\\/logo\\\/image\\\/\"},\"sameAs\":[\"https:\\\/\\\/www.facebook.com\\\/accordecoledelangues\",\"https:\\\/\\\/www.linkedin.com\\\/groups\\\/4542133\\\/\"],\"description\":\"ACCORD French Language School is one of the leading schools in France for teaching French to foreign students and offering high quality French language courses in Paris. The ACCORD language school is located in the heart of Paris, nearby the Eiffel Tower. The ACCORD school is open all year round and welcomes students from all over the world from the age of 16 in its French language courses. ACCORD school is accredited by the official \u201cQualit\u00e9 FLE\u201d label and is member of CAMPUS FRANCE, SOUFFLE and Atout France. ACCORD is official exam center for the TCF IRN, TCF TP, TCF Qu\u00e9bec and TCF Canada.\",\"email\":\"info@accord-langues.com\",\"telephone\":\"+33155335233\",\"legalName\":\"FORUM ACCORD\",\"foundingDate\":\"1990-02-23\",\"numberOfEmployees\":{\"@type\":\"QuantitativeValue\",\"minValue\":\"11\",\"maxValue\":\"50\"}}]}<\/script>\n<!-- \/ Yoast SEO Premium plugin. -->","yoast_head_json":{"title":"Cursos De Verano De Franc\u00e9s Para Grupos | Accord Paris","description":"Inscr\u00edbete en los cursos de verano de franc\u00e9s para grupos en Francia en Par\u00eds. Programas de verano para grupos en una Escuela acreditada.","robots":{"index":"index","follow":"follow","max-snippet":"max-snippet:-1","max-image-preview":"max-image-preview:large","max-video-preview":"max-video-preview:-1"},"canonical":"https:\/\/www.accord-langues.com\/es\/programas-verano-para-grupos-en-paris\/","og_locale":"es_ES","og_type":"article","og_title":"Cursos De Verano De Franc\u00e9s Para Grupos","og_description":"Inscr\u00edbete en los cursos de verano de franc\u00e9s para grupos en Francia en Par\u00eds. Programas de verano para grupos en una Escuela acreditada.","og_url":"https:\/\/www.accord-langues.com\/es\/programas-verano-para-grupos-en-paris\/","og_site_name":"Accord Paris","article_publisher":"https:\/\/www.facebook.com\/accordecoledelangues","article_modified_time":"2024-12-17T12:37:02+00:00","og_image":[{"width":1200,"height":867,"url":"https:\/\/www.accord-langues.com\/wp-content\/uploads\/2024\/02\/ACCORD-French-Language-School-in-Paris-low-res.jpg","type":"image\/jpeg"}],"twitter_card":"summary_large_image","twitter_misc":{"Tiempo de lectura":"3 minutos"},"schema":{"@context":"https:\/\/schema.org","@graph":[{"@type":"WebPage","@id":"https:\/\/www.accord-langues.com\/es\/programas-verano-para-grupos-en-paris\/","url":"https:\/\/www.accord-langues.com\/es\/programas-verano-para-grupos-en-paris\/","name":"Cursos De Verano De Franc\u00e9s Para Grupos | Accord Paris","isPartOf":{"@id":"https:\/\/www.accord-langues.com\/es\/#website"},"datePublished":"2018-01-24T14:02:41+00:00","dateModified":"2024-12-17T12:37:02+00:00","description":"Inscr\u00edbete en los cursos de verano de franc\u00e9s para grupos en Francia en Par\u00eds. Programas de verano para grupos en una Escuela acreditada.","inLanguage":"es","potentialAction":[{"@type":"ReadAction","target":["https:\/\/www.accord-langues.com\/es\/programas-verano-para-grupos-en-paris\/"]}]},{"@type":"WebSite","@id":"https:\/\/www.accord-langues.com\/es\/#website","url":"https:\/\/www.accord-langues.com\/es\/","name":"Accord Paris","description":"Learn French in France","publisher":{"@id":"https:\/\/www.accord-langues.com\/es\/#organization"},"potentialAction":[{"@type":"SearchAction","target":{"@type":"EntryPoint","urlTemplate":"https:\/\/www.accord-langues.com\/es\/?s={search_term_string}"},"query-input":{"@type":"PropertyValueSpecification","valueRequired":true,"valueName":"search_term_string"}}],"inLanguage":"es"},{"@type":"Organization","@id":"https:\/\/www.accord-langues.com\/es\/#organization","name":"ACCORD Tour Eiffel","alternateName":"Learn French in Paris","url":"https:\/\/www.accord-langues.com\/es\/","logo":{"@type":"ImageObject","inLanguage":"es","@id":"https:\/\/www.accord-langues.com\/es\/#\/schema\/logo\/image\/","url":"https:\/\/www.accord-langues.com\/wp-content\/uploads\/2016\/06\/Logo.png","contentUrl":"https:\/\/www.accord-langues.com\/wp-content\/uploads\/2016\/06\/Logo.png","width":290,"height":70,"caption":"ACCORD Tour Eiffel"},"image":{"@id":"https:\/\/www.accord-langues.com\/es\/#\/schema\/logo\/image\/"},"sameAs":["https:\/\/www.facebook.com\/accordecoledelangues","https:\/\/www.linkedin.com\/groups\/4542133\/"],"description":"ACCORD French Language School is one of the leading schools in France for teaching French to foreign students and offering high quality French language courses in Paris. The ACCORD language school is located in the heart of Paris, nearby the Eiffel Tower. The ACCORD school is open all year round and welcomes students from all over the world from the age of 16 in its French language courses. ACCORD school is accredited by the official \u201cQualit\u00e9 FLE\u201d label and is member of CAMPUS FRANCE, SOUFFLE and Atout France. ACCORD is official exam center for the TCF IRN, TCF TP, TCF Qu\u00e9bec and TCF Canada.","email":"info@accord-langues.com","telephone":"+33155335233","legalName":"FORUM ACCORD","foundingDate":"1990-02-23","numberOfEmployees":{"@type":"QuantitativeValue","minValue":"11","maxValue":"50"}}]}},"_links":{"self":[{"href":"https:\/\/www.accord-langues.com\/es\/wp-json\/wp\/v2\/pages\/5622","targetHints":{"allow":["GET"]}}],"collection":[{"href":"https:\/\/www.accord-langues.com\/es\/wp-json\/wp\/v2\/pages"}],"about":[{"href":"https:\/\/www.accord-langues.com\/es\/wp-json\/wp\/v2\/types\/page"}],"author":[{"embeddable":true,"href":"https:\/\/www.accord-langues.com\/es\/wp-json\/wp\/v2\/users\/10"}],"replies":[{"embeddable":true,"href":"https:\/\/www.accord-langues.com\/es\/wp-json\/wp\/v2\/comments?post=5622"}],"version-history":[{"count":0,"href":"https:\/\/www.accord-langues.com\/es\/wp-json\/wp\/v2\/pages\/5622\/revisions"}],"wp:attachment":[{"href":"https:\/\/www.accord-langues.com\/es\/wp-json\/wp\/v2\/media?parent=5622"}],"curies":[{"name":"wp","href":"https:\/\/api.w.org\/{rel}","templated":true}]}}