{"id":26108,"date":"2018-07-23T11:55:32","date_gmt":"2018-07-23T10:55:32","guid":{"rendered":"https:\/\/www.accord-langues.com\/accord-paris-magazine\/"},"modified":"2026-04-14T12:29:01","modified_gmt":"2026-04-14T11:29:01","slug":"blog-rivista","status":"publish","type":"page","link":"https:\/\/www.accord-langues.com\/es\/blog-rivista\/","title":{"rendered":"Blog-Rivista"},"content":{"rendered":"<div class=\"wpb-content-wrapper\" id=\"wpb-content-root\"><p>[vc_row full_width=\u00bbstretch_row\u00bb content_placement=\u00bbmiddle\u00bb css=\u00bb.vc_custom_1532680905001{background-image: url(https:\/\/www.accord-langues.com\/wp-content\/uploads\/2018\/07\/Grands-Boulevards-top.jpg?id=1752) !important;background-position: center !important;background-repeat: no-repeat !important;background-size: cover !important;}\u00bb el_class=\u00bbheader-image\u00bb][vc_column width=\u00bb2\/3&#8243; offset=\u00bbvc_col-sm-offset-2&#8243;][vc_column_text css=\u00bb\u00bb]<\/p>\n<h1 style=\"text-align: center;\">Blog-Revista<\/h1>\n<p style=\"text-align: center;\"><strong>Cursos de franc\u00e9s en Par\u00eds &#8211; Estudiar franc\u00e9s en Francia<\/strong><\/p>\n<p>[\/vc_column_text][\/vc_column][\/vc_row][vc_row][vc_column][vc_column_text]\t\r\n\t\t\t<div class=\"blog\">\r\n\t\t<div class=\"RFPostList\">\r\n\t\t\t\t\t\t\t\t\t\t<div class=\"RFPostList__item col-sm-3\">\r\n\t\t\t\t\t<div class=\"RFPostList__inner\">\r\n\r\n\t\t\t\t\t\t\t\t\t\t\t\t\t<div class=\"RFPostList__image\">\r\n\t\t\t\t\t\t\t\t<a href=\"https:\/\/www.accord-langues.com\/es\/por-que-la-bandera-francesa-es-azul-blanca-y-roja\/\"><img decoding=\"async\" width=\"350\" height=\"350\" src=\"https:\/\/www.accord-langues.com\/wp-content\/uploads\/2026\/08\/invitro-flag-3210468_1280-350x350.jpg\" class=\"img-responsive wp-post-image\" alt=\"Why Is the French Flag Blue, White, and Red?\" srcset=\"https:\/\/www.accord-langues.com\/wp-content\/uploads\/2026\/08\/invitro-flag-3210468_1280-350x350.jpg 350w, https:\/\/www.accord-langues.com\/wp-content\/uploads\/2026\/08\/invitro-flag-3210468_1280-150x150.jpg 150w\" sizes=\"(max-width: 350px) 100vw, 350px\" title=\"invitro-flag-3210468_1280\" \/><\/a>\r\n\t\t\t\t\t\t\t<\/div>\r\n\t\t\t\t\t\t\r\n\t\t\t\t\t\t<div class=\"RFPostList__title\">\r\n\t\t\t\t\t\t\t<a href=\"https:\/\/www.accord-langues.com\/es\/por-que-la-bandera-francesa-es-azul-blanca-y-roja\/\" class=\"h3-like\" style=\"display: block;margin-bottom:10px;\">\u00bfPor qu\u00e9 la bandera francesa es azul, blanca y roja?<\/a>\r\n\t\t\t\t\t\t<\/div>\r\n\r\n\t\t\t\t\t\t<div class=\"RFPostList__excerpt\">\r\n\t\t\t\t\t\t\t<p>Descubre por qu\u00e9 la bandera francesa es azul, blanca y roja, qu\u00e9 simboliza cada color, su historia revolucionaria y qu\u00e9 otros pa\u00edses comparten los mismos colores.<\/p>\n\t\t\t\t\t\t<\/div>\r\n\r\n\t\t\t\t\t\t<div class=\"RFPostList__read-more\">\r\n\t\t\t\t\t\t\t<a class=\"btn btn-primary transparent\" href=\"https:\/\/www.accord-langues.com\/es\/por-que-la-bandera-francesa-es-azul-blanca-y-roja\/\">Leer m\u00e1s<\/a>\r\n\t\t\t\t\t\t<\/div>\r\n\t\t\t\t\t<\/div>\r\n\t\t\t\t<\/div>\r\n\t\t\t\t\t\t\t\t\t\t\t\t\r\n\t\t\t\t\t\t\t<div class=\"RFPostList__item col-sm-3\">\r\n\t\t\t\t\t<div class=\"RFPostList__inner\">\r\n\r\n\t\t\t\t\t\t\t\t\t\t\t\t\t<div class=\"RFPostList__image\">\r\n\t\t\t\t\t\t\t\t<a href=\"https:\/\/www.accord-langues.com\/es\/comprension-oral-en-frances\/\"><img decoding=\"async\" width=\"350\" height=\"350\" src=\"https:\/\/www.accord-langues.com\/wp-content\/uploads\/2026\/08\/French-listening-comprehension-French-course-C-350x350.jpg\" class=\"img-responsive wp-post-image\" alt=\"French listening comprehension\" srcset=\"https:\/\/www.accord-langues.com\/wp-content\/uploads\/2026\/08\/French-listening-comprehension-French-course-C-350x350.jpg 350w, https:\/\/www.accord-langues.com\/wp-content\/uploads\/2026\/08\/French-listening-comprehension-French-course-C-150x150.jpg 150w\" sizes=\"(max-width: 350px) 100vw, 350px\" title=\"French listening comprehension - French course C\" \/><\/a>\r\n\t\t\t\t\t\t\t<\/div>\r\n\t\t\t\t\t\t\r\n\t\t\t\t\t\t<div class=\"RFPostList__title\">\r\n\t\t\t\t\t\t\t<a href=\"https:\/\/www.accord-langues.com\/es\/comprension-oral-en-frances\/\" class=\"h3-like\" style=\"display: block;margin-bottom:10px;\">Comprensi\u00f3n oral en franc\u00e9s<\/a>\r\n\t\t\t\t\t\t<\/div>\r\n\r\n\t\t\t\t\t\t<div class=\"RFPostList__excerpt\">\r\n\t\t\t\t\t\t\t<p>Mejora tu comprensi\u00f3n oral en franc\u00e9s con los cursos intensivos de ACCORD Paris. Pr\u00e1ctica real y progresos evidentes en tan solo una o dos semanas.<\/p>\n\t\t\t\t\t\t<\/div>\r\n\r\n\t\t\t\t\t\t<div class=\"RFPostList__read-more\">\r\n\t\t\t\t\t\t\t<a class=\"btn btn-primary transparent\" href=\"https:\/\/www.accord-langues.com\/es\/comprension-oral-en-frances\/\">Leer m\u00e1s<\/a>\r\n\t\t\t\t\t\t<\/div>\r\n\t\t\t\t\t<\/div>\r\n\t\t\t\t<\/div>\r\n\t\t\t\t\t\t\t\t\t\t\t\t\r\n\t\t\t\t\t\t\t<div class=\"RFPostList__item col-sm-3\">\r\n\t\t\t\t\t<div class=\"RFPostList__inner\">\r\n\r\n\t\t\t\t\t\t\t\t\t\t\t\t\t<div class=\"RFPostList__image\">\r\n\t\t\t\t\t\t\t\t<a href=\"https:\/\/www.accord-langues.com\/es\/que-hacer-en-paris-en-septiembre\/\"><img decoding=\"async\" width=\"350\" height=\"350\" src=\"https:\/\/www.accord-langues.com\/wp-content\/uploads\/2026\/08\/new-4-350x350.jpg\" class=\"img-responsive wp-post-image\" alt=\"Sprachschule ACCORD Paris\" srcset=\"https:\/\/www.accord-langues.com\/wp-content\/uploads\/2026\/08\/new-4-350x350.jpg 350w, https:\/\/www.accord-langues.com\/wp-content\/uploads\/2026\/08\/new-4-150x150.jpg 150w\" sizes=\"(max-width: 350px) 100vw, 350px\" title=\"new (4)\" \/><\/a>\r\n\t\t\t\t\t\t\t<\/div>\r\n\t\t\t\t\t\t\r\n\t\t\t\t\t\t<div class=\"RFPostList__title\">\r\n\t\t\t\t\t\t\t<a href=\"https:\/\/www.accord-langues.com\/es\/que-hacer-en-paris-en-septiembre\/\" class=\"h3-like\" style=\"display: block;margin-bottom:10px;\">\u00bfQu\u00e9 hacer en Par\u00eds en septiembre?<\/a>\r\n\t\t\t\t\t\t<\/div>\r\n\r\n\t\t\t\t\t\t<div class=\"RFPostList__excerpt\">\r\n\t\t\t\t\t\t\t<p>De la Paris Fashion Week a las Jornadas Europeas del Patrimonio: descubre nuestra gu\u00eda de los mejores eventos, exposiciones y conciertos en Par\u00eds en septiembre de 2026.<\/p>\n\t\t\t\t\t\t<\/div>\r\n\r\n\t\t\t\t\t\t<div class=\"RFPostList__read-more\">\r\n\t\t\t\t\t\t\t<a class=\"btn btn-primary transparent\" href=\"https:\/\/www.accord-langues.com\/es\/que-hacer-en-paris-en-septiembre\/\">Leer m\u00e1s<\/a>\r\n\t\t\t\t\t\t<\/div>\r\n\t\t\t\t\t<\/div>\r\n\t\t\t\t<\/div>\r\n\t\t\t\t\t\t\t\t\t\t\t\t\r\n\t\t\t\t\t\t\t<div class=\"RFPostList__item col-sm-3\">\r\n\t\t\t\t\t<div class=\"RFPostList__inner\">\r\n\r\n\t\t\t\t\t\t\t\t\t\t\t\t\t<div class=\"RFPostList__image\">\r\n\t\t\t\t\t\t\t\t<a href=\"https:\/\/www.accord-langues.com\/es\/mejores-jardines-paris-estudiantes-accord\/\"><img decoding=\"async\" width=\"350\" height=\"350\" src=\"https:\/\/www.accord-langues.com\/wp-content\/uploads\/2026\/08\/Jardins-de-Paris-1-350x350.jpg\" class=\"img-responsive wp-post-image\" alt=\"Jardins des Tuileries\" srcset=\"https:\/\/www.accord-langues.com\/wp-content\/uploads\/2026\/08\/Jardins-de-Paris-1-350x350.jpg 350w, https:\/\/www.accord-langues.com\/wp-content\/uploads\/2026\/08\/Jardins-de-Paris-1-150x150.jpg 150w\" sizes=\"(max-width: 350px) 100vw, 350px\" title=\"Jardins de Paris (1)\" \/><\/a>\r\n\t\t\t\t\t\t\t<\/div>\r\n\t\t\t\t\t\t\r\n\t\t\t\t\t\t<div class=\"RFPostList__title\">\r\n\t\t\t\t\t\t\t<a href=\"https:\/\/www.accord-langues.com\/es\/mejores-jardines-paris-estudiantes-accord\/\" class=\"h3-like\" style=\"display: block;margin-bottom:10px;\">Los jardines de Par\u00eds: la selecci\u00f3n de los estudiantes de ACCORD<\/a>\r\n\t\t\t\t\t\t<\/div>\r\n\r\n\t\t\t\t\t\t<div class=\"RFPostList__excerpt\">\r\n\t\t\t\t\t\t\t<p>Tuileries, Palais Royal, Jardin des Plantes, Luxemburgo, Champs-\u00c9lys\u00e9es&#8230; Descubre los jardines m\u00e1s bonitos de Par\u00eds, elegidos por los estudiantes de ACCORD Paris.<\/p>\n\t\t\t\t\t\t<\/div>\r\n\r\n\t\t\t\t\t\t<div class=\"RFPostList__read-more\">\r\n\t\t\t\t\t\t\t<a class=\"btn btn-primary transparent\" href=\"https:\/\/www.accord-langues.com\/es\/mejores-jardines-paris-estudiantes-accord\/\">Leer m\u00e1s<\/a>\r\n\t\t\t\t\t\t<\/div>\r\n\t\t\t\t\t<\/div>\r\n\t\t\t\t<\/div>\r\n\t\t\t\t\t\t\t\t\t\t\t\t<div class=\"clearfix\"><\/div>\r\n\t\t\t\t\t\t\t\t\r\n\t\t\t\t\t\t\t<div class=\"RFPostList__item col-sm-3\">\r\n\t\t\t\t\t<div class=\"RFPostList__inner\">\r\n\r\n\t\t\t\t\t\t\t\t\t\t\t\t\t<div class=\"RFPostList__image\">\r\n\t\t\t\t\t\t\t\t<a href=\"https:\/\/www.accord-langues.com\/es\/visado-estudiante-francia-guia-accord-paris\/\"><img decoding=\"async\" width=\"350\" height=\"350\" src=\"https:\/\/www.accord-langues.com\/wp-content\/uploads\/2026\/08\/ACCORD-French-Language-School-Paris.jpg-002-350x350.webp\" class=\"img-responsive wp-post-image\" alt=\"\" srcset=\"https:\/\/www.accord-langues.com\/wp-content\/uploads\/2026\/08\/ACCORD-French-Language-School-Paris.jpg-002-350x350.webp 350w, https:\/\/www.accord-langues.com\/wp-content\/uploads\/2026\/08\/ACCORD-French-Language-School-Paris.jpg-002-150x150.webp 150w\" sizes=\"(max-width: 350px) 100vw, 350px\" title=\"ACCORD-French-Language-School-Paris.jpg-002\" \/><\/a>\r\n\t\t\t\t\t\t\t<\/div>\r\n\t\t\t\t\t\t\r\n\t\t\t\t\t\t<div class=\"RFPostList__title\">\r\n\t\t\t\t\t\t\t<a href=\"https:\/\/www.accord-langues.com\/es\/visado-estudiante-francia-guia-accord-paris\/\" class=\"h3-like\" style=\"display: block;margin-bottom:10px;\">Visado de estudiante para Francia: todo lo que debes saber<\/a>\r\n\t\t\t\t\t\t<\/div>\r\n\r\n\t\t\t\t\t\t<div class=\"RFPostList__excerpt\">\r\n\t\t\t\t\t\t\t<p>\u00bfNecesitas un visado para estudiar franc\u00e9s en Par\u00eds? Descubre qu\u00e9 visado te corresponde, c\u00f3mo puede ayudarte ACCORD Paris y todos los pasos del proceso.<\/p>\n\t\t\t\t\t\t<\/div>\r\n\r\n\t\t\t\t\t\t<div class=\"RFPostList__read-more\">\r\n\t\t\t\t\t\t\t<a class=\"btn btn-primary transparent\" href=\"https:\/\/www.accord-langues.com\/es\/visado-estudiante-francia-guia-accord-paris\/\">Leer m\u00e1s<\/a>\r\n\t\t\t\t\t\t<\/div>\r\n\t\t\t\t\t<\/div>\r\n\t\t\t\t<\/div>\r\n\t\t\t\t\t\t\t\t\t\t\t\t\r\n\t\t\t\t\t\t\t<div class=\"RFPostList__item col-sm-3\">\r\n\t\t\t\t\t<div class=\"RFPostList__inner\">\r\n\r\n\t\t\t\t\t\t\t\t\t\t\t\t\t<div class=\"RFPostList__image\">\r\n\t\t\t\t\t\t\t\t<a href=\"https:\/\/www.accord-langues.com\/es\/vocabulario-del-cafe-en-francia\/\"><img decoding=\"async\" width=\"350\" height=\"350\" src=\"https:\/\/www.accord-langues.com\/wp-content\/uploads\/2026\/08\/franz26-ai-generated-8223836_1280-350x350.jpg\" class=\"img-responsive wp-post-image\" alt=\"Le vocabulaire du caf\u00e9 en France\" srcset=\"https:\/\/www.accord-langues.com\/wp-content\/uploads\/2026\/08\/franz26-ai-generated-8223836_1280-350x350.jpg 350w, https:\/\/www.accord-langues.com\/wp-content\/uploads\/2026\/08\/franz26-ai-generated-8223836_1280-150x150.jpg 150w\" sizes=\"(max-width: 350px) 100vw, 350px\" title=\"franz26-ai-generated-8223836_1280\" \/><\/a>\r\n\t\t\t\t\t\t\t<\/div>\r\n\t\t\t\t\t\t\r\n\t\t\t\t\t\t<div class=\"RFPostList__title\">\r\n\t\t\t\t\t\t\t<a href=\"https:\/\/www.accord-langues.com\/es\/vocabulario-del-cafe-en-francia\/\" class=\"h3-like\" style=\"display: block;margin-bottom:10px;\">El vocabulario del caf\u00e9 en Francia<\/a>\r\n\t\t\t\t\t\t<\/div>\r\n\r\n\t\t\t\t\t\t<div class=\"RFPostList__excerpt\">\r\n\t\t\t\t\t\t\t<p>Espresso, noisette, caf\u00e9 allong\u00e9, cr\u00e8me&#8230; Descubre c\u00f3mo pedir tu caf\u00e9 como un parisino en los bistrots de Francia, y d\u00f3nde disfrutarlo en Par\u00eds.<\/p>\n\t\t\t\t\t\t<\/div>\r\n\r\n\t\t\t\t\t\t<div class=\"RFPostList__read-more\">\r\n\t\t\t\t\t\t\t<a class=\"btn btn-primary transparent\" href=\"https:\/\/www.accord-langues.com\/es\/vocabulario-del-cafe-en-francia\/\">Leer m\u00e1s<\/a>\r\n\t\t\t\t\t\t<\/div>\r\n\t\t\t\t\t<\/div>\r\n\t\t\t\t<\/div>\r\n\t\t\t\t\t\t\t\t\t\t\t\t\r\n\t\t\t\t\t\t\t<div class=\"RFPostList__item col-sm-3\">\r\n\t\t\t\t\t<div class=\"RFPostList__inner\">\r\n\r\n\t\t\t\t\t\t\t\t\t\t\t\t\t<div class=\"RFPostList__image\">\r\n\t\t\t\t\t\t\t\t<a href=\"https:\/\/www.accord-langues.com\/es\/vocabulario-pan-frances-guia-boulangerie\/\"><img decoding=\"async\" width=\"350\" height=\"350\" src=\"https:\/\/www.accord-langues.com\/wp-content\/uploads\/2026\/08\/jackmac34-bread-1761197_1280-350x350.jpg\" class=\"img-responsive wp-post-image\" alt=\"French Bread Vocabulary: Your Guide to the Boulangerie\" srcset=\"https:\/\/www.accord-langues.com\/wp-content\/uploads\/2026\/08\/jackmac34-bread-1761197_1280-350x350.jpg 350w, https:\/\/www.accord-langues.com\/wp-content\/uploads\/2026\/08\/jackmac34-bread-1761197_1280-150x150.jpg 150w\" sizes=\"(max-width: 350px) 100vw, 350px\" title=\"jackmac34-bread-1761197_1280\" \/><\/a>\r\n\t\t\t\t\t\t\t<\/div>\r\n\t\t\t\t\t\t\r\n\t\t\t\t\t\t<div class=\"RFPostList__title\">\r\n\t\t\t\t\t\t\t<a href=\"https:\/\/www.accord-langues.com\/es\/vocabulario-pan-frances-guia-boulangerie\/\" class=\"h3-like\" style=\"display: block;margin-bottom:10px;\">Vocabulario del pan franc\u00e9s: tu gu\u00eda de la boulangerie<\/a>\r\n\t\t\t\t\t\t<\/div>\r\n\r\n\t\t\t\t\t\t<div class=\"RFPostList__excerpt\">\r\n\t\t\t\t\t\t\t<p>Aprende el vocabulario esencial del pan franc\u00e9s, de la baguette al pain de seigle, y descubre por qu\u00e9 estudiar franc\u00e9s en Par\u00eds tambi\u00e9n significa dominar la boulangerie.<\/p>\n\t\t\t\t\t\t<\/div>\r\n\r\n\t\t\t\t\t\t<div class=\"RFPostList__read-more\">\r\n\t\t\t\t\t\t\t<a class=\"btn btn-primary transparent\" href=\"https:\/\/www.accord-langues.com\/es\/vocabulario-pan-frances-guia-boulangerie\/\">Leer m\u00e1s<\/a>\r\n\t\t\t\t\t\t<\/div>\r\n\t\t\t\t\t<\/div>\r\n\t\t\t\t<\/div>\r\n\t\t\t\t\t\t\t\t\t\t\t\t\r\n\t\t\t\t\t\t\t<div class=\"RFPostList__item col-sm-3\">\r\n\t\t\t\t\t<div class=\"RFPostList__inner\">\r\n\r\n\t\t\t\t\t\t\t\t\t\t\t\t\t<div class=\"RFPostList__image\">\r\n\t\t\t\t\t\t\t\t<a href=\"https:\/\/www.accord-langues.com\/es\/mejor-curso-frances-paris-accord\/\"><img decoding=\"async\" width=\"350\" height=\"350\" src=\"https:\/\/www.accord-langues.com\/wp-content\/uploads\/2024\/05\/Me-at-Tour-Eiffel-001-350x350.jpg\" class=\"img-responsive wp-post-image\" alt=\"Programme d&#039;exp\u00e9rience professionnelle chez ACCORD\" srcset=\"https:\/\/www.accord-langues.com\/wp-content\/uploads\/2024\/05\/Me-at-Tour-Eiffel-001-350x350.jpg 350w, https:\/\/www.accord-langues.com\/wp-content\/uploads\/2024\/05\/Me-at-Tour-Eiffel-001-150x150.jpg 150w\" sizes=\"(max-width: 350px) 100vw, 350px\" title=\"Me at Tour Eiffel-001\" \/><\/a>\r\n\t\t\t\t\t\t\t<\/div>\r\n\t\t\t\t\t\t\r\n\t\t\t\t\t\t<div class=\"RFPostList__title\">\r\n\t\t\t\t\t\t\t<a href=\"https:\/\/www.accord-langues.com\/es\/mejor-curso-frances-paris-accord\/\" class=\"h3-like\" style=\"display: block;margin-bottom:10px;\">Mejor curso de franc\u00e9s en Par\u00eds | Escuela ACCORD Tour Eiffel<\/a>\r\n\t\t\t\t\t\t<\/div>\r\n\r\n\t\t\t\t\t\t<div class=\"RFPostList__excerpt\">\r\n\t\t\t\t\t\t\t<p>Descubre el mejor curso de franc\u00e9s en Par\u00eds en ACCORD Tour Eiffel, una escuela de idiomas de alta calidad cerca de la Torre Eiffel con m\u00e1s de 35 a\u00f1os de experiencia.<\/p>\n\t\t\t\t\t\t<\/div>\r\n\r\n\t\t\t\t\t\t<div class=\"RFPostList__read-more\">\r\n\t\t\t\t\t\t\t<a class=\"btn btn-primary transparent\" href=\"https:\/\/www.accord-langues.com\/es\/mejor-curso-frances-paris-accord\/\">Leer m\u00e1s<\/a>\r\n\t\t\t\t\t\t<\/div>\r\n\t\t\t\t\t<\/div>\r\n\t\t\t\t<\/div>\r\n\t\t\t\t\t\t\t\t\t\t\t\t<div class=\"clearfix\"><\/div>\r\n\t\t\t\t\t\t\t\t\r\n\t\t\t\t\t\t\t<div class=\"RFPostList__item col-sm-3\">\r\n\t\t\t\t\t<div class=\"RFPostList__inner\">\r\n\r\n\t\t\t\t\t\t\t\t\t\t\t\t\t<div class=\"RFPostList__image\">\r\n\t\t\t\t\t\t\t\t<a href=\"https:\/\/www.accord-langues.com\/es\/masculino-o-femenino-genero-frances\/\"><img decoding=\"async\" width=\"350\" height=\"350\" src=\"https:\/\/www.accord-langues.com\/wp-content\/uploads\/2026\/08\/French-Masculine-or-feminine_-Tips-for-guessing-the-gender-1-350x350.jpg\" class=\"img-responsive wp-post-image\" alt=\"\" srcset=\"https:\/\/www.accord-langues.com\/wp-content\/uploads\/2026\/08\/French-Masculine-or-feminine_-Tips-for-guessing-the-gender-1-350x350.jpg 350w, https:\/\/www.accord-langues.com\/wp-content\/uploads\/2026\/08\/French-Masculine-or-feminine_-Tips-for-guessing-the-gender-1-150x150.jpg 150w\" sizes=\"(max-width: 350px) 100vw, 350px\" title=\"French-Masculine-or-feminine_-Tips-for-guessing-the-gender\" \/><\/a>\r\n\t\t\t\t\t\t\t<\/div>\r\n\t\t\t\t\t\t\r\n\t\t\t\t\t\t<div class=\"RFPostList__title\">\r\n\t\t\t\t\t\t\t<a href=\"https:\/\/www.accord-langues.com\/es\/masculino-o-femenino-genero-frances\/\" class=\"h3-like\" style=\"display: block;margin-bottom:10px;\">\u00bfMasculino o femenino? Consejos para adivinar el g\u00e9nero<\/a>\r\n\t\t\t\t\t\t<\/div>\r\n\r\n\t\t\t\t\t\t<div class=\"RFPostList__excerpt\">\r\n\t\t\t\t\t\t\t<p>Aprende a adivinar el g\u00e9nero en franc\u00e9s: las terminaciones m\u00e1s fiables, las excepciones cl\u00e1sicas y las categor\u00edas de palabras que debes conocer.<\/p>\n\t\t\t\t\t\t<\/div>\r\n\r\n\t\t\t\t\t\t<div class=\"RFPostList__read-more\">\r\n\t\t\t\t\t\t\t<a class=\"btn btn-primary transparent\" href=\"https:\/\/www.accord-langues.com\/es\/masculino-o-femenino-genero-frances\/\">Leer m\u00e1s<\/a>\r\n\t\t\t\t\t\t<\/div>\r\n\t\t\t\t\t<\/div>\r\n\t\t\t\t<\/div>\r\n\t\t\t\t\t\t\t\t\t\t\t\t\r\n\t\t\t\t\t\t\t<div class=\"RFPostList__item col-sm-3\">\r\n\t\t\t\t\t<div class=\"RFPostList__inner\">\r\n\r\n\t\t\t\t\t\t\t\t\t\t\t\t\t<div class=\"RFPostList__image\">\r\n\t\t\t\t\t\t\t\t<a href=\"https:\/\/www.accord-langues.com\/es\/merci-y-de-rien-en-frances-entender-los-matices\/\"><img decoding=\"async\" width=\"350\" height=\"350\" src=\"https:\/\/www.accord-langues.com\/wp-content\/uploads\/2026\/08\/merci-de-rien-350x350.jpg\" class=\"img-responsive wp-post-image\" alt=\"H\u00f6flichkeit in Frankreich\" srcset=\"https:\/\/www.accord-langues.com\/wp-content\/uploads\/2026\/08\/merci-de-rien-350x350.jpg 350w, https:\/\/www.accord-langues.com\/wp-content\/uploads\/2026\/08\/merci-de-rien-150x150.jpg 150w\" sizes=\"(max-width: 350px) 100vw, 350px\" title=\"merci-de-rien\" \/><\/a>\r\n\t\t\t\t\t\t\t<\/div>\r\n\t\t\t\t\t\t\r\n\t\t\t\t\t\t<div class=\"RFPostList__title\">\r\n\t\t\t\t\t\t\t<a href=\"https:\/\/www.accord-langues.com\/es\/merci-y-de-rien-en-frances-entender-los-matices\/\" class=\"h3-like\" style=\"display: block;margin-bottom:10px;\">Merci y de rien en franc\u00e9s: entender los matices<\/a>\r\n\t\t\t\t\t\t<\/div>\r\n\r\n\t\t\t\t\t\t<div class=\"RFPostList__excerpt\">\r\n\t\t\t\t\t\t\t<p>Merci y de rien en franc\u00e9s son mucho m\u00e1s que palabras sueltas: descubre todos los matices de la cortes\u00eda francesa, de lo formal a lo informal, para sonar como un hablante nativo.<\/p>\n\t\t\t\t\t\t<\/div>\r\n\r\n\t\t\t\t\t\t<div class=\"RFPostList__read-more\">\r\n\t\t\t\t\t\t\t<a class=\"btn btn-primary transparent\" href=\"https:\/\/www.accord-langues.com\/es\/merci-y-de-rien-en-frances-entender-los-matices\/\">Leer m\u00e1s<\/a>\r\n\t\t\t\t\t\t<\/div>\r\n\t\t\t\t\t<\/div>\r\n\t\t\t\t<\/div>\r\n\t\t\t\t\t\t\t\t\t\t\t\t\r\n\t\t\t\t\t\t\t<div class=\"RFPostList__item col-sm-3\">\r\n\t\t\t\t\t<div class=\"RFPostList__inner\">\r\n\r\n\t\t\t\t\t\t\t\t\t\t\t\t\t<div class=\"RFPostList__image\">\r\n\t\t\t\t\t\t\t\t<a href=\"https:\/\/www.accord-langues.com\/es\/formas-de-decir-hola-y-adios-en-frances\/\"><img decoding=\"async\" width=\"350\" height=\"350\" src=\"https:\/\/www.accord-langues.com\/wp-content\/uploads\/2026\/08\/10-ways-to-say-hello-and-goodbye-in-French-1-350x350.jpeg\" class=\"img-responsive wp-post-image\" alt=\"10 modi per dire ciao e arrivederci in francese\" srcset=\"https:\/\/www.accord-langues.com\/wp-content\/uploads\/2026\/08\/10-ways-to-say-hello-and-goodbye-in-French-1-350x350.jpeg 350w, https:\/\/www.accord-langues.com\/wp-content\/uploads\/2026\/08\/10-ways-to-say-hello-and-goodbye-in-French-1-150x150.jpeg 150w\" sizes=\"(max-width: 350px) 100vw, 350px\" title=\"10-ways-to-say-hello-and-goodbye-in-French\" \/><\/a>\r\n\t\t\t\t\t\t\t<\/div>\r\n\t\t\t\t\t\t\r\n\t\t\t\t\t\t<div class=\"RFPostList__title\">\r\n\t\t\t\t\t\t\t<a href=\"https:\/\/www.accord-langues.com\/es\/formas-de-decir-hola-y-adios-en-frances\/\" class=\"h3-like\" style=\"display: block;margin-bottom:10px;\">10 formas de decir hola y adi\u00f3s en franc\u00e9s<\/a>\r\n\t\t\t\t\t\t<\/div>\r\n\r\n\t\t\t\t\t\t<div class=\"RFPostList__excerpt\">\r\n\t\t\t\t\t\t\t<p>Bonjour no es la \u00fanica palabra que necesitas. Descubre 10 formas naturales de decir hola y adi\u00f3s en franc\u00e9s, y cu\u00e1ndo usar cada una, con ACCORD Paris.<\/p>\n\t\t\t\t\t\t<\/div>\r\n\r\n\t\t\t\t\t\t<div class=\"RFPostList__read-more\">\r\n\t\t\t\t\t\t\t<a class=\"btn btn-primary transparent\" href=\"https:\/\/www.accord-langues.com\/es\/formas-de-decir-hola-y-adios-en-frances\/\">Leer m\u00e1s<\/a>\r\n\t\t\t\t\t\t<\/div>\r\n\t\t\t\t\t<\/div>\r\n\t\t\t\t<\/div>\r\n\t\t\t\t\t\t\t\t\t\t\t\t\r\n\t\t\t\t\t\t\t<div class=\"RFPostList__item col-sm-3\">\r\n\t\t\t\t\t<div class=\"RFPostList__inner\">\r\n\r\n\t\t\t\t\t\t\t\t\t\t\t\t\t<div class=\"RFPostList__image\">\r\n\t\t\t\t\t\t\t\t<a href=\"https:\/\/www.accord-langues.com\/es\/francia-reino-del-queso-top-20\/\"><img decoding=\"async\" width=\"350\" height=\"350\" src=\"https:\/\/www.accord-langues.com\/wp-content\/uploads\/2026\/07\/lifewithart-paris-photo-by-lifewithart-350x350.jpg\" class=\"img-responsive wp-post-image\" alt=\"La France, le pays des fromages - Le fromage et les Fran\u00e7ais\" srcset=\"https:\/\/www.accord-langues.com\/wp-content\/uploads\/2026\/07\/lifewithart-paris-photo-by-lifewithart-350x350.jpg 350w, https:\/\/www.accord-langues.com\/wp-content\/uploads\/2026\/07\/lifewithart-paris-photo-by-lifewithart-150x150.jpg 150w\" sizes=\"(max-width: 350px) 100vw, 350px\" title=\"Francia, el reino del queso: el top 20 de los quesos franceses\" \/><\/a>\r\n\t\t\t\t\t\t\t<\/div>\r\n\t\t\t\t\t\t\r\n\t\t\t\t\t\t<div class=\"RFPostList__title\">\r\n\t\t\t\t\t\t\t<a href=\"https:\/\/www.accord-langues.com\/es\/francia-reino-del-queso-top-20\/\" class=\"h3-like\" style=\"display: block;margin-bottom:10px;\">Francia, el reino del queso: el top 20 de los quesos franceses<\/a>\r\n\t\t\t\t\t\t<\/div>\r\n\r\n\t\t\t\t\t\t<div class=\"RFPostList__excerpt\">\r\n\t\t\t\t\t\t\t<p>Del brie al roquefort: descubre los 20 quesos franceses m\u00e1s apreciados, su historia y el vocabulario para hablar de ellos, con ACCORD Paris.<\/p>\n\t\t\t\t\t\t<\/div>\r\n\r\n\t\t\t\t\t\t<div class=\"RFPostList__read-more\">\r\n\t\t\t\t\t\t\t<a class=\"btn btn-primary transparent\" href=\"https:\/\/www.accord-langues.com\/es\/francia-reino-del-queso-top-20\/\">Leer m\u00e1s<\/a>\r\n\t\t\t\t\t\t<\/div>\r\n\t\t\t\t\t<\/div>\r\n\t\t\t\t<\/div>\r\n\t\t\t\t\t\t\t\t\t\t\t\t<div class=\"clearfix\"><\/div>\r\n\t\t\t\t\t\t\t\t\r\n\t\t\t\t\t<\/div>\r\n\t<\/div>\r\n\t\r\n\t<div class=\"clearfix\"><\/div>\r\n\t\r\n\t\n\t<nav class=\"navigation pagination\" aria-label=\"Page numbering\">\n\t\t<h2 class=\"screen-reader-text\">Page numbering<\/h2>\n\t\t<div class=\"nav-links\"><span aria-current=\"page\" class=\"page-numbers current\">1<\/span>\n<a class=\"page-numbers\" href=\"https:\/\/www.accord-langues.com\/es\/wp-json\/wp\/v2\/pages\/26108\/page\/2\/\">2<\/a>\n<a class=\"page-numbers\" href=\"https:\/\/www.accord-langues.com\/es\/wp-json\/wp\/v2\/pages\/26108\/page\/3\/\">3<\/a>\n<a class=\"next page-numbers\" href=\"https:\/\/www.accord-langues.com\/es\/wp-json\/wp\/v2\/pages\/26108\/page\/2\/\">\u2192<\/a><\/div>\n\t<\/nav>[\/vc_column_text][\/vc_column][\/vc_row][vc_row full_width=\u00bbstretch_row\u00bb css=\u00bb.vc_custom_1471605768894{padding-top: 20px !important;background-color: #f0f0f0 !important;}\u00bb el_id=\u00bbhomepage-boxes\u00bb][vc_column][vc_row_inner][vc_column_inner width=\u00bb1\/3&#8243;]<div class=\"RFIbox green a-man\">\n\t<div class=\"RFIbox__media\">\n        <a href=\"https:\/\/www.accord-langues.com\/adult-french-language-courses-paris\/\" title=\"\" target=\"_blank\"><img decoding=\"async\" width=\"500\" height=\"333\" src=\"https:\/\/www.accord-langues.com\/wp-content\/uploads\/2016\/06\/box-adults.jpg\" class=\"img-responsive\" alt=\"\" srcset=\"https:\/\/www.accord-langues.com\/wp-content\/uploads\/2016\/06\/box-adults.jpg 500w, https:\/\/www.accord-langues.com\/wp-content\/uploads\/2016\/06\/box-adults-300x200.jpg 300w\" sizes=\"(max-width: 500px) 100vw, 500px\" title=\"box-adults\" \/><\/a>        \t<\/div>\n\n        <div class=\"RFIBox__title\">\n        <a href=\"https:\/\/www.accord-langues.com\/adult-french-language-courses-paris\/\" title=\"\" target=\"_blank\">French courses for Adults<\/a>    <\/div>\n    \n    <\/div>[\/vc_column_inner][vc_column_inner width=\u00bb1\/3&#8243;]<div class=\"RFIbox pink\">\n\t<div class=\"RFIbox__media\">\n        <a href=\"https:\/\/examensparis.fr\/\" title=\"\" target=\"_blank\"><img decoding=\"async\" width=\"500\" height=\"333\" src=\"https:\/\/www.accord-langues.com\/wp-content\/uploads\/2016\/06\/box-exams.jpg\" class=\"img-responsive\" alt=\"\" srcset=\"https:\/\/www.accord-langues.com\/wp-content\/uploads\/2016\/06\/box-exams.jpg 500w, https:\/\/www.accord-langues.com\/wp-content\/uploads\/2016\/06\/box-exams-300x200.jpg 300w\" sizes=\"(max-width: 500px) 100vw, 500px\" title=\"box-exams\" \/><\/a>        \t<\/div>\n\n        <div class=\"RFIBox__title\">\n        <a href=\"https:\/\/examensparis.fr\/\" title=\"\" target=\"_blank\">Exams - Diploma<\/a>    <\/div>\n    \n    <\/div>[\/vc_column_inner][\/vc_row_inner][\/vc_column][\/vc_row]<\/p>\n<\/div>","protected":false},"excerpt":{"rendered":"<p>[vc_row full_width=\u00bbstretch_row\u00bb content_placement=\u00bbmiddle\u00bb css=\u00bb.vc_custom_1532680905001{background-image: url(https:\/\/www.accord-langues.com\/wp-content\/uploads\/2018\/07\/Grands-Boulevards-top.jpg?id=1752) !important;background-position: center !important;background-repeat: no-repeat !important;background-size: cover !important;}\u00bb el_class=\u00bbheader-image\u00bb][vc_column width=\u00bb2\/3&#8243; offset=\u00bbvc_col-sm-offset-2&#8243;][vc_column_text css=\u00bb\u00bb] Blog-Revista Cursos de franc\u00e9s [&hellip;]<\/p>\n","protected":false},"author":10,"featured_media":0,"parent":0,"menu_order":0,"comment_status":"closed","ping_status":"closed","template":"","meta":{"_acf_changed":false,"footnotes":""},"class_list":["post-26108","page","type-page","status-publish","hentry"],"acf":[],"yoast_head":"<!-- This site is optimized with the Yoast SEO Premium plugin v28.3 (Yoast SEO v28.3) - https:\/\/yoast.com\/product\/yoast-seo-premium-wordpress\/ -->\n<title>Revista ACCORD para estudiantes de franc\u00e9s<\/title>\n<meta name=\"description\" content=\"Revista ACCORD para quienes aprenden franc\u00e9s: seleccione una escuela de franc\u00e9s y estudie franc\u00e9s.\" \/>\n<meta name=\"robots\" content=\"index, follow, max-snippet:-1, max-image-preview:large, max-video-preview:-1\" \/>\n<link rel=\"canonical\" href=\"https:\/\/www.accord-langues.com\/es\/blog-rivista\/\" \/>\n<meta property=\"og:locale\" content=\"es_ES\" \/>\n<meta property=\"og:type\" content=\"article\" \/>\n<meta property=\"og:title\" content=\"Blog-Rivista\" \/>\n<meta property=\"og:description\" content=\"Revista ACCORD para quienes aprenden franc\u00e9s: seleccione una escuela de franc\u00e9s y estudie franc\u00e9s.\" \/>\n<meta property=\"og:url\" content=\"https:\/\/www.accord-langues.com\/es\/blog-rivista\/\" \/>\n<meta property=\"og:site_name\" content=\"Accord Paris\" \/>\n<meta property=\"article:publisher\" content=\"https:\/\/www.facebook.com\/accordecoledelangues\" \/>\n<meta property=\"article:modified_time\" content=\"2026-04-14T11:29:01+00:00\" \/>\n<meta property=\"og:image\" content=\"https:\/\/www.accord-langues.com\/wp-content\/uploads\/2024\/02\/ACCORD-French-Language-School-in-Paris-low-res.jpg\" \/>\n\t<meta property=\"og:image:width\" content=\"1200\" \/>\n\t<meta property=\"og:image:height\" content=\"867\" \/>\n\t<meta property=\"og:image:type\" content=\"image\/jpeg\" \/>\n<meta name=\"twitter:card\" content=\"summary_large_image\" \/>\n<meta name=\"twitter:label1\" content=\"Tiempo de lectura\" \/>\n\t<meta name=\"twitter:data1\" content=\"1 minuto\" \/>\n<script type=\"application\/ld+json\" class=\"yoast-schema-graph\">{\"@context\":\"https:\\\/\\\/schema.org\",\"@graph\":[{\"@type\":\"WebPage\",\"@id\":\"https:\\\/\\\/www.accord-langues.com\\\/es\\\/blog-rivista\\\/\",\"url\":\"https:\\\/\\\/www.accord-langues.com\\\/es\\\/blog-rivista\\\/\",\"name\":\"Revista ACCORD para estudiantes de franc\u00e9s\",\"isPartOf\":{\"@id\":\"https:\\\/\\\/www.accord-langues.com\\\/es\\\/#website\"},\"datePublished\":\"2018-07-23T10:55:32+00:00\",\"dateModified\":\"2026-04-14T11:29:01+00:00\",\"description\":\"Revista ACCORD para quienes aprenden franc\u00e9s: seleccione una escuela de franc\u00e9s y estudie franc\u00e9s.\",\"inLanguage\":\"es\",\"potentialAction\":[{\"@type\":\"ReadAction\",\"target\":[\"https:\\\/\\\/www.accord-langues.com\\\/es\\\/blog-rivista\\\/\"]}]},{\"@type\":\"WebSite\",\"@id\":\"https:\\\/\\\/www.accord-langues.com\\\/es\\\/#website\",\"url\":\"https:\\\/\\\/www.accord-langues.com\\\/es\\\/\",\"name\":\"Accord Paris\",\"description\":\"Learn French in France\",\"publisher\":{\"@id\":\"https:\\\/\\\/www.accord-langues.com\\\/es\\\/#organization\"},\"potentialAction\":[{\"@type\":\"SearchAction\",\"target\":{\"@type\":\"EntryPoint\",\"urlTemplate\":\"https:\\\/\\\/www.accord-langues.com\\\/es\\\/?s={search_term_string}\"},\"query-input\":{\"@type\":\"PropertyValueSpecification\",\"valueRequired\":true,\"valueName\":\"search_term_string\"}}],\"inLanguage\":\"es\"},{\"@type\":\"Organization\",\"@id\":\"https:\\\/\\\/www.accord-langues.com\\\/es\\\/#organization\",\"name\":\"ACCORD Tour Eiffel\",\"alternateName\":\"Learn French in Paris\",\"url\":\"https:\\\/\\\/www.accord-langues.com\\\/es\\\/\",\"logo\":{\"@type\":\"ImageObject\",\"inLanguage\":\"es\",\"@id\":\"https:\\\/\\\/www.accord-langues.com\\\/es\\\/#\\\/schema\\\/logo\\\/image\\\/\",\"url\":\"https:\\\/\\\/www.accord-langues.com\\\/wp-content\\\/uploads\\\/2016\\\/06\\\/Logo.png\",\"contentUrl\":\"https:\\\/\\\/www.accord-langues.com\\\/wp-content\\\/uploads\\\/2016\\\/06\\\/Logo.png\",\"width\":290,\"height\":70,\"caption\":\"ACCORD Tour Eiffel\"},\"image\":{\"@id\":\"https:\\\/\\\/www.accord-langues.com\\\/es\\\/#\\\/schema\\\/logo\\\/image\\\/\"},\"sameAs\":[\"https:\\\/\\\/www.facebook.com\\\/accordecoledelangues\",\"https:\\\/\\\/www.linkedin.com\\\/groups\\\/4542133\\\/\"],\"description\":\"ACCORD French Language School is one of the leading schools in France for teaching French to foreign students and offering high quality French language courses in Paris. The ACCORD language school is located in the heart of Paris, nearby the Eiffel Tower. The ACCORD school is open all year round and welcomes students from all over the world from the age of 16 in its French language courses. ACCORD school is accredited by the official \u201cQualit\u00e9 FLE\u201d label and is member of CAMPUS FRANCE, SOUFFLE and Atout France. ACCORD is official exam center for the TCF IRN, TCF TP, TCF Qu\u00e9bec and TCF Canada.\",\"email\":\"info@accord-langues.com\",\"telephone\":\"+33155335233\",\"legalName\":\"FORUM ACCORD\",\"foundingDate\":\"1990-02-23\",\"numberOfEmployees\":{\"@type\":\"QuantitativeValue\",\"minValue\":\"11\",\"maxValue\":\"50\"}}]}<\/script>\n<!-- \/ Yoast SEO Premium plugin. -->","yoast_head_json":{"title":"Revista ACCORD para estudiantes de franc\u00e9s","description":"Revista ACCORD para quienes aprenden franc\u00e9s: seleccione una escuela de franc\u00e9s y estudie franc\u00e9s.","robots":{"index":"index","follow":"follow","max-snippet":"max-snippet:-1","max-image-preview":"max-image-preview:large","max-video-preview":"max-video-preview:-1"},"canonical":"https:\/\/www.accord-langues.com\/es\/blog-rivista\/","og_locale":"es_ES","og_type":"article","og_title":"Blog-Rivista","og_description":"Revista ACCORD para quienes aprenden franc\u00e9s: seleccione una escuela de franc\u00e9s y estudie franc\u00e9s.","og_url":"https:\/\/www.accord-langues.com\/es\/blog-rivista\/","og_site_name":"Accord Paris","article_publisher":"https:\/\/www.facebook.com\/accordecoledelangues","article_modified_time":"2026-04-14T11:29:01+00:00","og_image":[{"width":1200,"height":867,"url":"https:\/\/www.accord-langues.com\/wp-content\/uploads\/2024\/02\/ACCORD-French-Language-School-in-Paris-low-res.jpg","type":"image\/jpeg"}],"twitter_card":"summary_large_image","twitter_misc":{"Tiempo de lectura":"1 minuto"},"schema":{"@context":"https:\/\/schema.org","@graph":[{"@type":"WebPage","@id":"https:\/\/www.accord-langues.com\/es\/blog-rivista\/","url":"https:\/\/www.accord-langues.com\/es\/blog-rivista\/","name":"Revista ACCORD para estudiantes de franc\u00e9s","isPartOf":{"@id":"https:\/\/www.accord-langues.com\/es\/#website"},"datePublished":"2018-07-23T10:55:32+00:00","dateModified":"2026-04-14T11:29:01+00:00","description":"Revista ACCORD para quienes aprenden franc\u00e9s: seleccione una escuela de franc\u00e9s y estudie franc\u00e9s.","inLanguage":"es","potentialAction":[{"@type":"ReadAction","target":["https:\/\/www.accord-langues.com\/es\/blog-rivista\/"]}]},{"@type":"WebSite","@id":"https:\/\/www.accord-langues.com\/es\/#website","url":"https:\/\/www.accord-langues.com\/es\/","name":"Accord Paris","description":"Learn French in France","publisher":{"@id":"https:\/\/www.accord-langues.com\/es\/#organization"},"potentialAction":[{"@type":"SearchAction","target":{"@type":"EntryPoint","urlTemplate":"https:\/\/www.accord-langues.com\/es\/?s={search_term_string}"},"query-input":{"@type":"PropertyValueSpecification","valueRequired":true,"valueName":"search_term_string"}}],"inLanguage":"es"},{"@type":"Organization","@id":"https:\/\/www.accord-langues.com\/es\/#organization","name":"ACCORD Tour Eiffel","alternateName":"Learn French in Paris","url":"https:\/\/www.accord-langues.com\/es\/","logo":{"@type":"ImageObject","inLanguage":"es","@id":"https:\/\/www.accord-langues.com\/es\/#\/schema\/logo\/image\/","url":"https:\/\/www.accord-langues.com\/wp-content\/uploads\/2016\/06\/Logo.png","contentUrl":"https:\/\/www.accord-langues.com\/wp-content\/uploads\/2016\/06\/Logo.png","width":290,"height":70,"caption":"ACCORD Tour Eiffel"},"image":{"@id":"https:\/\/www.accord-langues.com\/es\/#\/schema\/logo\/image\/"},"sameAs":["https:\/\/www.facebook.com\/accordecoledelangues","https:\/\/www.linkedin.com\/groups\/4542133\/"],"description":"ACCORD French Language School is one of the leading schools in France for teaching French to foreign students and offering high quality French language courses in Paris. The ACCORD language school is located in the heart of Paris, nearby the Eiffel Tower. The ACCORD school is open all year round and welcomes students from all over the world from the age of 16 in its French language courses. ACCORD school is accredited by the official \u201cQualit\u00e9 FLE\u201d label and is member of CAMPUS FRANCE, SOUFFLE and Atout France. ACCORD is official exam center for the TCF IRN, TCF TP, TCF Qu\u00e9bec and TCF Canada.","email":"info@accord-langues.com","telephone":"+33155335233","legalName":"FORUM ACCORD","foundingDate":"1990-02-23","numberOfEmployees":{"@type":"QuantitativeValue","minValue":"11","maxValue":"50"}}]}},"_links":{"self":[{"href":"https:\/\/www.accord-langues.com\/es\/wp-json\/wp\/v2\/pages\/26108","targetHints":{"allow":["GET"]}}],"collection":[{"href":"https:\/\/www.accord-langues.com\/es\/wp-json\/wp\/v2\/pages"}],"about":[{"href":"https:\/\/www.accord-langues.com\/es\/wp-json\/wp\/v2\/types\/page"}],"author":[{"embeddable":true,"href":"https:\/\/www.accord-langues.com\/es\/wp-json\/wp\/v2\/users\/10"}],"replies":[{"embeddable":true,"href":"https:\/\/www.accord-langues.com\/es\/wp-json\/wp\/v2\/comments?post=26108"}],"version-history":[{"count":2,"href":"https:\/\/www.accord-langues.com\/es\/wp-json\/wp\/v2\/pages\/26108\/revisions"}],"predecessor-version":[{"id":26110,"href":"https:\/\/www.accord-langues.com\/es\/wp-json\/wp\/v2\/pages\/26108\/revisions\/26110"}],"wp:attachment":[{"href":"https:\/\/www.accord-langues.com\/es\/wp-json\/wp\/v2\/media?parent=26108"}],"curies":[{"name":"wp","href":"https:\/\/api.w.org\/{rel}","templated":true}]}}