{"id":5798,"date":"2016-06-23T13:20:48","date_gmt":"2016-06-23T12:20:48","guid":{"rendered":"https:\/\/www.accord-langues.com\/french-language-courses-for-teens\/"},"modified":"2021-12-02T16:48:09","modified_gmt":"2021-12-02T16:48:09","slug":"franzoesischkurse-fuer-teenager","status":"publish","type":"page","link":"https:\/\/www.accord-langues.com\/de\/franzoesischkurse-fuer-teenager\/","title":{"rendered":"Franz\u00f6sischkurse f\u00fcr Teenager"},"content":{"rendered":"<div class=\"wpb-content-wrapper\"><p>[vc_row full_width=&#8220;stretch_row&#8220; content_placement=&#8220;middle&#8220; css=&#8220;.vc_custom_1539768399306{background-image: url(https:\/\/www.accord-langues.com\/wp-content\/uploads\/2018\/10\/ACCORD-Junior-programs.jpg?id=2382) !important;background-position: center !important;background-repeat: no-repeat !important;background-size: cover !important;}&#8220; el_class=&#8220;header-image&#8220;][vc_column width=&#8220;2\/3&#8243; offset=&#8220;vc_col-sm-offset-2&#8243;][vc_column_text]<\/p>\n<h1>Sprachschule f\u00fcr Kinder in Frankreich<\/h1>\n<p><strong>&#8222;All inclusive&#8220;-Sommer<\/strong><strong>camp f\u00fcr Kinder und Teenager in Paris<\/strong><br \/>\n<strong>Franz\u00f6sischkurse f\u00fcr Teenager und Kinder in Frankreich, in Paris<\/strong><br \/>\n<strong>Paris genie\u00dfen und bei ACCORD einen Franz\u00f6sischkurs f\u00fcr die Familie buchen<\/strong><br \/>\n<strong>Sommer-Franz\u00f6sischkurse f\u00fcr Kinder und Teenager in Paris<\/strong>[\/vc_column_text][vc_btn title=&#8220;W\u00e4hlen Sie Ihren Kurs&#8220; shape=&#8220;square&#8220; color=&#8220;orange&#8220; align=&#8220;center&#8220; link=&#8220;url:%23junior-courses|||&#8220;][\/vc_column][\/vc_row][vc_row][vc_column][vc_column_text]<\/p>\n<h2 style=\"text-align: center; margin-bottom: 0px;\"><span style=\"color: #ff6600;\">Franz\u00f6sischkurse f\u00fcr Teenager, Kinder und Familien<br \/>\nSprachschule f\u00fcr Kinder in Frankreich<br \/>\n<\/span><\/h2>\n<p>[\/vc_column_text][vc_row_inner el_id=&#8220;junior-courses&#8220;][vc_column_inner width=&#8220;1\/2&#8243; offset=&#8220;vc_col-lg-offset-1 vc_col-lg-5 vc_col-md-offset-1 vc_col-md-5&#8243;][vc_column_text]<\/p>\n<ul class=\"ticks\">\n<li><a href=\"https:\/\/www.accord-langues.com\/de\/jugendkurs\/all-inclusive-sommercamp-fuer-teenager-in-frankreich\/\" target=\"_blank\" rel=\"noopener noreferrer\">\u2018All inclusive\u2019-Sommerprogramm f\u00fcr 12- bis 17-j\u00e4hrige Teenager<\/a><\/li>\n<li><a href=\"https:\/\/www.accord-langues.com\/de\/jugendkurs\/tagesstudentenprogramm-fuer-kinder-in-frankreich\/\" target=\"_blank\" rel=\"noopener noreferrer\">Tagesstudentenprogramme f\u00fcr Teenager und Kinder<\/a><\/li>\n<li><a href=\"https:\/\/www.accord-langues.com\/de\/sommerprogramme-fuer-gruppen-in-paris\/\" target=\"_blank\" rel=\"noopener noreferrer\">Sommerprogramme f\u00fcr Juniorengruppen<\/a><\/li>\n<\/ul>\n<p>[\/vc_column_text][\/vc_column_inner][vc_column_inner width=&#8220;1\/2&#8243; offset=&#8220;vc_col-lg-5 vc_col-md-5&#8243;][vc_column_text]<\/p>\n<ul class=\"ticks\">\n<li><a href=\"https:\/\/www.accord-langues.com\/de\/jugendkurs\/sommer-franzoesischkurs-fuer-teenager-und-kinder\/\" target=\"_blank\" rel=\"noopener noreferrer\">Sommer-Franz\u00f6sischkurse f\u00fcr Junioren, Kinder und Kids<\/a><\/li>\n<li><a href=\"https:\/\/www.accord-langues.com\/de\/jugendkurs\/sommer-franzoesischkurse-fuer-die-familie\/\" target=\"_blank\" rel=\"noopener noreferrer\">Sommer-Franz\u00f6sischkurse f\u00fcr die Familie<\/a><\/li>\n<\/ul>\n<p>[\/vc_column_text][\/vc_column_inner][\/vc_row_inner][\/vc_column][\/vc_row][vc_row full_width=&#8220;stretch_row&#8220; css=&#8220;.vc_custom_1488377935835{padding-top: 20px !important;padding-bottom: 40px !important;background-color: #f0f0f0 !important;}&#8220;][vc_column][vc_column_text css=&#8220;.vc_custom_1638463401021{margin-bottom: 40px !important;}&#8220;]<\/p>\n<h3 id=\"intensive\" style=\"text-align: center;\">Sommer-Franz\u00f6sischkurse f\u00fcr Teenager, Kinder und Familien<br \/>\nSprachschule f\u00fcr Kinder in Frankreich<\/h3>\n<p>[\/vc_column_text][vc_row_inner][vc_column_inner offset=&#8220;vc_col-lg-offset-2 vc_col-lg-8 vc_col-md-offset-2 vc_col-md-8 vc_col-xs-12&#8243;]\n<div class=\"RFPostsGrid Course__list \">\n    <div class=\"RFPostsGrid__sizer col-lg-6 col-md-6 col-sm-6 col-xs-12\"><\/div>\n                    <div class=\"RFPostsGrid__item match-height col-lg-6 col-md-6 col-sm-6 col-xs-12\">\n            <div class=\"RFPostsGrid__inner\">\n\n            \t<div class=\"Course__item\">\n            \t\t<div class=\"Course__header\">\n\t\t\t\t\t\t<div class=\"h2-like\">Franz\u00f6sisches Sommercamp in Frankreich<\/div>\n            \t\t<\/div>\n\n            \t\t<div class=\"Course__details\">\n            \t\t\t<div class=\"row\">\n            \t\t\t\t<div class=\"Course__lessons col-xs-4\">\n            \t\t\t\t\t<img decoding=\"async\" src=\"https:\/\/www.accord-langues.com\/wp-content\/uploads\/2016\/10\/lessons-icon.gif\">\n            \t\t\t\t\t<br>\n            \t\t\t\t\t20  Unterricht            \t\t\t\t<\/div>\n            \t\t\t\t<div class=\"Course__hours col-xs-4\">\n            \t\t\t\t\t<img decoding=\"async\" src=\"https:\/\/www.accord-langues.com\/wp-content\/uploads\/2016\/10\/hours-icon.gif\">\n            \t\t\t\t\t<br>\n            \t\t\t\t\t15  Stunden            \t\t\t\t<\/div>\n            \t\t\t\t<div class=\"Course__size col-xs-4\">\n            \t\t\t\t\t<img decoding=\"async\" src=\"https:\/\/www.accord-langues.com\/wp-content\/uploads\/2016\/10\/students-icon.gif\">\n            \t\t\t\t\t<br>\n            \t\t\t\t\t max. 15            \t\t\t\t<\/div>\n            \t\t\t<\/div>\n            \t\t<\/div>\n\n            \t\t<div class=\"Course__description\">\n            \t\t\t<p>Das ACCORD All-inclusive-Sommercamp f\u00fcr Teenager in Frankreich hei\u00dft Kinder (im Alter von 12 bis 17 Jahren) an seiner Sommerschule in Paris willkommen: Franz\u00f6sischkurs, Ausfl\u00fcge, Aktivit\u00e4ten&#8230;<\/p>\n\t            \t\t<div class=\"Course_from\">\n\t            \t\t\t ab \u20ac\t            \t\t<\/div>\n            \t\t<\/div>\n\n            \t\t<div class=\"Course__footer\">\n            \t\t\t<a class=\"btn btn-primary\" href=\"https:\/\/www.accord-langues.com\/de\/all-inclusive-buchung\/\"> Jetzt buchen<\/a>\n            \t\t\t<a class=\"btn btn-default pull-right\" href=\"https:\/\/www.accord-langues.com\/de\/jugendkurs\/franzoesisches-sommercamp-in-frankreich\/\"> Informationen<\/a> \n            \t\t<\/div>\n            \t<\/div>\n\n            <\/div>\n        <\/div>\n                    <div class=\"RFPostsGrid__item match-height col-lg-6 col-md-6 col-sm-6 col-xs-12\">\n            <div class=\"RFPostsGrid__inner\">\n\n            \t<div class=\"Course__item\">\n            \t\t<div class=\"Course__header\">\n\t\t\t\t\t\t<div class=\"h2-like\">Tagesstudentenprogramm in Frankreich<\/div>\n            \t\t<\/div>\n\n            \t\t<div class=\"Course__details\">\n            \t\t\t<div class=\"row\">\n            \t\t\t\t<div class=\"Course__lessons col-xs-4\">\n            \t\t\t\t\t<img decoding=\"async\" src=\"https:\/\/www.accord-langues.com\/wp-content\/uploads\/2016\/10\/lessons-icon.gif\">\n            \t\t\t\t\t<br>\n            \t\t\t\t\t20  Unterricht            \t\t\t\t<\/div>\n            \t\t\t\t<div class=\"Course__hours col-xs-4\">\n            \t\t\t\t\t<img decoding=\"async\" src=\"https:\/\/www.accord-langues.com\/wp-content\/uploads\/2016\/10\/hours-icon.gif\">\n            \t\t\t\t\t<br>\n            \t\t\t\t\t15  Stunden            \t\t\t\t<\/div>\n            \t\t\t\t<div class=\"Course__size col-xs-4\">\n            \t\t\t\t\t<img decoding=\"async\" src=\"https:\/\/www.accord-langues.com\/wp-content\/uploads\/2016\/10\/students-icon.gif\">\n            \t\t\t\t\t<br>\n            \t\t\t\t\t max. 15            \t\t\t\t<\/div>\n            \t\t\t<\/div>\n            \t\t<\/div>\n\n            \t\t<div class=\"Course__description\">\n            \t\t\t<p>Dieses Programm ist f\u00fcr Kinder ab 6 Jahre. Das Programm ist genau wie das All-inclusive-Programm, nur ohne Unterkunft auf dem Campus. Dieses Programm kann auch f\u00fcr die Eltern gebucht werden.<\/p>\n\t            \t\t<div class=\"Course_from\">\n\t            \t\t\t ab \u20ac\t            \t\t<\/div>\n            \t\t<\/div>\n\n            \t\t<div class=\"Course__footer\">\n            \t\t\t<a class=\"btn btn-primary\" href=\"https:\/\/www.accord-langues.com\/de\/booking-page-notice-download-pdf\/\"> Jetzt buchen<\/a>\n            \t\t\t<a class=\"btn btn-default pull-right\" href=\"https:\/\/www.accord-langues.com\/de\/jugendkurs\/tagesstudentenprogramm-fuer-kinder-in-frankreich\/\"> Informationen<\/a> \n            \t\t<\/div>\n            \t<\/div>\n\n            <\/div>\n        <\/div>\n                    <div class=\"RFPostsGrid__item match-height col-lg-6 col-md-6 col-sm-6 col-xs-12\">\n            <div class=\"RFPostsGrid__inner\">\n\n            \t<div class=\"Course__item\">\n            \t\t<div class=\"Course__header\">\n\t\t\t\t\t\t<div class=\"h2-like\">Franz\u00f6sisch Sommerkurse f\u00fcr die Familie<\/div>\n            \t\t<\/div>\n\n            \t\t<div class=\"Course__details\">\n            \t\t\t<div class=\"row\">\n            \t\t\t\t<div class=\"Course__lessons col-xs-4\">\n            \t\t\t\t\t<img decoding=\"async\" src=\"https:\/\/www.accord-langues.com\/wp-content\/uploads\/2016\/10\/lessons-icon.gif\">\n            \t\t\t\t\t<br>\n            \t\t\t\t\t20  Unterricht            \t\t\t\t<\/div>\n            \t\t\t\t<div class=\"Course__hours col-xs-4\">\n            \t\t\t\t\t<img decoding=\"async\" src=\"https:\/\/www.accord-langues.com\/wp-content\/uploads\/2016\/10\/hours-icon.gif\">\n            \t\t\t\t\t<br>\n            \t\t\t\t\t15  Stunden            \t\t\t\t<\/div>\n            \t\t\t\t<div class=\"Course__size col-xs-4\">\n            \t\t\t\t\t<img decoding=\"async\" src=\"https:\/\/www.accord-langues.com\/wp-content\/uploads\/2016\/10\/students-icon.gif\">\n            \t\t\t\t\t<br>\n            \t\t\t\t\t max. 15            \t\t\t\t<\/div>\n            \t\t\t<\/div>\n            \t\t<\/div>\n\n            \t\t<div class=\"Course__description\">\n            \t\t\t<p>Eltern k\u00f6nnen sich f\u00fcr einen Semi-Intensivkurs oder Intensivkurs mit dem gleichen Stundenplan wie ihre Kinder anmelden. Es besteht die M\u00f6glichkeit, am \u2018Tagesstudentenprogramm\u2019 teilzunehmen.<\/p>\n\t            \t\t<div class=\"Course_from\">\n\t            \t\t\t ab \u20ac0,00\t            \t\t<\/div>\n            \t\t<\/div>\n\n            \t\t<div class=\"Course__footer\">\n            \t\t\t<a class=\"btn btn-primary\" href=\"https:\/\/www.accord-langues.com\/de\/booking-page-notice-download-pdf\/\"> Jetzt buchen<\/a>\n            \t\t\t<a class=\"btn btn-default pull-right\" href=\"https:\/\/www.accord-langues.com\/de\/jugendkurs\/franzoesisch-sommerkurse-fuer-die-familie\/\"> Informationen<\/a> \n            \t\t<\/div>\n            \t<\/div>\n\n            <\/div>\n        <\/div>\n                    <div class=\"RFPostsGrid__item match-height col-lg-6 col-md-6 col-sm-6 col-xs-12\">\n            <div class=\"RFPostsGrid__inner\">\n\n            \t<div class=\"Course__item\">\n            \t\t<div class=\"Course__header\">\n\t\t\t\t\t\t<div class=\"h2-like\">Sommer-Franz\u00f6sischkurs f\u00fcr Teenager und Kinder<\/div>\n            \t\t<\/div>\n\n            \t\t<div class=\"Course__details\">\n            \t\t\t<div class=\"row\">\n            \t\t\t\t<div class=\"Course__lessons col-xs-4\">\n            \t\t\t\t\t<img decoding=\"async\" src=\"https:\/\/www.accord-langues.com\/wp-content\/uploads\/2016\/10\/lessons-icon.gif\">\n            \t\t\t\t\t<br>\n            \t\t\t\t\t20  Unterricht            \t\t\t\t<\/div>\n            \t\t\t\t<div class=\"Course__hours col-xs-4\">\n            \t\t\t\t\t<img decoding=\"async\" src=\"https:\/\/www.accord-langues.com\/wp-content\/uploads\/2016\/10\/hours-icon.gif\">\n            \t\t\t\t\t<br>\n            \t\t\t\t\t15  Stunden            \t\t\t\t<\/div>\n            \t\t\t\t<div class=\"Course__size col-xs-4\">\n            \t\t\t\t\t<img decoding=\"async\" src=\"https:\/\/www.accord-langues.com\/wp-content\/uploads\/2016\/10\/students-icon.gif\">\n            \t\t\t\t\t<br>\n            \t\t\t\t\t max. 15            \t\t\t\t<\/div>\n            \t\t\t<\/div>\n            \t\t<\/div>\n\n            \t\t<div class=\"Course__description\">\n            \t\t\t<p>Suchen Sie einen Sommer-Franz\u00f6sischkurs f\u00fcr Teenager und Kinder in Frankreich? ACCORD Paris hei\u00dft Teenager und Kinder im Sommer seit 1988 willkommen.<\/p>\n\t            \t\t<div class=\"Course_from\">\n\t            \t\t\t ab \u20ac\t            \t\t<\/div>\n            \t\t<\/div>\n\n            \t\t<div class=\"Course__footer\">\n            \t\t\t<a class=\"btn btn-primary\" href=\"https:\/\/www.accord-langues.com\/de\/junior-buchung\/\"> Jetzt buchen<\/a>\n            \t\t\t<a class=\"btn btn-default pull-right\" href=\"https:\/\/www.accord-langues.com\/de\/jugendkurs\/sommer-franzoesischkurs-fuer-teenager-und-kinder\/\"> Informationen<\/a> \n            \t\t<\/div>\n            \t<\/div>\n\n            <\/div>\n        <\/div>\n    <\/div>\n[\/vc_column_inner][\/vc_row_inner][\/vc_column][\/vc_row][vc_row full_width=&#8220;stretch_row&#8220; css=&#8220;.vc_custom_1471605768894{padding-top: 20px !important;background-color: #f0f0f0 !important;}&#8220; el_id=&#8220;homepage-boxes&#8220;][vc_column][vc_row_inner][vc_column_inner width=&#8220;1\/3&#8243;]<div class=\"RFIbox green a-man\">\n\t<div class=\"RFIbox__media\">\n        <a href=\"https:\/\/www.accord-langues.com\/de\/franzoesischkurse-fuer-erwachsene-in-paris\/\" title=\"\" target=\"_blank\"><img decoding=\"async\" width=\"500\" height=\"333\" src=\"https:\/\/www.accord-langues.com\/wp-content\/uploads\/2016\/06\/box-adults.jpg\" class=\"img-responsive\" alt=\"\" srcset=\"https:\/\/www.accord-langues.com\/wp-content\/uploads\/2016\/06\/box-adults.jpg 500w, https:\/\/www.accord-langues.com\/wp-content\/uploads\/2016\/06\/box-adults-300x200.jpg 300w\" sizes=\"(max-width: 500px) 100vw, 500px\" title=\"box-adults\" \/><\/a>        \t<\/div>\n\n        <div class=\"RFIBox__title\">\n        <a href=\"https:\/\/www.accord-langues.com\/de\/franzoesischkurse-fuer-erwachsene-in-paris\/\" title=\"\" target=\"_blank\">Franz\u00f6sischkurse f\u00fcr Erwachsene<\/a>    <\/div>\n    \n    <\/div>[\/vc_column_inner][vc_column_inner width=&#8220;1\/3&#8243;]<div class=\"RFIbox navy psg\">\n\t<div class=\"RFIbox__media\">\n        <a href=\"https:\/\/www.accord-langues.com\/de\/franzoesischkurse-fuer-teenager\/\" title=\"\" target=\"_blank\"><img decoding=\"async\" width=\"500\" height=\"333\" src=\"https:\/\/www.accord-langues.com\/wp-content\/uploads\/2016\/06\/box-juniors.jpg\" class=\"img-responsive\" alt=\"\" srcset=\"https:\/\/www.accord-langues.com\/wp-content\/uploads\/2016\/06\/box-juniors.jpg 500w, https:\/\/www.accord-langues.com\/wp-content\/uploads\/2016\/06\/box-juniors-300x200.jpg 300w\" sizes=\"(max-width: 500px) 100vw, 500px\" title=\"box-juniors\" \/><\/a>        \t<\/div>\n\n        <div class=\"RFIBox__title\">\n        <a href=\"https:\/\/www.accord-langues.com\/de\/franzoesischkurse-fuer-teenager\/\" title=\"\" target=\"_blank\">Franz\u00f6sischkurse f\u00fcr Junioren<\/a>    <\/div>\n    \n    <\/div>[\/vc_column_inner][vc_column_inner width=&#8220;1\/3&#8243;]<div class=\"RFIbox pink\">\n\t<div class=\"RFIbox__media\">\n        <a href=\"https:\/\/examensparis.fr\/\" title=\"\" target=\"_blank\"><img decoding=\"async\" width=\"500\" height=\"333\" src=\"https:\/\/www.accord-langues.com\/wp-content\/uploads\/2016\/06\/box-exams.jpg\" class=\"img-responsive\" alt=\"\" srcset=\"https:\/\/www.accord-langues.com\/wp-content\/uploads\/2016\/06\/box-exams.jpg 500w, https:\/\/www.accord-langues.com\/wp-content\/uploads\/2016\/06\/box-exams-300x200.jpg 300w\" sizes=\"(max-width: 500px) 100vw, 500px\" title=\"box-exams\" \/><\/a>        \t<\/div>\n\n        <div class=\"RFIBox__title\">\n        <a href=\"https:\/\/examensparis.fr\/\" title=\"\" target=\"_blank\">Pr\u00fcfungen - Diplom<\/a>    <\/div>\n    \n    <\/div>[\/vc_column_inner][\/vc_row_inner][\/vc_column][\/vc_row]<\/p>\n<\/div>","protected":false},"excerpt":{"rendered":"<p>[vc_row full_width=&#8220;stretch_row&#8220; content_placement=&#8220;middle&#8220; css=&#8220;.vc_custom_1539768399306{background-image: url(https:\/\/www.accord-langues.com\/wp-content\/uploads\/2018\/10\/ACCORD-Junior-programs.jpg?id=2382) !important;background-position: center !important;background-repeat: no-repeat !important;background-size: cover !important;}&#8220; el_class=&#8220;header-image&#8220;][vc_column width=&#8220;2\/3&#8243; offset=&#8220;vc_col-sm-offset-2&#8243;][vc_column_text] Sprachschule f\u00fcr Kinder in Frankreich &#8222;All inclusive&#8220;-Sommercamp f\u00fcr Kinder und Teenager in Paris Franz\u00f6sischkurse f\u00fcr Teenager und Kinder in Frankreich, in Paris Paris genie\u00dfen und bei ACCORD einen Franz\u00f6sischkurs f\u00fcr die Familie buchen Sommer-Franz\u00f6sischkurse f\u00fcr Kinder und Teenager in Paris[\/vc_column_text][vc_btn [&hellip;]<\/p>\n","protected":false},"author":10,"featured_media":0,"parent":0,"menu_order":0,"comment_status":"closed","ping_status":"closed","template":"","meta":{"_acf_changed":false,"footnotes":""},"class_list":["post-5798","page","type-page","status-publish","hentry"],"acf":[],"yoast_head":"<!-- This site is optimized with the Yoast SEO Premium plugin v27.5 (Yoast SEO v27.5) - https:\/\/yoast.com\/product\/yoast-seo-premium-wordpress\/ -->\n<title>Sprachschule f\u00fcr Kinder in Frankreich - Accord Paris<\/title>\n<meta name=\"description\" content=\"Melden Sie sich in einer Sprachschule f\u00fcr Kinder in Frankreich an. Qualit\u00e4tskurse und Franz\u00f6sischkurse f\u00fcr Teenager. Anerkannte FLE Schule.\" \/>\n<meta name=\"robots\" content=\"index, follow, max-snippet:-1, max-image-preview:large, max-video-preview:-1\" \/>\n<link rel=\"canonical\" href=\"https:\/\/www.accord-langues.com\/de\/franzoesischkurse-fuer-teenager\/\" \/>\n<meta property=\"og:locale\" content=\"de_DE\" \/>\n<meta property=\"og:type\" content=\"article\" \/>\n<meta property=\"og:title\" content=\"Franz\u00f6sischkurse f\u00fcr Teenager\" \/>\n<meta property=\"og:description\" content=\"Melden Sie sich in einer Sprachschule f\u00fcr Kinder in Frankreich an. Qualit\u00e4tskurse und Franz\u00f6sischkurse f\u00fcr Teenager. Anerkannte FLE Schule.\" \/>\n<meta property=\"og:url\" content=\"https:\/\/www.accord-langues.com\/de\/franzoesischkurse-fuer-teenager\/\" \/>\n<meta property=\"og:site_name\" content=\"Accord Paris\" \/>\n<meta property=\"article:publisher\" content=\"https:\/\/www.facebook.com\/accordecoledelangues\" \/>\n<meta property=\"article:modified_time\" content=\"2021-12-02T16:48:09+00:00\" \/>\n<meta property=\"og:image\" content=\"https:\/\/www.accord-langues.com\/wp-content\/uploads\/2024\/02\/ACCORD-French-Language-School-in-Paris-low-res.jpg\" \/>\n\t<meta property=\"og:image:width\" content=\"1200\" \/>\n\t<meta property=\"og:image:height\" content=\"867\" \/>\n\t<meta property=\"og:image:type\" content=\"image\/jpeg\" \/>\n<meta name=\"twitter:card\" content=\"summary_large_image\" \/>\n<meta name=\"twitter:label1\" content=\"Gesch\u00e4tzte Lesezeit\" \/>\n\t<meta name=\"twitter:data1\" content=\"1\u00a0Minute\" \/>\n<script type=\"application\/ld+json\" class=\"yoast-schema-graph\">{\"@context\":\"https:\\\/\\\/schema.org\",\"@graph\":[{\"@type\":\"WebPage\",\"@id\":\"https:\\\/\\\/www.accord-langues.com\\\/de\\\/franzoesischkurse-fuer-teenager\\\/\",\"url\":\"https:\\\/\\\/www.accord-langues.com\\\/de\\\/franzoesischkurse-fuer-teenager\\\/\",\"name\":\"Sprachschule f\u00fcr Kinder in Frankreich - Accord Paris\",\"isPartOf\":{\"@id\":\"https:\\\/\\\/www.accord-langues.com\\\/de\\\/#website\"},\"datePublished\":\"2016-06-23T12:20:48+00:00\",\"dateModified\":\"2021-12-02T16:48:09+00:00\",\"description\":\"Melden Sie sich in einer Sprachschule f\u00fcr Kinder in Frankreich an. Qualit\u00e4tskurse und Franz\u00f6sischkurse f\u00fcr Teenager. Anerkannte FLE Schule.\",\"inLanguage\":\"de\",\"potentialAction\":[{\"@type\":\"ReadAction\",\"target\":[\"https:\\\/\\\/www.accord-langues.com\\\/de\\\/franzoesischkurse-fuer-teenager\\\/\"]}]},{\"@type\":\"WebSite\",\"@id\":\"https:\\\/\\\/www.accord-langues.com\\\/de\\\/#website\",\"url\":\"https:\\\/\\\/www.accord-langues.com\\\/de\\\/\",\"name\":\"Accord Paris\",\"description\":\"Learn French in France\",\"publisher\":{\"@id\":\"https:\\\/\\\/www.accord-langues.com\\\/de\\\/#organization\"},\"potentialAction\":[{\"@type\":\"SearchAction\",\"target\":{\"@type\":\"EntryPoint\",\"urlTemplate\":\"https:\\\/\\\/www.accord-langues.com\\\/de\\\/?s={search_term_string}\"},\"query-input\":{\"@type\":\"PropertyValueSpecification\",\"valueRequired\":true,\"valueName\":\"search_term_string\"}}],\"inLanguage\":\"de\"},{\"@type\":\"Organization\",\"@id\":\"https:\\\/\\\/www.accord-langues.com\\\/de\\\/#organization\",\"name\":\"ACCORD Tour Eiffel\",\"alternateName\":\"Learn French in Paris\",\"url\":\"https:\\\/\\\/www.accord-langues.com\\\/de\\\/\",\"logo\":{\"@type\":\"ImageObject\",\"inLanguage\":\"de\",\"@id\":\"https:\\\/\\\/www.accord-langues.com\\\/de\\\/#\\\/schema\\\/logo\\\/image\\\/\",\"url\":\"https:\\\/\\\/www.accord-langues.com\\\/wp-content\\\/uploads\\\/2016\\\/06\\\/Logo.png\",\"contentUrl\":\"https:\\\/\\\/www.accord-langues.com\\\/wp-content\\\/uploads\\\/2016\\\/06\\\/Logo.png\",\"width\":290,\"height\":70,\"caption\":\"ACCORD Tour Eiffel\"},\"image\":{\"@id\":\"https:\\\/\\\/www.accord-langues.com\\\/de\\\/#\\\/schema\\\/logo\\\/image\\\/\"},\"sameAs\":[\"https:\\\/\\\/www.facebook.com\\\/accordecoledelangues\",\"https:\\\/\\\/www.linkedin.com\\\/groups\\\/4542133\\\/\"],\"description\":\"ACCORD French Language School is one of the leading schools in France for teaching French to foreign students and offering high quality French language courses in Paris. The ACCORD language school is located in the heart of Paris, nearby the Eiffel Tower. The ACCORD school is open all year round and welcomes students from all over the world from the age of 16 in its French language courses. ACCORD school is accredited by the official \u201cQualit\u00e9 FLE\u201d label and is member of CAMPUS FRANCE, SOUFFLE and Atout France. ACCORD is official exam center for the TCF IRN, TCF TP, TCF Qu\u00e9bec and TCF Canada.\",\"email\":\"info@accord-langues.com\",\"telephone\":\"+33155335233\",\"legalName\":\"FORUM ACCORD\",\"foundingDate\":\"1990-02-23\",\"numberOfEmployees\":{\"@type\":\"QuantitativeValue\",\"minValue\":\"11\",\"maxValue\":\"50\"}}]}<\/script>\n<!-- \/ Yoast SEO Premium plugin. -->","yoast_head_json":{"title":"Sprachschule f\u00fcr Kinder in Frankreich - Accord Paris","description":"Melden Sie sich in einer Sprachschule f\u00fcr Kinder in Frankreich an. Qualit\u00e4tskurse und Franz\u00f6sischkurse f\u00fcr Teenager. Anerkannte FLE Schule.","robots":{"index":"index","follow":"follow","max-snippet":"max-snippet:-1","max-image-preview":"max-image-preview:large","max-video-preview":"max-video-preview:-1"},"canonical":"https:\/\/www.accord-langues.com\/de\/franzoesischkurse-fuer-teenager\/","og_locale":"de_DE","og_type":"article","og_title":"Franz\u00f6sischkurse f\u00fcr Teenager","og_description":"Melden Sie sich in einer Sprachschule f\u00fcr Kinder in Frankreich an. Qualit\u00e4tskurse und Franz\u00f6sischkurse f\u00fcr Teenager. Anerkannte FLE Schule.","og_url":"https:\/\/www.accord-langues.com\/de\/franzoesischkurse-fuer-teenager\/","og_site_name":"Accord Paris","article_publisher":"https:\/\/www.facebook.com\/accordecoledelangues","article_modified_time":"2021-12-02T16:48:09+00:00","og_image":[{"width":1200,"height":867,"url":"https:\/\/www.accord-langues.com\/wp-content\/uploads\/2024\/02\/ACCORD-French-Language-School-in-Paris-low-res.jpg","type":"image\/jpeg"}],"twitter_card":"summary_large_image","twitter_misc":{"Gesch\u00e4tzte Lesezeit":"1\u00a0Minute"},"schema":{"@context":"https:\/\/schema.org","@graph":[{"@type":"WebPage","@id":"https:\/\/www.accord-langues.com\/de\/franzoesischkurse-fuer-teenager\/","url":"https:\/\/www.accord-langues.com\/de\/franzoesischkurse-fuer-teenager\/","name":"Sprachschule f\u00fcr Kinder in Frankreich - Accord Paris","isPartOf":{"@id":"https:\/\/www.accord-langues.com\/de\/#website"},"datePublished":"2016-06-23T12:20:48+00:00","dateModified":"2021-12-02T16:48:09+00:00","description":"Melden Sie sich in einer Sprachschule f\u00fcr Kinder in Frankreich an. Qualit\u00e4tskurse und Franz\u00f6sischkurse f\u00fcr Teenager. Anerkannte FLE Schule.","inLanguage":"de","potentialAction":[{"@type":"ReadAction","target":["https:\/\/www.accord-langues.com\/de\/franzoesischkurse-fuer-teenager\/"]}]},{"@type":"WebSite","@id":"https:\/\/www.accord-langues.com\/de\/#website","url":"https:\/\/www.accord-langues.com\/de\/","name":"Accord Paris","description":"Learn French in France","publisher":{"@id":"https:\/\/www.accord-langues.com\/de\/#organization"},"potentialAction":[{"@type":"SearchAction","target":{"@type":"EntryPoint","urlTemplate":"https:\/\/www.accord-langues.com\/de\/?s={search_term_string}"},"query-input":{"@type":"PropertyValueSpecification","valueRequired":true,"valueName":"search_term_string"}}],"inLanguage":"de"},{"@type":"Organization","@id":"https:\/\/www.accord-langues.com\/de\/#organization","name":"ACCORD Tour Eiffel","alternateName":"Learn French in Paris","url":"https:\/\/www.accord-langues.com\/de\/","logo":{"@type":"ImageObject","inLanguage":"de","@id":"https:\/\/www.accord-langues.com\/de\/#\/schema\/logo\/image\/","url":"https:\/\/www.accord-langues.com\/wp-content\/uploads\/2016\/06\/Logo.png","contentUrl":"https:\/\/www.accord-langues.com\/wp-content\/uploads\/2016\/06\/Logo.png","width":290,"height":70,"caption":"ACCORD Tour Eiffel"},"image":{"@id":"https:\/\/www.accord-langues.com\/de\/#\/schema\/logo\/image\/"},"sameAs":["https:\/\/www.facebook.com\/accordecoledelangues","https:\/\/www.linkedin.com\/groups\/4542133\/"],"description":"ACCORD French Language School is one of the leading schools in France for teaching French to foreign students and offering high quality French language courses in Paris. The ACCORD language school is located in the heart of Paris, nearby the Eiffel Tower. The ACCORD school is open all year round and welcomes students from all over the world from the age of 16 in its French language courses. ACCORD school is accredited by the official \u201cQualit\u00e9 FLE\u201d label and is member of CAMPUS FRANCE, SOUFFLE and Atout France. ACCORD is official exam center for the TCF IRN, TCF TP, TCF Qu\u00e9bec and TCF Canada.","email":"info@accord-langues.com","telephone":"+33155335233","legalName":"FORUM ACCORD","foundingDate":"1990-02-23","numberOfEmployees":{"@type":"QuantitativeValue","minValue":"11","maxValue":"50"}}]}},"_links":{"self":[{"href":"https:\/\/www.accord-langues.com\/de\/wp-json\/wp\/v2\/pages\/5798","targetHints":{"allow":["GET"]}}],"collection":[{"href":"https:\/\/www.accord-langues.com\/de\/wp-json\/wp\/v2\/pages"}],"about":[{"href":"https:\/\/www.accord-langues.com\/de\/wp-json\/wp\/v2\/types\/page"}],"author":[{"embeddable":true,"href":"https:\/\/www.accord-langues.com\/de\/wp-json\/wp\/v2\/users\/10"}],"replies":[{"embeddable":true,"href":"https:\/\/www.accord-langues.com\/de\/wp-json\/wp\/v2\/comments?post=5798"}],"version-history":[{"count":0,"href":"https:\/\/www.accord-langues.com\/de\/wp-json\/wp\/v2\/pages\/5798\/revisions"}],"wp:attachment":[{"href":"https:\/\/www.accord-langues.com\/de\/wp-json\/wp\/v2\/media?parent=5798"}],"curies":[{"name":"wp","href":"https:\/\/api.w.org\/{rel}","templated":true}]}}